{"id":5066,"date":"2015-03-27T18:30:19","date_gmt":"2015-03-27T21:30:19","guid":{"rendered":"http:\/\/acasaladillo.com.ar\/?page_id=5066"},"modified":"2024-07-30T06:38:49","modified_gmt":"2024-07-30T09:38:49","slug":"otras-fotos-que-hablan","status":"publish","type":"page","link":"https:\/\/acasaladillo.com.ar\/?page_id=5066","title":{"rendered":"Otras fotos que hablan&#8230;"},"content":{"rendered":"<h1>\u00bfEstar\u00e1 en venta?<\/h1>\n<p><a href=\"http:\/\/acasaladillo.com.ar\/wp-content\/uploads\/2015\/03\/metralladora.jpeg\"><img loading=\"lazy\" decoding=\"async\" class=\"alignnone wp-image-9001 size-medium\" src=\"http:\/\/acasaladillo.com.ar\/wp-content\/uploads\/2015\/03\/metralladora-300x225.jpeg\" alt=\"metralladora\" width=\"300\" height=\"225\" data-id=\"9001\" srcset=\"https:\/\/acasaladillo.com.ar\/wp-content\/uploads\/2015\/03\/metralladora-300x225.jpeg 300w, https:\/\/acasaladillo.com.ar\/wp-content\/uploads\/2015\/03\/metralladora-560x420.jpeg 560w, https:\/\/acasaladillo.com.ar\/wp-content\/uploads\/2015\/03\/metralladora-260x194.jpeg 260w, https:\/\/acasaladillo.com.ar\/wp-content\/uploads\/2015\/03\/metralladora-160x120.jpeg 160w, https:\/\/acasaladillo.com.ar\/wp-content\/uploads\/2015\/03\/metralladora.jpeg 900w\" sizes=\"auto, (max-width: 300px) 100vw, 300px\" \/><\/a><\/p>\n<p>Banco Naci\u00f3n esq. Av Moreno y San Martin<\/p>\n<h1>\u00bfBien estacionada? \u00bfDe qui\u00e9n ser\u00e1?<\/h1>\n<p><a href=\"http:\/\/acasaladillo.com.ar\/wp-content\/uploads\/2015\/03\/estacionamiento-1-e1439814781434.jpg\"><img loading=\"lazy\" decoding=\"async\" class=\"alignnone wp-image-8997 size-medium\" src=\"http:\/\/acasaladillo.com.ar\/wp-content\/uploads\/2015\/03\/estacionamiento-1-e1439814781434-300x225.jpg\" alt=\"estacionamiento-1-e1439814781434\" width=\"300\" height=\"225\" data-id=\"8997\" srcset=\"https:\/\/acasaladillo.com.ar\/wp-content\/uploads\/2015\/03\/estacionamiento-1-e1439814781434-300x225.jpg 300w, https:\/\/acasaladillo.com.ar\/wp-content\/uploads\/2015\/03\/estacionamiento-1-e1439814781434-560x420.jpg 560w, https:\/\/acasaladillo.com.ar\/wp-content\/uploads\/2015\/03\/estacionamiento-1-e1439814781434-260x194.jpg 260w, https:\/\/acasaladillo.com.ar\/wp-content\/uploads\/2015\/03\/estacionamiento-1-e1439814781434-160x120.jpg 160w, https:\/\/acasaladillo.com.ar\/wp-content\/uploads\/2015\/03\/estacionamiento-1-e1439814781434.jpg 900w\" sizes=\"auto, (max-width: 300px) 100vw, 300px\" \/><\/a><\/p>\n<h1>Beber con tranquilidad<\/h1>\n<p><a href=\"http:\/\/acasaladillo.com.ar\/wp-content\/uploads\/2015\/03\/Goro-agua.png\"><img loading=\"lazy\" decoding=\"async\" class=\"alignnone wp-image-9000 size-medium\" src=\"http:\/\/acasaladillo.com.ar\/wp-content\/uploads\/2015\/03\/Goro-agua-300x133.png\" alt=\"Goro-agua\" width=\"300\" height=\"133\" data-id=\"9000\" srcset=\"https:\/\/acasaladillo.com.ar\/wp-content\/uploads\/2015\/03\/Goro-agua-300x133.png 300w, https:\/\/acasaladillo.com.ar\/wp-content\/uploads\/2015\/03\/Goro-agua-560x248.png 560w, https:\/\/acasaladillo.com.ar\/wp-content\/uploads\/2015\/03\/Goro-agua-260x115.png 260w, https:\/\/acasaladillo.com.ar\/wp-content\/uploads\/2015\/03\/Goro-agua-160x71.png 160w, https:\/\/acasaladillo.com.ar\/wp-content\/uploads\/2015\/03\/Goro-agua.png 900w\" sizes=\"auto, (max-width: 300px) 100vw, 300px\" \/><\/a><\/p>\n<h1>Oportunidad<\/h1>\n<p><a href=\"http:\/\/acasaladillo.com.ar\/wp-content\/uploads\/2015\/03\/ferret.png\"><img loading=\"lazy\" decoding=\"async\" class=\"alignnone wp-image-8998 size-medium\" src=\"http:\/\/acasaladillo.com.ar\/wp-content\/uploads\/2015\/03\/ferret-300x225.png\" alt=\"ferret\" width=\"300\" height=\"225\" data-id=\"8998\" srcset=\"https:\/\/acasaladillo.com.ar\/wp-content\/uploads\/2015\/03\/ferret-300x225.png 300w, https:\/\/acasaladillo.com.ar\/wp-content\/uploads\/2015\/03\/ferret-560x420.png 560w, https:\/\/acasaladillo.com.ar\/wp-content\/uploads\/2015\/03\/ferret-260x195.png 260w, https:\/\/acasaladillo.com.ar\/wp-content\/uploads\/2015\/03\/ferret-160x120.png 160w, https:\/\/acasaladillo.com.ar\/wp-content\/uploads\/2015\/03\/ferret.png 850w\" sizes=\"auto, (max-width: 300px) 100vw, 300px\" \/><\/a><\/p>\n<p>PASE y ENTRE a ver la \u201cmercader\u00eda\u201d , Abierto de 3 a 7 hs. (NO 15 a 19hs)<\/p>\n<p>Llame antes de entrar.<\/p>\n<p>60- Tirantes de pinotea quemados<\/p>\n<p>7- Percianas en muy mal estado<\/p>\n<p>385- Ratones vivos<\/p>\n<p>Amplio Lote de Lauchas<\/p>\n<p>Lote de escombros<\/p>\n<p>Lotes varios<\/p>\n<p>Importante exposici\u00f3n de afiches pegados<\/p>\n<p>Gran plantaci\u00f3n de \u201chierba\u201d que est\u00e1 creciendo entre las hendiduras de los ladrillos<\/p>\n<p>Venta al contado y mejor postor<\/p>\n<p>Martillero a designar<\/p>\n<p>Aclaraci\u00f3n: La chapas que rodean el edificio que conserva su fachada NO est\u00e1n a la venta, corresponden al municipio de nuestra ciudad<\/p>\n<h1>Soporte II<\/h1>\n<p><a href=\"http:\/\/acasaladillo.com.ar\/wp-content\/uploads\/2015\/03\/soporte-II-e1430868839494.jpeg\"><img loading=\"lazy\" decoding=\"async\" class=\"alignnone wp-image-9005 size-medium\" src=\"http:\/\/acasaladillo.com.ar\/wp-content\/uploads\/2015\/03\/soporte-II-e1430868839494-225x300.jpeg\" alt=\"soporte-II-e1430868839494\" width=\"225\" height=\"300\" data-id=\"9005\" srcset=\"https:\/\/acasaladillo.com.ar\/wp-content\/uploads\/2015\/03\/soporte-II-e1430868839494-225x300.jpeg 225w, https:\/\/acasaladillo.com.ar\/wp-content\/uploads\/2015\/03\/soporte-II-e1430868839494-560x746.jpeg 560w, https:\/\/acasaladillo.com.ar\/wp-content\/uploads\/2015\/03\/soporte-II-e1430868839494-260x346.jpeg 260w, https:\/\/acasaladillo.com.ar\/wp-content\/uploads\/2015\/03\/soporte-II-e1430868839494-160x213.jpeg 160w, https:\/\/acasaladillo.com.ar\/wp-content\/uploads\/2015\/03\/soporte-II-e1430868839494.jpeg 600w\" sizes=\"auto, (max-width: 225px) 100vw, 225px\" \/><\/a><\/p>\n<p>Como el soporte 1 que todav\u00eda no sabemos a quien pertenece, ahora va el segundo y volvemos a preguntar, TELEFONICA , CESTEL o quien?. A la municipalidad no le interesa saber a quien pertenecen estos SOPORTES?<\/p>\n<h1>Viva la Patria!!!<\/h1>\n<p><a href=\"http:\/\/acasaladillo.com.ar\/wp-content\/uploads\/2015\/03\/pericon.png\"><img loading=\"lazy\" decoding=\"async\" class=\"alignnone wp-image-9002 size-medium\" src=\"http:\/\/acasaladillo.com.ar\/wp-content\/uploads\/2015\/03\/pericon-300x115.png\" alt=\"pericon\" width=\"300\" height=\"115\" data-id=\"9002\" srcset=\"https:\/\/acasaladillo.com.ar\/wp-content\/uploads\/2015\/03\/pericon-300x115.png 300w, https:\/\/acasaladillo.com.ar\/wp-content\/uploads\/2015\/03\/pericon-560x215.png 560w, https:\/\/acasaladillo.com.ar\/wp-content\/uploads\/2015\/03\/pericon-260x100.png 260w, https:\/\/acasaladillo.com.ar\/wp-content\/uploads\/2015\/03\/pericon-160x61.png 160w, https:\/\/acasaladillo.com.ar\/wp-content\/uploads\/2015\/03\/pericon.png 850w\" sizes=\"auto, (max-width: 300px) 100vw, 300px\" \/><\/a><\/p>\n<p>Es tan necesario?,\u00a0 por que no liberar la\u00a0 ancha\u00a0 av. San Martin, frente al palacio municipal, y ensayar\u00a0 el Peric\u00f3n Nacional en\u00a0 el parque Rep\u00fablica de Brasil, por dar un ejemplo.<\/p>\n<h1>T\u00e1 Lindo Saladillo\u2026<\/h1>\n<p><a href=\"http:\/\/acasaladillo.com.ar\/wp-content\/uploads\/2015\/03\/baldio.png\"><img loading=\"lazy\" decoding=\"async\" class=\"alignnone wp-image-8995 size-medium\" src=\"http:\/\/acasaladillo.com.ar\/wp-content\/uploads\/2015\/03\/baldio-300x109.png\" alt=\"baldio\" width=\"300\" height=\"109\" data-id=\"8995\" srcset=\"https:\/\/acasaladillo.com.ar\/wp-content\/uploads\/2015\/03\/baldio-300x109.png 300w, https:\/\/acasaladillo.com.ar\/wp-content\/uploads\/2015\/03\/baldio-560x204.png 560w, https:\/\/acasaladillo.com.ar\/wp-content\/uploads\/2015\/03\/baldio-260x95.png 260w, https:\/\/acasaladillo.com.ar\/wp-content\/uploads\/2015\/03\/baldio-160x58.png 160w, https:\/\/acasaladillo.com.ar\/wp-content\/uploads\/2015\/03\/baldio.png 821w\" sizes=\"auto, (max-width: 300px) 100vw, 300px\" \/><\/a><\/p>\n<p>A media cuadra de la Plaza Principal<\/p>\n<h1>Vale Todo<\/h1>\n<p><a href=\"http:\/\/acasaladillo.com.ar\/wp-content\/uploads\/2015\/03\/bunkers.png\"><img loading=\"lazy\" decoding=\"async\" class=\"alignnone size-medium wp-image-8996\" src=\"http:\/\/acasaladillo.com.ar\/wp-content\/uploads\/2015\/03\/bunkers-300x115.png\" alt=\"bunkers\" width=\"300\" height=\"115\" data-id=\"8996\" srcset=\"https:\/\/acasaladillo.com.ar\/wp-content\/uploads\/2015\/03\/bunkers-300x115.png 300w, https:\/\/acasaladillo.com.ar\/wp-content\/uploads\/2015\/03\/bunkers-560x216.png 560w, https:\/\/acasaladillo.com.ar\/wp-content\/uploads\/2015\/03\/bunkers-260x100.png 260w, https:\/\/acasaladillo.com.ar\/wp-content\/uploads\/2015\/03\/bunkers-160x61.png 160w, https:\/\/acasaladillo.com.ar\/wp-content\/uploads\/2015\/03\/bunkers.png 850w\" sizes=\"auto, (max-width: 300px) 100vw, 300px\" \/><\/a><\/p>\n<p>Scioli: Si Ud. quiere comprar postes de alumbrado p\u00fablico, los conseguir\u00e1, se venden? Donde?<\/p>\n<p>Pro: Si Ud. tiene un frente de color Rosa, tambi\u00e9n pintar\u00eda lo que es de telef\u00f3nica<\/p>\n<p>Massa: Si a Ud. le molesta un tronco de la planta para colocar \u201csu\u201d cartel y lo corta , le cobrar\u00e1n multa?<\/p>\n<h1>Expediente nro? con fecha\u2026.?<\/h1>\n<p><a href=\"http:\/\/acasaladillo.com.ar\/wp-content\/uploads\/2015\/03\/planta-1-e1438022639110.jpeg\"><img loading=\"lazy\" decoding=\"async\" class=\"alignnone size-medium wp-image-9003\" src=\"http:\/\/acasaladillo.com.ar\/wp-content\/uploads\/2015\/03\/planta-1-e1438022639110-300x225.jpeg\" alt=\"planta-1-e1438022639110\" width=\"300\" height=\"225\" data-id=\"9003\" srcset=\"https:\/\/acasaladillo.com.ar\/wp-content\/uploads\/2015\/03\/planta-1-e1438022639110-300x225.jpeg 300w, https:\/\/acasaladillo.com.ar\/wp-content\/uploads\/2015\/03\/planta-1-e1438022639110-560x420.jpeg 560w, https:\/\/acasaladillo.com.ar\/wp-content\/uploads\/2015\/03\/planta-1-e1438022639110-260x195.jpeg 260w, https:\/\/acasaladillo.com.ar\/wp-content\/uploads\/2015\/03\/planta-1-e1438022639110-160x120.jpeg 160w, https:\/\/acasaladillo.com.ar\/wp-content\/uploads\/2015\/03\/planta-1-e1438022639110.jpeg 800w\" sizes=\"auto, (max-width: 300px) 100vw, 300px\" \/><\/a><\/p>\n<p>Se ve perfecto todo el frente<\/p>\n<p><a href=\"http:\/\/acasaladillo.com.ar\/wp-content\/uploads\/2015\/03\/planta-e1438022703544.jpeg\"><img loading=\"lazy\" decoding=\"async\" class=\"alignnone size-medium wp-image-9004\" src=\"http:\/\/acasaladillo.com.ar\/wp-content\/uploads\/2015\/03\/planta-e1438022703544-300x225.jpeg\" alt=\"planta-e1438022703544\" width=\"300\" height=\"225\" data-id=\"9004\" srcset=\"https:\/\/acasaladillo.com.ar\/wp-content\/uploads\/2015\/03\/planta-e1438022703544-300x225.jpeg 300w, https:\/\/acasaladillo.com.ar\/wp-content\/uploads\/2015\/03\/planta-e1438022703544-560x420.jpeg 560w, https:\/\/acasaladillo.com.ar\/wp-content\/uploads\/2015\/03\/planta-e1438022703544-260x195.jpeg 260w, https:\/\/acasaladillo.com.ar\/wp-content\/uploads\/2015\/03\/planta-e1438022703544-160x120.jpeg 160w, https:\/\/acasaladillo.com.ar\/wp-content\/uploads\/2015\/03\/planta-e1438022703544.jpeg 800w\" sizes=\"auto, (max-width: 300px) 100vw, 300px\" \/><\/a><\/p>\n<p>Era muy grande ? Cuantos metros debe haber entre planta planta para extraerla?<\/p>\n<h1>OIA!!! Garage<\/h1>\n<p><a href=\"http:\/\/acasaladillo.com.ar\/wp-content\/uploads\/2015\/03\/Garage.png\"><img loading=\"lazy\" decoding=\"async\" class=\"alignnone size-medium wp-image-8999\" src=\"http:\/\/acasaladillo.com.ar\/wp-content\/uploads\/2015\/03\/Garage-300x258.png\" alt=\"Garage\" width=\"300\" height=\"258\" data-id=\"8999\" srcset=\"https:\/\/acasaladillo.com.ar\/wp-content\/uploads\/2015\/03\/Garage-300x258.png 300w, https:\/\/acasaladillo.com.ar\/wp-content\/uploads\/2015\/03\/Garage-560x482.png 560w, https:\/\/acasaladillo.com.ar\/wp-content\/uploads\/2015\/03\/Garage-260x223.png 260w, https:\/\/acasaladillo.com.ar\/wp-content\/uploads\/2015\/03\/Garage-160x137.png 160w, https:\/\/acasaladillo.com.ar\/wp-content\/uploads\/2015\/03\/Garage.png 900w\" sizes=\"auto, (max-width: 300px) 100vw, 300px\" \/><\/a><\/p>\n<h1>Y si se cae?<\/h1>\n<p><a href=\"http:\/\/acasaladillo.com.ar\/wp-content\/uploads\/2015\/03\/trozo-de-tronco1.jpg\"><img loading=\"lazy\" decoding=\"async\" class=\"alignnone size-medium wp-image-8024\" src=\"http:\/\/acasaladillo.com.ar\/wp-content\/uploads\/2015\/03\/trozo-de-tronco1-300x225.jpg\" alt=\"DIGITAL CAMERA\" width=\"300\" height=\"225\" data-id=\"8024\" srcset=\"https:\/\/acasaladillo.com.ar\/wp-content\/uploads\/2015\/03\/trozo-de-tronco1-300x225.jpg 300w, https:\/\/acasaladillo.com.ar\/wp-content\/uploads\/2015\/03\/trozo-de-tronco1-560x420.jpg 560w, https:\/\/acasaladillo.com.ar\/wp-content\/uploads\/2015\/03\/trozo-de-tronco1-260x195.jpg 260w, https:\/\/acasaladillo.com.ar\/wp-content\/uploads\/2015\/03\/trozo-de-tronco1-160x120.jpg 160w, https:\/\/acasaladillo.com.ar\/wp-content\/uploads\/2015\/03\/trozo-de-tronco1.jpg 800w\" sizes=\"auto, (max-width: 300px) 100vw, 300px\" \/><\/a><\/p>\n<p>Si, aunque Ud. no lo crea, sacaron una planta, y dejaron ese pezado de tronco incrustado entre medio de los cables \u00bfa quien corresponde?<\/p>\n<h1>Tiene coronita?<\/h1>\n<p><a href=\"http:\/\/acasaladillo.com.ar\/wp-content\/uploads\/2015\/03\/el-puestito-1.jpg\"><img loading=\"lazy\" decoding=\"async\" class=\"alignnone size-medium wp-image-7035\" src=\"http:\/\/acasaladillo.com.ar\/wp-content\/uploads\/2015\/03\/el-puestito-1-300x184.jpg\" alt=\"DIGITAL CAMERA\" width=\"300\" height=\"184\" data-id=\"7035\" srcset=\"https:\/\/acasaladillo.com.ar\/wp-content\/uploads\/2015\/03\/el-puestito-1-300x184.jpg 300w, https:\/\/acasaladillo.com.ar\/wp-content\/uploads\/2015\/03\/el-puestito-1-560x345.jpg 560w, https:\/\/acasaladillo.com.ar\/wp-content\/uploads\/2015\/03\/el-puestito-1-260x160.jpg 260w, https:\/\/acasaladillo.com.ar\/wp-content\/uploads\/2015\/03\/el-puestito-1-160x98.jpg 160w, https:\/\/acasaladillo.com.ar\/wp-content\/uploads\/2015\/03\/el-puestito-1.jpg 800w\" sizes=\"auto, (max-width: 300px) 100vw, 300px\" \/><\/a><\/p>\n<p>\u00bfPagando un plus, \u201cel stand\u201d ser\u00e1 en la plaza principal?, y si no\u2026,al paseo de los inmigrante? \u00bfPrivilegio para algunos?<\/p>\n<h1>Tren o auto?<\/h1>\n<p><a href=\"http:\/\/acasaladillo.com.ar\/wp-content\/uploads\/2015\/03\/rodados-de-autos-cirulando.jpg\"><img loading=\"lazy\" decoding=\"async\" class=\"alignnone size-medium wp-image-6311\" src=\"http:\/\/acasaladillo.com.ar\/wp-content\/uploads\/2015\/03\/rodados-de-autos-cirulando-300x225.jpg\" alt=\"DIGITAL CAMERA\" width=\"300\" height=\"225\" data-id=\"6311\" srcset=\"https:\/\/acasaladillo.com.ar\/wp-content\/uploads\/2015\/03\/rodados-de-autos-cirulando-300x225.jpg 300w, https:\/\/acasaladillo.com.ar\/wp-content\/uploads\/2015\/03\/rodados-de-autos-cirulando-560x420.jpg 560w, https:\/\/acasaladillo.com.ar\/wp-content\/uploads\/2015\/03\/rodados-de-autos-cirulando-260x195.jpg 260w, https:\/\/acasaladillo.com.ar\/wp-content\/uploads\/2015\/03\/rodados-de-autos-cirulando-160x120.jpg 160w, https:\/\/acasaladillo.com.ar\/wp-content\/uploads\/2015\/03\/rodados-de-autos-cirulando.jpg 1600w\" sizes=\"auto, (max-width: 300px) 100vw, 300px\" \/><\/a><\/p>\n<p>Cruzar las v\u00edas o andar sobre ellas?<\/p>\n<h1>Votame<\/h1>\n<p><a href=\"http:\/\/acasaladillo.com.ar\/wp-content\/uploads\/2015\/03\/10mariano.jpg\"><img loading=\"lazy\" decoding=\"async\" class=\"alignnone size-medium wp-image-6306\" src=\"http:\/\/acasaladillo.com.ar\/wp-content\/uploads\/2015\/03\/10mariano-268x300.jpg\" alt=\"10mariano\" width=\"268\" height=\"300\" data-id=\"6306\" srcset=\"https:\/\/acasaladillo.com.ar\/wp-content\/uploads\/2015\/03\/10mariano-268x300.jpg 268w, https:\/\/acasaladillo.com.ar\/wp-content\/uploads\/2015\/03\/10mariano-260x290.jpg 260w, https:\/\/acasaladillo.com.ar\/wp-content\/uploads\/2015\/03\/10mariano-160x178.jpg 160w, https:\/\/acasaladillo.com.ar\/wp-content\/uploads\/2015\/03\/10mariano.jpg 480w\" sizes=\"auto, (max-width: 268px) 100vw, 268px\" \/><\/a><\/p>\n<h1>\u00bfQuienes nos cuidan?<\/h1>\n<p><a href=\"http:\/\/acasaladillo.com.ar\/wp-content\/uploads\/2015\/03\/quienes-nos-cuidan.jpg\"><img loading=\"lazy\" decoding=\"async\" class=\"alignnone size-medium wp-image-6308\" src=\"http:\/\/acasaladillo.com.ar\/wp-content\/uploads\/2015\/03\/quienes-nos-cuidan-225x300.jpg\" alt=\"quienes nos cuidan\" width=\"225\" height=\"300\" data-id=\"6308\" srcset=\"https:\/\/acasaladillo.com.ar\/wp-content\/uploads\/2015\/03\/quienes-nos-cuidan-225x300.jpg 225w, https:\/\/acasaladillo.com.ar\/wp-content\/uploads\/2015\/03\/quienes-nos-cuidan-260x346.jpg 260w, https:\/\/acasaladillo.com.ar\/wp-content\/uploads\/2015\/03\/quienes-nos-cuidan-160x213.jpg 160w, https:\/\/acasaladillo.com.ar\/wp-content\/uploads\/2015\/03\/quienes-nos-cuidan.jpg 480w\" sizes=\"auto, (max-width: 225px) 100vw, 225px\" \/><\/a><\/p>\n<p>Te sent\u00eds seguro con la polic\u00eda egresada de la gesti\u00f3n Scioli- no son de Saladillo, pero el traslado existe, o no son de verdad<br \/>\nLa nueva polic\u00eda de Scioli?<br \/>\nSon disfrazados?<br \/>\nNo son de Saladillo, eso creemos, pero existe el TRASLADO, unos van otros vienen.<br \/>\nLo bueno que toman Coca, ahh\u2026claro puede ser con Fernet<\/p>\n<h1>Vamos a la playa!!<\/h1>\n<p><a href=\"http:\/\/acasaladillo.com.ar\/wp-content\/uploads\/2015\/03\/Playa-de-estaciento-de-camiones-Pleno-Centro.jpg\"><img loading=\"lazy\" decoding=\"async\" class=\"alignnone size-medium wp-image-6307\" src=\"http:\/\/acasaladillo.com.ar\/wp-content\/uploads\/2015\/03\/Playa-de-estaciento-de-camiones-Pleno-Centro-300x225.jpg\" alt=\"DIGITAL CAMERA\" width=\"300\" height=\"225\" data-id=\"6307\" srcset=\"https:\/\/acasaladillo.com.ar\/wp-content\/uploads\/2015\/03\/Playa-de-estaciento-de-camiones-Pleno-Centro-300x225.jpg 300w, https:\/\/acasaladillo.com.ar\/wp-content\/uploads\/2015\/03\/Playa-de-estaciento-de-camiones-Pleno-Centro-560x420.jpg 560w, https:\/\/acasaladillo.com.ar\/wp-content\/uploads\/2015\/03\/Playa-de-estaciento-de-camiones-Pleno-Centro-260x195.jpg 260w, https:\/\/acasaladillo.com.ar\/wp-content\/uploads\/2015\/03\/Playa-de-estaciento-de-camiones-Pleno-Centro-160x120.jpg 160w, https:\/\/acasaladillo.com.ar\/wp-content\/uploads\/2015\/03\/Playa-de-estaciento-de-camiones-Pleno-Centro.jpg 640w\" sizes=\"auto, (max-width: 300px) 100vw, 300px\" \/><\/a><\/p>\n<p>Vamos a la playa!!! oh, oh, oh, oh, oh\u2026<br \/>\nEsta es una estrofa de una bonita canci\u00f3n, pero en este caso se trata de una playa de estacionamiento de camiones en pleno centro.<br \/>\nPregunta 1:<br \/>\nPueden circular camiones de carga por Sojo o Mariano Acosta<br \/>\nPrenguta 2:<br \/>\nQuien es el responsable del mantenimiento de la zona<br \/>\nPregunta 3:<br \/>\nNo es peligroso ese lugar de noche?<\/p>\n<h1>El refugio\u2026<\/h1>\n<p><a href=\"http:\/\/acasaladillo.com.ar\/wp-content\/uploads\/2015\/03\/refujio-PARA-SIRVE.jpg\"><img loading=\"lazy\" decoding=\"async\" class=\"alignnone size-medium wp-image-6309\" src=\"http:\/\/acasaladillo.com.ar\/wp-content\/uploads\/2015\/03\/refujio-PARA-SIRVE-300x225.jpg\" alt=\"DIGITAL CAMERA\" width=\"300\" height=\"225\" data-id=\"6309\" srcset=\"https:\/\/acasaladillo.com.ar\/wp-content\/uploads\/2015\/03\/refujio-PARA-SIRVE-300x225.jpg 300w, https:\/\/acasaladillo.com.ar\/wp-content\/uploads\/2015\/03\/refujio-PARA-SIRVE-560x420.jpg 560w, https:\/\/acasaladillo.com.ar\/wp-content\/uploads\/2015\/03\/refujio-PARA-SIRVE-260x195.jpg 260w, https:\/\/acasaladillo.com.ar\/wp-content\/uploads\/2015\/03\/refujio-PARA-SIRVE-160x120.jpg 160w, https:\/\/acasaladillo.com.ar\/wp-content\/uploads\/2015\/03\/refujio-PARA-SIRVE.jpg 1600w\" sizes=\"auto, (max-width: 300px) 100vw, 300px\" \/><\/a><\/p>\n<p>Ta lindo Saladillo!!! Se acuerdan?<br \/>\nEste lugar da para cualquier cosa, los carteles pegados es lo de menos, hay botellas vac\u00edas, profil\u00e1cticos, y lo menos pensado lo encontr\u00e1s ah\u00ed\u2026 y una tremenda planta sin podar que de anoche tapa la luz y act\u00faa de c\u00f3mplice. La parte trasera da a la vereda por donde uno deber\u00eda circular tranquilamente, no precisamente de noche.<\/p>\n<h1>\u201cTIMER\u201d descontrolado<\/h1>\n<p><a href=\"http:\/\/acasaladillo.com.ar\/wp-content\/uploads\/2015\/03\/timer.jpg\"><img loading=\"lazy\" decoding=\"async\" class=\"alignnone wp-image-5072 size-medium\" src=\"http:\/\/acasaladillo.com.ar\/wp-content\/uploads\/2015\/03\/timer-300x225.jpg\" alt=\"timer\" width=\"300\" height=\"225\" data-id=\"5072\" srcset=\"https:\/\/acasaladillo.com.ar\/wp-content\/uploads\/2015\/03\/timer-300x225.jpg 300w, https:\/\/acasaladillo.com.ar\/wp-content\/uploads\/2015\/03\/timer-560x420.jpg 560w, https:\/\/acasaladillo.com.ar\/wp-content\/uploads\/2015\/03\/timer-260x195.jpg 260w, https:\/\/acasaladillo.com.ar\/wp-content\/uploads\/2015\/03\/timer-160x120.jpg 160w, https:\/\/acasaladillo.com.ar\/wp-content\/uploads\/2015\/03\/timer.jpg 640w\" sizes=\"auto, (max-width: 300px) 100vw, 300px\" \/><\/a><\/p>\n<p>Han notado que desde hace tiempo que las calles de saladillo, algunas cuadras carecen de luz, es que el \u201cTIMER\u201d (Temporizador del luz) que est\u00e1 mal programado, algunas de las luces se encienden por la tarde, por ejemplo estas.<br \/>\nA quien corresponde contralar?<\/p>\n<h1><\/h1>\n<h1>\u00bfJugamos un picadito?<\/h1>\n<p><a href=\"http:\/\/acasaladillo.com.ar\/wp-content\/uploads\/2015\/03\/picadito.jpg\"><img loading=\"lazy\" decoding=\"async\" class=\"alignnone size-full wp-image-5069\" src=\"http:\/\/acasaladillo.com.ar\/wp-content\/uploads\/2015\/03\/picadito.jpg\" alt=\"picadito\" width=\"300\" height=\"225\" data-id=\"5069\" srcset=\"https:\/\/acasaladillo.com.ar\/wp-content\/uploads\/2015\/03\/picadito.jpg 300w, https:\/\/acasaladillo.com.ar\/wp-content\/uploads\/2015\/03\/picadito-260x195.jpg 260w, https:\/\/acasaladillo.com.ar\/wp-content\/uploads\/2015\/03\/picadito-160x120.jpg 160w\" sizes=\"auto, (max-width: 300px) 100vw, 300px\" \/><\/a><\/p>\n<p>Asi se encuentra el predio donado hace.., quien se acuerda cuantos a\u00f1os ya, por la municipalidad a los Clubes de Jacobo Urso y La Barrancosa.<br \/>\nJugamos \u201cel picadito\u201d, claro que habr\u00eda que cortar el pasto, sacar los caballos, correr el basural y sacar la piedra \u201cFUNTAMENTAL\u201d, especialmente para aquellos los menos habilidosos.<\/p>\n<h1><\/h1>\n<h1><\/h1>\n<h1>As\u00ed S\u00ed\u2026 As\u00ed No?<\/h1>\n<p><a href=\"http:\/\/acasaladillo.com.ar\/wp-content\/uploads\/2015\/03\/asi-si.png\"><img loading=\"lazy\" decoding=\"async\" class=\"alignnone size-medium wp-image-5067\" src=\"http:\/\/acasaladillo.com.ar\/wp-content\/uploads\/2015\/03\/asi-si-300x180.png\" alt=\"asi si\" width=\"300\" height=\"180\" data-id=\"5067\" srcset=\"https:\/\/acasaladillo.com.ar\/wp-content\/uploads\/2015\/03\/asi-si-300x180.png 300w, https:\/\/acasaladillo.com.ar\/wp-content\/uploads\/2015\/03\/asi-si-560x336.png 560w, https:\/\/acasaladillo.com.ar\/wp-content\/uploads\/2015\/03\/asi-si-260x156.png 260w, https:\/\/acasaladillo.com.ar\/wp-content\/uploads\/2015\/03\/asi-si-160x96.png 160w, https:\/\/acasaladillo.com.ar\/wp-content\/uploads\/2015\/03\/asi-si.png 800w\" sizes=\"auto, (max-width: 300px) 100vw, 300px\" \/><\/a><\/p>\n<p>Parece ser que hay una ordenanza municipal que impide pegar o amarrar carteles en los postes de alumbrado p\u00fablico, y est\u00e1 bien debe ser as\u00ed, ahora bien, nosotros lo venimos diciendo y criticando hace mucho tiempo, porque ocurren dos cosas, una, para eso existimos los medios que con publicidad \u201cdeber\u00edamos\u201d pagar nuestros gastos, y la otra , que esa pegatina de los carteles gratuitamente afean nuestra ciudad.<\/p>\n<p>Leer mas:\u00a0<a href=\"http:\/\/acasaladillo.com.ar\/?page_id=2083\">http:\/\/acasaladillo.com.ar\/?page_id=2083<\/a><\/p>\n<h1><\/h1>\n<h1><\/h1>\n<h1>Sensaci\u00f3n?<\/h1>\n<p><a href=\"http:\/\/acasaladillo.com.ar\/wp-content\/uploads\/2015\/03\/sensacion.jpg\"><img loading=\"lazy\" decoding=\"async\" class=\"alignnone size-medium wp-image-5070\" src=\"http:\/\/acasaladillo.com.ar\/wp-content\/uploads\/2015\/03\/sensacion-300x225.jpg\" alt=\"sensacion\" width=\"300\" height=\"225\" data-id=\"5070\" srcset=\"https:\/\/acasaladillo.com.ar\/wp-content\/uploads\/2015\/03\/sensacion-300x225.jpg 300w, https:\/\/acasaladillo.com.ar\/wp-content\/uploads\/2015\/03\/sensacion-560x420.jpg 560w, https:\/\/acasaladillo.com.ar\/wp-content\/uploads\/2015\/03\/sensacion-260x195.jpg 260w, https:\/\/acasaladillo.com.ar\/wp-content\/uploads\/2015\/03\/sensacion-160x120.jpg 160w, https:\/\/acasaladillo.com.ar\/wp-content\/uploads\/2015\/03\/sensacion.jpg 640w\" sizes=\"auto, (max-width: 300px) 100vw, 300px\" \/><\/a><br \/>\nParece que ya no basta con las rejas?<\/p>\n<p>En Saladillo: la seguridad es una sensaci\u00f3n?<\/p>\n<p>\u00a1Que soporte!<\/p>\n<p><a href=\"http:\/\/acasaladillo.com.ar\/wp-content\/uploads\/2015\/03\/soporte.jpg\"><img loading=\"lazy\" decoding=\"async\" class=\"alignnone size-full wp-image-5071\" src=\"http:\/\/acasaladillo.com.ar\/wp-content\/uploads\/2015\/03\/soporte.jpg\" alt=\"soporte\" width=\"300\" height=\"225\" data-id=\"5071\" srcset=\"https:\/\/acasaladillo.com.ar\/wp-content\/uploads\/2015\/03\/soporte.jpg 300w, https:\/\/acasaladillo.com.ar\/wp-content\/uploads\/2015\/03\/soporte-260x195.jpg 260w, https:\/\/acasaladillo.com.ar\/wp-content\/uploads\/2015\/03\/soporte-160x120.jpg 160w\" sizes=\"auto, (max-width: 300px) 100vw, 300px\" \/><\/a><\/p>\n<p>Telef\u00f3nica, Cestel,\u2026quien?, que soporte para los cable, no?<\/p>\n<p>Cuidado!!!!!!<\/p>\n<p><a href=\"http:\/\/acasaladillo.com.ar\/wp-content\/uploads\/2015\/03\/cuidado.jpg\"><img loading=\"lazy\" decoding=\"async\" class=\"alignnone size-full wp-image-5073\" src=\"http:\/\/acasaladillo.com.ar\/wp-content\/uploads\/2015\/03\/cuidado.jpg\" alt=\"cuidado\" width=\"300\" height=\"168\" data-id=\"5073\" \/><\/a><\/p>\n<p>Troncos como este cayeron por todo saladillo, yo me pregunto? Hasta cuando va a seguir este capricho del intendente, hasta que mate a una persona? Hoy era un peligro andar en la calle<br \/>\nEmilio Massa<\/p>\n<p>Desorientada<\/p>\n<p><a href=\"http:\/\/acasaladillo.com.ar\/wp-content\/uploads\/2015\/03\/desorientada.jpg\"><img loading=\"lazy\" decoding=\"async\" class=\"alignnone size-full wp-image-5068\" src=\"http:\/\/acasaladillo.com.ar\/wp-content\/uploads\/2015\/03\/desorientada.jpg\" alt=\"desorientada\" width=\"300\" height=\"225\" data-id=\"5068\" srcset=\"https:\/\/acasaladillo.com.ar\/wp-content\/uploads\/2015\/03\/desorientada.jpg 300w, https:\/\/acasaladillo.com.ar\/wp-content\/uploads\/2015\/03\/desorientada-260x195.jpg 260w, https:\/\/acasaladillo.com.ar\/wp-content\/uploads\/2015\/03\/desorientada-160x120.jpg 160w\" sizes=\"auto, (max-width: 300px) 100vw, 300px\" \/><\/a><\/p>\n<p>\u00bfPara alla, para ac\u00e1..,donde voy? Pereciera decir esta se\u00f1ora. Uno no duda de las buenas intenciones, y es muy bueno que hayan venido los m\u00f3viles para poder resolver los problemas para aquellos que aun no contaban con sus dni o pasaportes , pero con eso no alcanza, una desorganizaci\u00f3n total.<\/p>\n","protected":false},"excerpt":{"rendered":"<p>\u00bfEstar\u00e1 en venta? Banco Naci\u00f3n esq. Av Moreno y San Martin \u00bfBien estacionada? \u00bfDe qui\u00e9n ser\u00e1? Beber con tranquilidad Oportunidad PASE y ENTRE a ver la \u201cmercader\u00eda\u201d , Abierto de 3 a 7 hs. (NO 15 a 19hs) Llame antes&hellip;<\/p>\n<p class=\"more-link-p\"><a class=\"more-link\" href=\"https:\/\/acasaladillo.com.ar\/?page_id=5066\">Read more &rarr;<\/a><\/p>\n","protected":false},"author":3,"featured_media":0,"parent":0,"menu_order":0,"comment_status":"closed","ping_status":"open","template":"","meta":{"_monsterinsights_skip_tracking":false,"footnotes":""},"class_list":["post-5066","page","type-page","status-publish","hentry"],"aioseo_notices":[],"_links":{"self":[{"href":"https:\/\/acasaladillo.com.ar\/index.php?rest_route=\/wp\/v2\/pages\/5066","targetHints":{"allow":["GET"]}}],"collection":[{"href":"https:\/\/acasaladillo.com.ar\/index.php?rest_route=\/wp\/v2\/pages"}],"about":[{"href":"https:\/\/acasaladillo.com.ar\/index.php?rest_route=\/wp\/v2\/types\/page"}],"author":[{"embeddable":true,"href":"https:\/\/acasaladillo.com.ar\/index.php?rest_route=\/wp\/v2\/users\/3"}],"replies":[{"embeddable":true,"href":"https:\/\/acasaladillo.com.ar\/index.php?rest_route=%2Fwp%2Fv2%2Fcomments&post=5066"}],"version-history":[{"count":13,"href":"https:\/\/acasaladillo.com.ar\/index.php?rest_route=\/wp\/v2\/pages\/5066\/revisions"}],"predecessor-version":[{"id":60263,"href":"https:\/\/acasaladillo.com.ar\/index.php?rest_route=\/wp\/v2\/pages\/5066\/revisions\/60263"}],"wp:attachment":[{"href":"https:\/\/acasaladillo.com.ar\/index.php?rest_route=%2Fwp%2Fv2%2Fmedia&parent=5066"}],"curies":[{"name":"wp","href":"https:\/\/api.w.org\/{rel}","templated":true}]}}