{"id":43957,"date":"2020-10-26T06:36:37","date_gmt":"2020-10-26T09:36:37","guid":{"rendered":"http:\/\/acasaladillo.com.ar\/?page_id=43957"},"modified":"2020-10-26T06:36:39","modified_gmt":"2020-10-26T09:36:39","slug":"animese-y-nombrelo-amaro-sarlo","status":"publish","type":"page","link":"https:\/\/acasaladillo.com.ar\/?page_id=43957","title":{"rendered":"An\u00edmese y n\u00f3mbrelo, Amaro Sarlo."},"content":{"rendered":"\n<figure class=\"wp-block-image size-large\"><img loading=\"lazy\" decoding=\"async\" width=\"150\" height=\"126\" src=\"http:\/\/acasaladillo.com.ar\/wp-content\/uploads\/2020\/10\/maria-m-e1603704909737.jpg\" alt=\"\" class=\"wp-image-43958\"\/><figcaption>Por Maria Mancini*<\/figcaption><\/figure>\n\n\n\n<!--more-->\n\n\n\n<p>Voy a marcar las coincidencias en el an\u00e1lisis realizado en una, o m\u00e1s de una nota, de estos \u00faltimos d\u00edas por el Secretario de Desarrollo Local de la Municipalidad de Saladillo, Vladimir Wuiovich, y tambi\u00e9n varias de las diferencias, pero fundamentalmente el sentido real de sus declaraciones, por evidentes y reiteradas.En primer t\u00e9rmino, coincidir en que el Procrear es una pol\u00edtica de Estado, del gobierno actual y una de las m\u00e1s destacadas del gobierno de Cristina Kirchner, dado que le permiti\u00f3 a mucha gente acceder a una vivienda digna mediante el cr\u00e9dito. A lo que agrego, teniendo un importante impacto a nivel local, ya que, en la gesti\u00f3n anterior, permiti\u00f3 que alrededor de 450 familias saladillenses accedieran a este cr\u00e9dito con diferentes fines, construcci\u00f3n, ampliaci\u00f3n, refacci\u00f3n. Adem\u00e1s, decir que fue muy dif\u00edcil para los vecinos de Saladillo contar con el predio actual, dadas las resistencias que el Intendente Gorosito opuso a la cesi\u00f3n de tierras, \u00e9poca en que el subsecretario de hoy era concejal oficialista.Quiero remarcar que el Procrear, es una pol\u00edtica p\u00fablica de Estado, pero dise\u00f1ada, creada y desarrollada por un gobierno peronista, retomada por el actual, despu\u00e9s de 4 a\u00f1os de olvido y desarticulaci\u00f3n, por la gesti\u00f3n del expresidente Macri. Y es por este motivo y con todo derecho, que desde el Frente de Todos podemos promocionar esta pol\u00edtica p\u00fablica, si, promocionar, dar a conocer, invitar y asesorar a toda la ciudadan\u00eda para que se inscriba y pueda acceder a un lote de los 178 disponibles. Tambi\u00e9n podr\u00eda aclararle al subsecretario, que, desde nuestro espacio pol\u00edtico, ninguno de los funcionarios y concejales, ha negado, ni cuestionado, la gestiones y acciones del intendente Salom\u00f3n respecto a los servicios para este loteo.Indic\u00f3 entre otras cosas, que deben mejorar distintas pol\u00edticas p\u00fablicas, se refiri\u00f3 , \u201csalud que tiene que mejorar pero con la gran cantidad de hospitales p\u00fablicos\u201d, yo aclarar\u00eda, si, tiene que mejorar a\u00fan m\u00e1s, teniendo presente que el gobierno al que pertenece, Cambiemos, no solo sac\u00f3 el Ministerio de Salud, sino que abandon\u00f3 en dep\u00f3sitos vacunas, abandon\u00f3 ambulancias y consultorios m\u00f3viles por a\u00f1os, en cambio la gesti\u00f3n actual mont\u00f3 hospitales de campa\u00f1a, acrecent\u00f3 los recursos humanos, terapias intensivas, abri\u00f3 hospitales y provey\u00f3 de recursos necesarios a todo el pa\u00eds en medio de una emergencia sanitaria mundial generada por el COVID 19. Seguiremos mejorado en la pos-pandemia, y all\u00ed haremos el recuento. \u201cMacri estuvo dos a\u00f1os criticando la herencia de Cristina, y ahora Fern\u00e1ndez lleva un a\u00f1o criticando la herencia de Macri\u201d. Es mentira. El presidente actual no tiene como pr\u00e1ctica la menci\u00f3n constante de Macri, no tiene ese vinculo enfermizo con la gesti\u00f3n de Cristina Kirchner, que su frente ha tenido y tiene, lo invito como ejemplo a leer las menciones en actas que los concejales del bloque oficialista local hac\u00edan de \u201clos 12 a\u00f1os\u201d. Alberto Fern\u00e1ndez se ha limitado a mencionar datos necesarios de los que debi\u00f3 partir para su gesti\u00f3n. Como Wuiovich dice, \u201cde una buena vez terminar con las antinomias del River-Boca permanente\u201d, nuestro presidente ha llamado y llama acabar con las grietas, con los odios, ha sido y es una muestra permanente de conciliaci\u00f3n.Wuiovich, se preocupa porque no hemos salido a realizar declaraciones respecto a las gestiones sobre la Planta de Residuos Cloacales ante el ENOSHA y el Ministerio de Obras Publicas de la Naci\u00f3n , que puedo decirle, m\u00e1s pol\u00edtica de baja intensidad, se gestion\u00f3 en febrero y sali\u00f3 en todos los diarios locales, todos estamos a la espera de la obra p\u00fablica mas importante de los \u00faltimos 50 a\u00f1os, no es necesario salir a dar anuncios como lo hizo el ex presidente Macri en Saladillo, en plena campa\u00f1a electoral prometiendo algo que \u00e9l sab\u00eda no iba a construir ni concretar porque ya hab\u00eda perdido en las PASO, eso es absolutamente, oportunismo pol\u00edtico. Varias veces en sus declaraciones hace referencia (con lo que coincido, por lo menos enunciativamente) a que, en estos tiempos, buscar y sacar provechos pol\u00edticos \u201ces muy miserable\u201d, yo le preguntar\u00eda al subsecretario, que es lo que est\u00e1 haciendo, descontextualizando y tirando permanentemente indirectas, forzando la relaci\u00f3n de diferentes temas, respecto al ex candidato de nuestro espacio. Primero le dir\u00eda que no tenga miedo, an\u00edmese y n\u00f3mbrelo, Amaro Sarlo, excandidato a Intendente, ex concejal del FpV, presidente del PJ, y principal referente pol\u00edtico de nuestro espacio, y hoy Jefe de la UDAI \u2013 Anses Saladillo. Desde all\u00ed y durante toda la Pandemia, no solo atendi\u00f3 todas las pol\u00edticas p\u00fablicas que corresponden a este organismo, AUH, jubilaciones y pensiones, IFE, Progresar, etc., sino que da respuestas a demandas y necesidades, porque sabr\u00e1 el Secretario, cuando una persona es referente pol\u00edtico, y adem\u00e1s es accesible, y aparte trabaja en silencio, el vecino se acerca, lo hace trabajando articuladamente o deriv\u00e1ndolo a quien corresponda. Por eso, no nos enga\u00f1emos y nos busquemos la excusa de la promoci\u00f3n del Procrear que hemos hecho, para salir a tirarle duro a quien sac\u00f3 el 44% de los votos, tranquilo, para las elecciones legislativas falta un a\u00f1o, para renovar intendente 3 a\u00f1os, y la palabra mezquindad, a veces es un slogan para tapar intencionalidades pol\u00edticas a veces claras, otras encubiertas. No era mi intenci\u00f3n en estos tiempos, salir a dar tanta controversia innecesaria, pero la provocaci\u00f3n de parte de varios actores pol\u00edticos del oficialismo local ha sido demasiadas e innecesarias en este contexto, pero tambi\u00e9n el silencio que he mantenido durante muchos meses. Coincido adem\u00e1s con Wuiovich que \u201cSaladillo fue un ejemplo de consenso en todos estos meses de pandemia, independientemente que alguno pueda estar de acuerdo o no con las decisiones que se tomaron\u201d, no voy a agregar demasiado m\u00e1s respecto a la Pandemia, el tiempo se encargar\u00e1 de juzgar nuestro accionar, lo \u00fanico trascendente son las vidas que podamos preservar.<\/p>\n\n\n\n<p>*Mar\u00eda Mancini<\/p>\n\n\n\n<p>Presidenta del Bloque de Concejales del Frente de Todos.<\/p>\n\n\n\n<p>Congresal del Partido Justicialista de Saladillo.<\/p>\n","protected":false},"excerpt":{"rendered":"<p class=\"more-link-p\"><a class=\"more-link\" href=\"https:\/\/acasaladillo.com.ar\/?page_id=43957\">Read more &rarr;<\/a><\/p>\n","protected":false},"author":3,"featured_media":43958,"parent":0,"menu_order":0,"comment_status":"closed","ping_status":"closed","template":"","meta":{"_monsterinsights_skip_tracking":false,"footnotes":""},"class_list":["post-43957","page","type-page","status-publish","has-post-thumbnail","hentry"],"aioseo_notices":[],"_links":{"self":[{"href":"https:\/\/acasaladillo.com.ar\/index.php?rest_route=\/wp\/v2\/pages\/43957","targetHints":{"allow":["GET"]}}],"collection":[{"href":"https:\/\/acasaladillo.com.ar\/index.php?rest_route=\/wp\/v2\/pages"}],"about":[{"href":"https:\/\/acasaladillo.com.ar\/index.php?rest_route=\/wp\/v2\/types\/page"}],"author":[{"embeddable":true,"href":"https:\/\/acasaladillo.com.ar\/index.php?rest_route=\/wp\/v2\/users\/3"}],"replies":[{"embeddable":true,"href":"https:\/\/acasaladillo.com.ar\/index.php?rest_route=%2Fwp%2Fv2%2Fcomments&post=43957"}],"version-history":[{"count":1,"href":"https:\/\/acasaladillo.com.ar\/index.php?rest_route=\/wp\/v2\/pages\/43957\/revisions"}],"predecessor-version":[{"id":43959,"href":"https:\/\/acasaladillo.com.ar\/index.php?rest_route=\/wp\/v2\/pages\/43957\/revisions\/43959"}],"wp:featuredmedia":[{"embeddable":true,"href":"https:\/\/acasaladillo.com.ar\/index.php?rest_route=\/wp\/v2\/media\/43958"}],"wp:attachment":[{"href":"https:\/\/acasaladillo.com.ar\/index.php?rest_route=%2Fwp%2Fv2%2Fmedia&parent=43957"}],"curies":[{"name":"wp","href":"https:\/\/api.w.org\/{rel}","templated":true}]}}