{"id":42000,"date":"2020-06-07T12:31:32","date_gmt":"2020-06-07T15:31:32","guid":{"rendered":"http:\/\/acasaladillo.com.ar\/?page_id=42000"},"modified":"2020-06-07T12:38:25","modified_gmt":"2020-06-07T15:38:25","slug":"dia-del-periodista-informar-en-tiempos-de-pandemia","status":"publish","type":"page","link":"https:\/\/acasaladillo.com.ar\/?page_id=42000","title":{"rendered":"D\u00eda del Periodista: Informar en tiempos de pandemia"},"content":{"rendered":"\n<figure class=\"wp-block-image size-large\"><img loading=\"lazy\" decoding=\"async\" width=\"200\" height=\"141\" src=\"http:\/\/acasaladillo.com.ar\/wp-content\/uploads\/2020\/06\/Lorden-e1591543654543.jpg\" alt=\"\" class=\"wp-image-42001\"\/><figcaption><em>Por Alejandra Lord\u00e9n , Diputada Provincial PBA<br>Vicepresidente UCR nacional<\/em><\/figcaption><\/figure>\n\n\n\n<p>Apenas unos d\u00edas despu\u00e9s del 25 de mayo 1810, la flamante Junta de Gobierno cre\u00f3&nbsp;<em>La Gazeta de Buenos Ayres,&nbsp;<\/em>dirigida por Mariano Moreno y en la que asiduamente escrib\u00edan personajes de la talla de Manuel Belgrano y Juan Jos\u00e9 Castelli. Cada 7 de junio en nuestro pa\u00eds celebramos el D\u00eda de los y las Periodistas, en conmemoraci\u00f3n de la fundaci\u00f3n del primer peri\u00f3dico de la etapa independentista.&nbsp;<\/p>\n\n\n\n<p>Hoy, a 210 a\u00f1os de ese acontecimiento, est\u00e1 claro que el contexto es totalmente distinto. Pero sin forzar la historia podemos esbozar una idea que describe nuestra actualidad y tambi\u00e9n lo que vivieron los patriotas de mayo: la comunicaci\u00f3n siempre es fundamental, y en \u00e9pocas convulsionadas, mucho m\u00e1s.<\/p>\n\n\n\n<p>En tiempos donde los datos fluyen por todos los medios de forma permanente, el ejercicio profesional del periodismo es un desaf\u00edo constante. Producir informaci\u00f3n de calidad y transmitirla de forma precisa, para muchos es un arte cuasi extinguido frente a la explosi\u00f3n de las fake news y los portales cuya especialidad es la tergiversaci\u00f3n y el sensacionalismo.<\/p>\n\n\n\n<p>Al incorporar la pandemia a la ecuaci\u00f3n tenemos cart\u00f3n lleno. La incertidumbre y la desinformaci\u00f3n son da\u00f1os colaterales que el COVID-19 va dejando a su paso. Una peque\u00f1a frase puede resumir lo que digo: todos queremos saber m\u00e1s sobre un virus del que se conoce poco. En estas circunstancias, donde hay terreno f\u00e9rtil para la mentira y la manipulaci\u00f3n de la angustia de la gente, la prensa responsable y especializada es m\u00e1s necesaria que nunca.<\/p>\n\n\n\n<p>En pa\u00edses como China y Hungr\u00eda, la crisis del coronavirus ha exacerbado reg\u00edmenes autoritarios preexistentes y los gobiernos han ordenado detenciones arbitrarias de periodistas y la intervenci\u00f3n de redacciones. Adem\u00e1s, la ONG Campa\u00f1a Emblema por la Prensa inform\u00f3 que la mitad de los periodistas fallecidos a causa del virus (62) eran de Am\u00e9rica Latina, siendo el hermano pa\u00eds de Per\u00fa el m\u00e1s afectado, con 20 v\u00edctimas. A veces, el costo de informar es la vida misma.<\/p>\n\n\n\n<p>Aqu\u00ed en Argentina, esta semana, el exministro de la Corte Suprema Eugenio Zaffaroni, manifest\u00f3 sin titubear que los medios de comunicaci\u00f3n son \u201cun partido \u00fanico como el de Hitler\u201d. El intento deliberado de demonizar la libertad de prensa y desprestigiar el pensamiento cr\u00edtico duele e indigna tanto como la banalizaci\u00f3n del nazismo. En este clima enrarecido y hostil trabajan miles de periodistas en nuestro pa\u00eds.<\/p>\n\n\n\n<p>En este tiempo incierto y aciago, el desaf\u00edo m\u00e1ximo de cada persona que ejerce la tarea de comunicar es desarrollar historias a partir de hechos y no de opiniones. Sustentar cada concepto en evidencia cient\u00edfica en lugar de especulaciones. Parece f\u00e1cil pero no lo es. Progresar en una profesi\u00f3n que exige una dedicaci\u00f3n tremenda, con un nivel de exposici\u00f3n muy alto, muchas veces en condiciones laborales inadecuadas, nunca es sencillo.<\/p>\n\n\n\n<p>La demanda de noticias de calidad para resolver inquietudes y alejar temores ha crecido enormemente. Al mismo tiempo, la publicidad en el papel y los diarios digitales \u2014una entrada de dinero fundamental para los medios\u2014 ha disminuido producto del deterioro econ\u00f3mico generalizado. En otras palabras, el periodismo serio no es un recurso inagotable.&nbsp;<\/p>\n\n\n\n<p>Debemos ser conscientes del esfuerzo que hacen tantos periodistas y comunicadores. Valoremos la informaci\u00f3n de calidad que consumimos todos los d\u00edas. Detr\u00e1s de cada nota y de cada art\u00edculo hay muchas horas de trabajo.<\/p>\n\n\n\n<p>Les deseo un muy feliz d\u00eda a todos los periodistas que aman su profesi\u00f3n y la llevan adelante con la pasi\u00f3n, el profesionalismo y la independencia que toda democracia sana necesita.<\/p>\n","protected":false},"excerpt":{"rendered":"<p>Apenas unos d\u00edas despu\u00e9s del 25 de mayo 1810, la flamante Junta de Gobierno cre\u00f3&nbsp;La Gazeta de Buenos Ayres,&nbsp;dirigida por Mariano Moreno y en la que asiduamente escrib\u00edan personajes de la talla de Manuel Belgrano y Juan Jos\u00e9 Castelli. Cada&hellip;<\/p>\n<p class=\"more-link-p\"><a class=\"more-link\" href=\"https:\/\/acasaladillo.com.ar\/?page_id=42000\">Read more &rarr;<\/a><\/p>\n","protected":false},"author":3,"featured_media":0,"parent":0,"menu_order":0,"comment_status":"closed","ping_status":"closed","template":"","meta":{"_monsterinsights_skip_tracking":false,"footnotes":""},"class_list":["post-42000","page","type-page","status-publish","hentry"],"aioseo_notices":[],"_links":{"self":[{"href":"https:\/\/acasaladillo.com.ar\/index.php?rest_route=\/wp\/v2\/pages\/42000","targetHints":{"allow":["GET"]}}],"collection":[{"href":"https:\/\/acasaladillo.com.ar\/index.php?rest_route=\/wp\/v2\/pages"}],"about":[{"href":"https:\/\/acasaladillo.com.ar\/index.php?rest_route=\/wp\/v2\/types\/page"}],"author":[{"embeddable":true,"href":"https:\/\/acasaladillo.com.ar\/index.php?rest_route=\/wp\/v2\/users\/3"}],"replies":[{"embeddable":true,"href":"https:\/\/acasaladillo.com.ar\/index.php?rest_route=%2Fwp%2Fv2%2Fcomments&post=42000"}],"version-history":[{"count":2,"href":"https:\/\/acasaladillo.com.ar\/index.php?rest_route=\/wp\/v2\/pages\/42000\/revisions"}],"predecessor-version":[{"id":42004,"href":"https:\/\/acasaladillo.com.ar\/index.php?rest_route=\/wp\/v2\/pages\/42000\/revisions\/42004"}],"wp:attachment":[{"href":"https:\/\/acasaladillo.com.ar\/index.php?rest_route=%2Fwp%2Fv2%2Fmedia&parent=42000"}],"curies":[{"name":"wp","href":"https:\/\/api.w.org\/{rel}","templated":true}]}}