{"id":38956,"date":"2019-10-06T18:30:32","date_gmt":"2019-10-06T21:30:32","guid":{"rendered":"http:\/\/acasaladillo.com.ar\/?page_id=38956"},"modified":"2026-09-03T01:45:45","modified_gmt":"2026-09-03T04:45:45","slug":"necrologicas-2","status":"publish","type":"page","link":"https:\/\/acasaladillo.com.ar\/?page_id=38956","title":{"rendered":"Necrol\u00f3gicas"},"content":{"rendered":"\n<figure class=\"wp-block-image size-full is-style-rounded\"><img loading=\"lazy\" decoding=\"async\" width=\"286\" height=\"176\" src=\"https:\/\/acasaladillo.com.ar\/wp-content\/uploads\/2025\/05\/necrologica.jpg\" alt=\"\" class=\"wp-image-62035\" srcset=\"https:\/\/acasaladillo.com.ar\/wp-content\/uploads\/2025\/05\/necrologica.jpg 286w, https:\/\/acasaladillo.com.ar\/wp-content\/uploads\/2025\/05\/necrologica-260x160.jpg 260w, https:\/\/acasaladillo.com.ar\/wp-content\/uploads\/2025\/05\/necrologica-160x98.jpg 160w\" sizes=\"auto, (max-width: 286px) 100vw, 286px\" \/><\/figure>\n\n\n\n<p>Fallecidos<\/p>\n\n\n\n<!--more-->\n\n\n<hr \/>\n<p><span style=\"font-family: tahoma, arial, helvetica, sans-serif;\"><strong>F<\/strong><\/span><span style=\"font-family: tahoma, arial, helvetica, sans-serif;\"><strong>A<\/strong><\/span><span style=\"font-family: tahoma, arial, helvetica, sans-serif;\"><strong>L<\/strong><\/span><span style=\"font-family: tahoma, arial, helvetica, sans-serif;\"><strong>LECIDOS MES DE: <\/strong><\/span><\/p>\n<p><span style=\"font-family: tahoma, arial, helvetica, sans-serif;\"><strong>\u00a0\/JUNIO\/JULIO\/AGOSTO\/SETIEMBRE 2026<\/strong><\/span><\/p>\n<p>\u00a0<\/p>\n<p>Falleci\u00f3 a la edad de 88 a\u00f1os<br \/>MARIA ANGELICA GROSSO Vda de GUTIERREZ<br \/>Sus restos son velados en sala A de CESPAZ <br \/>Sepelio el d\u00eda 03\/09\/2026 a las 9:30 hs. Previo responso en Iglesia<br \/>Casa de duelo: Alvarez de Toledo 3607<\/p>\n<p>Falleci\u00f3 a la edad de 69 a\u00f1os<br \/>RUBEN HORACIO PEREYRA<br \/>Sus restos son velados en sala \u201cB\u201d de Cespaz<br \/>Sepelio: d\u00eda 01\/09\/2026 a las 15 hs. Previo responso en Capilla Ardiente<br \/>Casa de duelo: Acceso Nestor Kirchner y Av Ledesma<\/p>\n<p>Falleci\u00f3 a la edad de 84 a\u00f1os<br \/>DOMINGO ALBERTO CECCHINI<br \/>Sus restos son velados en sala B de Ces Paz<br \/>Sepelio el d\u00eda 31\/08\/2026 previo responso a las 11:30 hs en la iglesia<br \/>Casa de duelo: MITRE 2002<\/p>\n<p>Falleci\u00f3 a la edad de 96 a\u00f1os<br \/>NICEFORA ODILA PONCE Vda de SERRAO<br \/>Sus restos son velados en sala A de CESPAZ <br \/>Sepelio el d\u00eda 28\/08\/2026 a las 15:30 hs. Previo responso en Iglesia<br \/>Casa de duelo: 25 de Mayo s\/n Del Carril<\/p>\n<p>Falleci\u00f3 a la edad de 83 a\u00f1os BLANCA ELENA DEFFEIS<br \/>sus restos son velados en sala B de CESPAZ <br \/>Sepelio el d\u00eda 26\/08\/2026 a las 11:30 hs. Previo responso: en Capilla Ardiente<br \/>Casa de duelo: DASSATTI 4024<\/p>\n<p>Falleci\u00f3 a los 87 a\u00f1os JOS\u00c9 MAR\u00cdA ANGELANI. <br \/>Velatorio en sala A. Sepelio 23\/08\/2026, a las 12:00, previo oficio religioso en la Iglesia Nuestra Se\u00f1ora de la Asunci\u00f3n. <br \/>Casa de duelo Bartolom\u00e9 Mitre 2448<\/p>\n<p>Falleci\u00f3 a la edad de 34 a\u00f1os<br \/>WALTER DAMIAN NINNI<br \/>sus restos son velados en sala A de CESPAZ <br \/>Sepelio el d\u00eda 21\/08\/2026 a las 15:30 hs. Previo responso: en la iglesia<br \/>Casa de duelo: ESTRADA 3552<\/p>\n<p>Falleci\u00f3 a la edad de 67 A\u00f1os <br \/>CARLOS HUGO MORI<br \/>Sus restos son velados en sala \u201cA\u201d de CES PAZ .<br \/>Sepelio el d\u00eda 19\/08\/2026 a las 11:00 hs. Previo responso en la iglesia <br \/>Casa de duelo: EMILIANO REYNOSO 3364<\/p>\n<p>Falleci\u00f3 a la edad de 48 a\u00f1os<br \/>ADRIAN NESTOR DAVID DOLCE<br \/>Sepelio el d\u00eda 19\/08\/2026 a las 09:30 hs. Previo responso: en la iglesia<br \/>Casa de duelo: EL CEIBO 6058 SALADILLO NORTE<\/p>\n<p>Falleci\u00f3 a la edad de 88 A\u00f1os <br \/>ASENCIO MARIO GIULIANI<br \/>Sus restos son velados en sala \u201cA\u201d de CES PAZ .<br \/>Sepelio el d\u00eda 18\/08\/2026 a las 15:30 hs. Previo responso en la iglesia<br \/>Casa de duelo: LOS TILOS S\/N POLVAREDAS<\/p>\n<p>Falleci\u00f3 a la edad de 75A\u00f1os <br \/>ALEJANDRO ELEUTERIO ARZOLA (NITO)<br \/>Sus restos son velados en sala \u201cB\u201d de CES PAZ .<br \/>Sepelio el d\u00eda 18\/08\/2026 a las 17:15 hs. Previo responso en la iglesia<br \/>Casa de duelo: SARMIENTO 3866<\/p>\n<p>Falleci\u00f3 a la edad de 88 a\u00f1os <br \/>NELIDA NOEMI AGUIRRE Vda. De TOLOSA (MIMI)<br \/>Sus restos son velados en sala \u201cA\u201d de Ces Paz <br \/>Sepelio el d\u00eda 17\/08\/2026 a las 09:30 hs. Previo responso: en la iglesia<br \/>Casa de duelo: SAAVEDRA 3142<\/p>\n<p>Falleci\u00f3 a la edad de 60 A\u00f1os <br \/>HECTOR OSMAR DELLA BIANCA ( CHINGOLO )<br \/>Sus restos son velados en sala \u201cB\u201d de CES PAZ .<br \/>Sepelio el d\u00eda 15\/08\/2026 a las 12:45 hs. Previo responso en la Iglesia <br \/>Casa de duelo: ORTIZ 2861<\/p>\n<p>Falleci\u00f3 a la edad de 80 A\u00f1os <br \/>MARGARITA POLANO VIUDA DE ITURRE<br \/>Sus restos son velados en sala \u201cB\u201d de CES PAZ .<br \/>Sepelio el d\u00eda 14\/08\/2026 a las 09:30 hs. Previo responso en Capilla Ardiente <br \/>Casa de duelo: PEREYRA 4369<\/p>\n<p>Falleci\u00f3 a la edad de 79 A\u00f1os<br \/>MARTA NOEMI ACOSTA DE CIEZA<br \/>Sus restos son velados en sala \u201cA\u201d de CES PAZ .<br \/>Sepelio el d\u00eda 13\/08\/2026 a las 15:30 hs. Previo responso en la iglesia<br \/>Casa de duelo: ROJAS 2819<\/p>\n<p>Falleci\u00f3 a la edad de 89 A\u00f1os <br \/>NELIDA MARIA ARISTE VIUDA DE SCARPONI<br \/>Sus restos son velados en sala \u201cA\u201d de CES PAZ .<br \/>Sepelio el d\u00eda 10\/08\/2026 a las 11:30 hs. Previo responso en la iglesia <br \/>Casa de duelo: BELGRANO S\/N ALVAREZ DE TOLEDO<\/p>\n<p>Falleci\u00f3 a la edad de 83 a\u00f1os<br \/>ERNESTO FELIX GUILLEN (MELON)<br \/>Sus restos son velados en sala de Ces Paz en Del carril<br \/>Sepelio el d\u00eda 10\/08\/2026 a las 09:30 hs. Previo responso: en la iglesia<\/p>\n<p>Falleci\u00f3 a la edad de 95 a\u00f1os<br \/>MARIA ANGELICA MONTES Vda de CAMPAMA<br \/>Sus restos son velados en sala \u201cB\u201d de Cespaz<br \/>Sepelio: d\u00eda 07\/08\/2026 a las 17:15 hs. Previo responso en Iglesia<br \/>Casa de duelo: Bozan N\u00b0 2665<\/p>\n<p>Falleci\u00f3 a la edad de 70 a\u00f1os<br \/>OLGA BEATRIZ GARZ\u00d3N de BARANDALLA<br \/>Sus restos son velados en sala \u201cA\u201d de Cespaz<br \/>Sepelio: d\u00eda 06\/08\/2026 a las 9:30 hs. Previo responso en Iglesia<br \/>Casa de duelo: ALVAREZ DE TOLEDO N\u00b0 4083<\/p>\n<p>Falleci\u00f3 a la edad de 51 a\u00f1os<br \/>DIEGO ISMAEL BENIGNI<br \/>Sus restos son velados en sala A de Ces Paz <br \/>Sepelio el d\u00eda 02\/08\/2026 a las 17:00 hs. Previo responso: en Capilla Ardiente<br \/>Casa de duelo: LEDESMA 2828<\/p>\n<p>Falleci\u00f3 a la edad de 89 A\u00f1os <br \/>ELBA MARIA LISA . <br \/>Sus restos son velados en sala \u201cC\u201d de CES PAZ .<br \/>Sepelio el d\u00eda 01\/08\/2026 a las 15:30 hs. Previo responso en Capilla Ardiente <br \/>Casa de duelo: H. YRIGOYEN 3578<\/p>\n<p>Falleci\u00f3 a la edad de 86 A\u00f1os <br \/>JUAN CARLOS LEDESMA . Sus restos son velados en sala<br \/>\u201cD\u201d de CES PAZ .<br \/>Sepelio el d\u00eda 01\/08\/2026 a las 17:00 hs. Previo responso en la iglesia <br \/>Casa de duelo: MITRE 3047<\/p>\n<p>Falleci\u00f3 a la edad de 92 A\u00f1os <br \/>CONSTANTINO CARLOS BAGNATTO <br \/>Sus: restos seran velados a partir de las 8:00 hs en sala \u201cB\u201d de CES PAZ .<br \/>Sepelio el d\u00eda 01\/08\/2026 a las 10:45 hs. Previo responso en Capilla Ardiente <br \/>Casa de duelo: J. B. JUSTO 3710<\/p>\n<p>Falleci\u00f3 a la edad de 85 A\u00f1os <br \/>ELBA NOEMI G\u00dcI DE FRONTALINI. <br \/>Sus: restos son velados en sala \u201cA\u201d de CES PAZ .<br \/>Sepelio el d\u00eda 01\/08\/2026 a las 09:30 hs. Previo responso en Capilla Ardiente <br \/>Casa de duelo: J. B. JUSTO 2586<\/p>\n<div dir=\"auto\"><hr \/><\/div>\n\n\n<p><\/p>\n","protected":false},"excerpt":{"rendered":"<p>Fallecidos<\/p>\n<p class=\"more-link-p\"><a class=\"more-link\" href=\"https:\/\/acasaladillo.com.ar\/?page_id=38956\">Read more &rarr;<\/a><\/p>\n","protected":false},"author":3,"featured_media":0,"parent":0,"menu_order":0,"comment_status":"closed","ping_status":"closed","template":"","meta":{"_monsterinsights_skip_tracking":false,"footnotes":""},"class_list":["post-38956","page","type-page","status-publish","hentry"],"aioseo_notices":[],"_links":{"self":[{"href":"https:\/\/acasaladillo.com.ar\/index.php?rest_route=\/wp\/v2\/pages\/38956","targetHints":{"allow":["GET"]}}],"collection":[{"href":"https:\/\/acasaladillo.com.ar\/index.php?rest_route=\/wp\/v2\/pages"}],"about":[{"href":"https:\/\/acasaladillo.com.ar\/index.php?rest_route=\/wp\/v2\/types\/page"}],"author":[{"embeddable":true,"href":"https:\/\/acasaladillo.com.ar\/index.php?rest_route=\/wp\/v2\/users\/3"}],"replies":[{"embeddable":true,"href":"https:\/\/acasaladillo.com.ar\/index.php?rest_route=%2Fwp%2Fv2%2Fcomments&post=38956"}],"version-history":[{"count":1769,"href":"https:\/\/acasaladillo.com.ar\/index.php?rest_route=\/wp\/v2\/pages\/38956\/revisions"}],"predecessor-version":[{"id":63739,"href":"https:\/\/acasaladillo.com.ar\/index.php?rest_route=\/wp\/v2\/pages\/38956\/revisions\/63739"}],"wp:attachment":[{"href":"https:\/\/acasaladillo.com.ar\/index.php?rest_route=%2Fwp%2Fv2%2Fmedia&parent=38956"}],"curies":[{"name":"wp","href":"https:\/\/api.w.org\/{rel}","templated":true}]}}