{"id":38464,"date":"2019-09-11T17:59:55","date_gmt":"2019-09-11T20:59:55","guid":{"rendered":"http:\/\/acasaladillo.com.ar\/?page_id=38464"},"modified":"2024-08-18T08:36:49","modified_gmt":"2024-08-18T11:36:49","slug":"38464-2","status":"publish","type":"page","link":"https:\/\/acasaladillo.com.ar\/?page_id=38464","title":{"rendered":"S\u00ed, efectivamente es una triste historia."},"content":{"rendered":"<p><img loading=\"lazy\" decoding=\"async\" class=\"alignnone  wp-image-60567\" src=\"https:\/\/acasaladillo.com.ar\/wp-content\/uploads\/2024\/08\/Patrick-Maingard-1.jpg\" alt=\"\" width=\"152\" height=\"152\" data-id=\"60567\" srcset=\"https:\/\/acasaladillo.com.ar\/wp-content\/uploads\/2024\/08\/Patrick-Maingard-1.jpg 400w, https:\/\/acasaladillo.com.ar\/wp-content\/uploads\/2024\/08\/Patrick-Maingard-1-300x300.jpg 300w, https:\/\/acasaladillo.com.ar\/wp-content\/uploads\/2024\/08\/Patrick-Maingard-1-260x260.jpg 260w, https:\/\/acasaladillo.com.ar\/wp-content\/uploads\/2024\/08\/Patrick-Maingard-1-160x160.jpg 160w\" sizes=\"auto, (max-width: 152px) 100vw, 152px\" \/><em>por Patrick Maingard<\/em><\/p>\n<p><!--more--><\/p>\n<p style=\"font-weight: 400;\">Aqu\u00ed\u00a0les relato lo sucedido con mi campo y que tristemente veo que existen cosas no muy claras de parte de las autoridades de Saladillo<\/p>\n<p style=\"font-weight: 400;\">S\u00ed, efectivamente es una triste historia.<\/p>\n<p style=\"font-weight: 400;\">\u00a0Mi padre ten\u00eda mucho campo en Saladillo, 12.000.hect\u00e1reas aproximadamente, incluyendo San Pedro, el Centinela,\u00a0 entre otros.<\/p>\n<p style=\"font-weight: 400;\">\n<p style=\"font-weight: 400;\">Yo me ocupaba de los campos mientras mis padres y mis hermanos estaban en Par\u00eds.<\/p>\n<p style=\"font-weight: 400;\">\u00a0Mis padres, Guy Maingard y mi madre Delia Alvarez de Toledo\u00a0 envejecieron y se quedaron en Francia mientras que uno de mis hermanos, Josselin Maingard, se aprovech\u00f3 de la vejez y senilidad de mi padre y le hizo firmar un poder para disponer del campo en Saladillo.\u00a0 De esta forma tom\u00f3 hipotecas poniendo de garant\u00eda\u00a0 los campos,\u00a0 pero sin cancelar las hipotecas,\u00a0 estafando a la familia y qued\u00e1ndose con el dinero.\u00a0 En mi desesperaci\u00f3n e impotencia,\u00a0 yo trabajaba muy duro en la producci\u00f3n del campo pero no llegaba con mi esfuerzo\u00a0 a\u00a0 levantar las hipotecas, y por esa raz\u00f3n se fue perdiendo todo, salvo este peque\u00f1o pedazo de tierra, heredado de mi padre, al cual le dediqu\u00e9 mi vida, y ahora estoy defendiendome de quien me quiere usurpar, y de la Injusticia de la Ley que no me da respuesta.<\/p>\n<p style=\"font-weight: 400;\">Ver\u00e1s c\u00f3mo la historia se repite: mi hermano Josselin,\u00a0 que estaf\u00f3 a la familia qued\u00e1ndose con el dinero,\u00a0 es el padre del usurpador actual, Alejandro Maingard, que se quiere quedar con mi campo.<\/p>\n<p style=\"font-weight: 400;\">\u00a0Es as\u00ed que s\u00f3lo qued\u00f3 el campo de Estancia Polvaredas de 817 hect\u00e1reas.<\/p>\n<p style=\"font-weight: 400;\">\u00a0Yo me segu\u00ed ocupando de la Estancia Polvaredas que era una S.A llamada \u00bb Estancia Polvaredas Grandes S.A \u00bb y puse mi hacienda propia para trabajarlo. De esto ya hace 30\/35 a\u00f1os<\/p>\n<p style=\"font-weight: 400;\">\u00a0Mi padre a\u00fan en su vejez y senilidad mantuvo el poder a favor de mi hermano, que continu\u00f3 vendiendo hect\u00e1reas hasta disminuir el campo en m\u00e1s de 550 hect\u00e1reas\u00a0 aproximadamente.\u00a0 Mi padre pidi\u00f3, como legado de herencia, que se dividiera lo que quedaba del campo, en 4 parcelas, una para cada hermano.<\/p>\n<p style=\"font-weight: 400;\">\u00a0En el a\u00f1o 2000, a pedido de mi padre, se firm\u00f3 un convenio entre hermanos para la entrega de lotes, en vida de mi padre.<\/p>\n<p style=\"font-weight: 400;\">\u00a0Mis dos hermanos vendieron en el a\u00f1o 2004 sus respectivos lotes, mi hermana falleci\u00f3, y yo me qued\u00e9 con el lote del casco que era m\u00e1s grande, de 200 hect\u00e1reas por ser campo tendido y una gran parte monte monte improductiva.<\/p>\n<p style=\"font-weight: 400;\">\u00a0Seg\u00fan ese convenio me entregaron la posesi\u00f3n de mi parcela,\u00a0 a trav\u00e9s de un documento firmado\u00a0 ante escribano. Entonces s\u00f3lo quedaba mi lote puesto que ellos ya hab\u00edan vendido sus parcelas.<\/p>\n<p style=\"font-weight: 400;\">\u00a0Mi padre, en vida, solicit\u00f3 que se disolviera la sociedad, previendo que tras su muerte\u00a0 podr\u00eda haber conflictos, como el que lamentablemente ocurre ahora con la usurpaci\u00f3n de mi campo. Mis hermanos se guardaron los libros de la S.A de mala fe con la excusa de disolverla, seg\u00fan instrucciones\u00a0 de mi padre, que a\u00fan\u00a0 viv\u00eda, ya que la totalidad de las tierras se hab\u00edan dividido entre los hermanos.\u00a0 En el 2001 fallece mi padre y luego, en el 2006 fallece mi madre.<\/p>\n<p style=\"font-weight: 400;\">Luego de reclamar reiteradamente los libros de la S.A que representaba mi lote de campo a mis hermanos y a Miguel Aranda, quien los representaba, que en la S.A. Desgraciadamente no pude obtener que me los entregaran argumentando ellos que dicha S.A debian ellos disolverla.<\/p>\n<p style=\"font-weight: 400;\">\u00a0Al fallecer mi madre en el 2006 mi abogado me aconseja declarar esa sociedad ya que mis hermanos habiendo retenido los libros, a\u00fan pod\u00edan seguir vendiendo mi lote, por lo que me vi obligado declararla en la sucesion en aquel entonces en el 2006 fecha en la cual se abri\u00f3 la sucesion<\/p>\n<p style=\"font-weight: 400;\">\u00a0De ah\u00ed en adelante vino el problema ya que mi campo qued\u00f3 a nombre de de la S.A.<\/p>\n<p style=\"font-weight: 400;\">\u00a0Pasaron los a\u00f1os y\u00a0 el juez ped\u00eda la disoluci\u00f3n de la S.A pero no aparec\u00edan ni los libros ni las acciones que a\u00fan estaban al portador\u00a0 por lo que segu\u00ed as\u00ed y desgraciadamente me despreocupe ya que el juez en varias ocasiones, luego de un incidente que present\u00e9, les neg\u00f3 categ\u00f3ricamente la posesi\u00f3n. As\u00ed que inici\u00e9 una prescripcion adquisitiva para poder obtener la titularidad de mi campo ya que declaraban mis hermanos haber extraviado los libros.<\/p>\n<p style=\"font-weight: 400;\">\u00a0Mis hermanos fallecen y entra nuevamente en sucesi\u00f3n la parte de mis hermanos. La S.A qued\u00f3 inactiva luego de la venta que efectuaron mis hermanos y sin movimiento , se cay\u00f3 el cuit y visto que las acciones estaban al portador no ten\u00eda mucho sentido\u00a0 reflotarla as\u00ed que segu\u00ed una prescripci\u00f3n adquisitiva que inici\u00e9 en\u00a0 el 2017 y 2018.<\/p>\n<p style=\"font-weight: 400;\">\u00a0En el 2018 y a mis espaldas, sin avisarme,\u00a0 mi sobrino , un tal Alejandro, solicita al juez de la sucesi\u00f3n la autorizaci\u00f3n de tramitar la inscripci\u00f3n de las acciones, un mero tr\u00e1mite societario que en ning\u00fan momento implicaba apoderarse de mi lote de campo que lleva el mismo nombre de Estancia Polvaredas. Siendo la S.A una persona jur\u00eddica que podr\u00eda tener en su activo el capital resultante de las ventas y\/o de los campos que ellos recompraron en Azul y en Entre R\u00edos.<\/p>\n<p style=\"font-weight: 400;\">No habiendo autoridades desde el 2005 , mi sobrino alude que los hijos de mis otros hermanos le cedieron las acciones ya que aparentemente la S.A estaba inactiva y no ten\u00eda m\u00e1s activo que el capital que ya se hab\u00edan cobrado. Con tal motivo hace una asamblea solo y se auto nombra presidente de dicha S.A a espaldas m\u00edas e incluso del juez del sucesorio\u00a0 Mi sobrino se vale ahora para venir a Usurpar mi propiedad de ser supuestamente Presidente de la S.A que esta a\u00fan ca\u00edda,\u00a0 sin inscribir y sin tampoco tener cuit el que ya hab\u00eda ca\u00eddo desde hac\u00eda a\u00f1os. Es decir que se vale de ser Presidente ante distintas autoridades de Saladillo, de una S.A que no existe y de la cual las acciones al portador no existen.<\/p>\n<p style=\"font-weight: 400;\">\u00a0Es notable la estafa procesal que realiz\u00f3 para valerse de ella y venir a apoderarse de mi campo, de mis animales, de mi casa, violando mi domicilio.<\/p>\n<p style=\"font-weight: 400;\">\u00a0\u00a0o pudo inscribir las acciones en la IGJ ya que no puede justificar que de repente aparecieron los libros los cuales fue a comprarlos a la librer\u00eda y son falsos sin valor legal.<\/p>\n<p style=\"font-weight: 400;\">\u00a0En resumidas cuentas, aparece mi sobrino en Saladillo exhibiendo un papel del apoderado de mis otros sobrinos y diciendo que es el Presidente de la S.A y se mete de prepo en mi campo usurpandolo a mano armada, rompiendo el candado y facilitando la llave de un candado nuevo a la persona que me alquilaba (Aldo Serafin) orden\u00e1ndole no entregarme la llave del campo porque con este enga\u00f1o, dec\u00eda que \u00e9l era el supuesto propietario,\u00a0 molestando a mi inquilino con amenazas de armas de fuego. Y divulgando a en todo Saladillo que me iba a pegar un tiro si yo me acercaba al campo.<\/p>\n<p style=\"font-weight: 400;\">\u00a0As\u00ed empieza la usurpaci\u00f3n por parte de este sobrino , Alejandro Maingard.<\/p>\n<p style=\"font-weight: 400;\">\u00a0La denuncia que hice en el destacamento de Polvaredas , me la tom\u00f3 un tal Gonzalo Gauna quien tambi\u00e9n en esa ocasi\u00f3n le tom\u00f3 una denuncia a Aldo Serafin quien declar\u00f3 el grado de agresividad que ten\u00eda este Alejandro, quien andaba armado y amenazandolo al igual que dec\u00eda por todo Saladillo que si entraba a mi campo me pegaba un tiro en la cabeza.<\/p>\n<p style=\"font-weight: 400;\">\u00a0La denuncia por usurpacion, la hice\u00a0 en el destacamento de Polvaredas el d\u00eda 04 de Abril de este a\u00f1o bajo el IP 060100069119\/100. Y tramita en la Fiscal\u00eda N\u00famero 02 en lo Penal a cargo de la Fiscal de Saladillo.<\/p>\n<p style=\"font-weight: 400;\">\u00a0Al no tener respuesta de legal desde hace 6 meses, decid\u00ed visibilizar el problema y pedir ayuda a los medios. Tengo hacienda en mi campo que no puedo cuidar, al igual que mis caballos que este se\u00f1or usurpador inventa ahora que\u00a0 son de su propiedad y dispone de ellos . Me viol\u00f3 mi domicilio , en donde ten\u00eda mis cosas personales, dinero, documentos y objetos personales, muebles de la sucesi\u00f3n que nos hab\u00edamos repartido entre hermanos en su oportunidad y dem\u00e1s cosas que representan recuerdos de mis padres y de mi vida.<\/p>\n<p style=\"font-weight: 400;\">\u00a0Ped\u00ed ayuda en Asistencia a la\u00a0 v\u00edctima,\u00a0 con la\u00a0 Dra Novela, quien me hizo un escrito pidiendo constatar el estado de usurpaci\u00f3n, es decir que pueda ir a constatar el estado de mi casa, y tambi\u00e9n el faltante por robo .<\/p>\n<p style=\"font-weight: 400;\">\u00a0No he tenido respuesta a\u00fan, porque el Expediente va y viene de la Fiscal\u00eda a la Comisar\u00eda, y cuando intento consultar, no est\u00e1 disponible.<\/p>\n<p style=\"font-weight: 400;\">\u00a0Es angustiante la situaci\u00f3n ya que esa es mi \u00fanica\u00a0 vivienda; como soy electro dependiente y en el campo no hay electricidad, con lo producido del campo (que hoy no tengo) alquilo un departamento muy chico en Buenos Aires\u00a0 por cuestiones de salud, y al haber perdido mi \u00fanico ingreso, mi salud est\u00e1 en riesgo, y estoy privado de mi capital.<\/p>\n","protected":false},"excerpt":{"rendered":"<p>por Patrick Maingard<\/p>\n<p class=\"more-link-p\"><a class=\"more-link\" href=\"https:\/\/acasaladillo.com.ar\/?page_id=38464\">Read more &rarr;<\/a><\/p>\n","protected":false},"author":3,"featured_media":0,"parent":0,"menu_order":0,"comment_status":"closed","ping_status":"closed","template":"","meta":{"_monsterinsights_skip_tracking":false,"footnotes":""},"class_list":["post-38464","page","type-page","status-publish","hentry"],"aioseo_notices":[],"_links":{"self":[{"href":"https:\/\/acasaladillo.com.ar\/index.php?rest_route=\/wp\/v2\/pages\/38464","targetHints":{"allow":["GET"]}}],"collection":[{"href":"https:\/\/acasaladillo.com.ar\/index.php?rest_route=\/wp\/v2\/pages"}],"about":[{"href":"https:\/\/acasaladillo.com.ar\/index.php?rest_route=\/wp\/v2\/types\/page"}],"author":[{"embeddable":true,"href":"https:\/\/acasaladillo.com.ar\/index.php?rest_route=\/wp\/v2\/users\/3"}],"replies":[{"embeddable":true,"href":"https:\/\/acasaladillo.com.ar\/index.php?rest_route=%2Fwp%2Fv2%2Fcomments&post=38464"}],"version-history":[{"count":5,"href":"https:\/\/acasaladillo.com.ar\/index.php?rest_route=\/wp\/v2\/pages\/38464\/revisions"}],"predecessor-version":[{"id":60568,"href":"https:\/\/acasaladillo.com.ar\/index.php?rest_route=\/wp\/v2\/pages\/38464\/revisions\/60568"}],"wp:attachment":[{"href":"https:\/\/acasaladillo.com.ar\/index.php?rest_route=%2Fwp%2Fv2%2Fmedia&parent=38464"}],"curies":[{"name":"wp","href":"https:\/\/api.w.org\/{rel}","templated":true}]}}