{"id":30228,"date":"2018-03-15T18:36:02","date_gmt":"2018-03-15T21:36:02","guid":{"rendered":"http:\/\/acasaladillo.com.ar\/?page_id=30228"},"modified":"2026-03-30T12:08:43","modified_gmt":"2026-03-30T15:08:43","slug":"recuerdos","status":"publish","type":"page","link":"https:\/\/acasaladillo.com.ar\/?page_id=30228","title":{"rendered":"Recuerdos"},"content":{"rendered":"<p><a href=\"http:\/\/acasaladillo.com.ar\/wp-content\/uploads\/2018\/03\/recuerdos-2.jpg\"><img loading=\"lazy\" decoding=\"async\" class=\"alignnone size-medium wp-image-30229\" src=\"http:\/\/acasaladillo.com.ar\/wp-content\/uploads\/2018\/03\/recuerdos-2-300x198.jpg\" alt=\"recuerdos 2\" width=\"300\" height=\"198\" data-id=\"30229\" srcset=\"https:\/\/acasaladillo.com.ar\/wp-content\/uploads\/2018\/03\/recuerdos-2-300x198.jpg 300w, https:\/\/acasaladillo.com.ar\/wp-content\/uploads\/2018\/03\/recuerdos-2-560x370.jpg 560w, https:\/\/acasaladillo.com.ar\/wp-content\/uploads\/2018\/03\/recuerdos-2-260x172.jpg 260w, https:\/\/acasaladillo.com.ar\/wp-content\/uploads\/2018\/03\/recuerdos-2-160x105.jpg 160w, https:\/\/acasaladillo.com.ar\/wp-content\/uploads\/2018\/03\/recuerdos-2.jpg 780w\" sizes=\"auto, (max-width: 300px) 100vw, 300px\" \/><\/a><em>\u00a0<\/em><\/p>\n<hr \/>\n<p><em><strong>Mandanos tu foto de recuerdo a<\/strong> : <\/em><\/p>\n<p><strong>agenciamedbruno@gmail.com\u00a0<\/strong><\/p>\n<hr \/>\n<p><!--more--><\/p>\n<hr \/>\n<p><strong><a href=\"http:\/\/acasaladillo.com.ar\/wp-content\/uploads\/2018\/03\/gonzales-maza-marconi.jpg\"><img loading=\"lazy\" decoding=\"async\" class=\"alignnone size-medium wp-image-40632\" src=\"http:\/\/acasaladillo.com.ar\/wp-content\/uploads\/2018\/03\/gonzales-maza-marconi-249x300.jpg\" alt=\"gonzales maza marconi\" width=\"249\" height=\"300\" data-id=\"40632\" srcset=\"https:\/\/acasaladillo.com.ar\/wp-content\/uploads\/2018\/03\/gonzales-maza-marconi-249x300.jpg 249w, https:\/\/acasaladillo.com.ar\/wp-content\/uploads\/2018\/03\/gonzales-maza-marconi-560x672.jpg 560w, https:\/\/acasaladillo.com.ar\/wp-content\/uploads\/2018\/03\/gonzales-maza-marconi-260x312.jpg 260w, https:\/\/acasaladillo.com.ar\/wp-content\/uploads\/2018\/03\/gonzales-maza-marconi-160x192.jpg 160w, https:\/\/acasaladillo.com.ar\/wp-content\/uploads\/2018\/03\/gonzales-maza-marconi.jpg 587w\" sizes=\"auto, (max-width: 249px) 100vw, 249px\" \/><\/a><\/strong><\/p>\n<p>Diciembre de 2017 \u00b7<br \/><strong>Hace 50 a\u00f1os Jorge Mazza \u00a0<\/strong>\u2014 con Eduardo A. Gonz\u00e1lez, Ana Lia Mazza y Carlos Marconi<\/p>\n<hr \/>\n<p><a href=\"http:\/\/acasaladillo.com.ar\/wp-content\/uploads\/2018\/03\/MERITENZ.jpg\"><img loading=\"lazy\" decoding=\"async\" class=\"alignnone size-medium wp-image-40628\" src=\"http:\/\/acasaladillo.com.ar\/wp-content\/uploads\/2018\/03\/MERITENZ-300x203.jpg\" alt=\"MERITENZ\" width=\"300\" height=\"203\" data-id=\"40628\" srcset=\"https:\/\/acasaladillo.com.ar\/wp-content\/uploads\/2018\/03\/MERITENZ-300x203.jpg 300w, https:\/\/acasaladillo.com.ar\/wp-content\/uploads\/2018\/03\/MERITENZ-560x380.jpg 560w, https:\/\/acasaladillo.com.ar\/wp-content\/uploads\/2018\/03\/MERITENZ-260x176.jpg 260w, https:\/\/acasaladillo.com.ar\/wp-content\/uploads\/2018\/03\/MERITENZ-160x108.jpg 160w, https:\/\/acasaladillo.com.ar\/wp-content\/uploads\/2018\/03\/MERITENZ.jpg 604w\" sizes=\"auto, (max-width: 300px) 100vw, 300px\" \/><\/a><\/p>\n<p>Hay tanto para decir&#8230;. mi primera banda, s\u00f3lo un saludo al cielo para Miguel \u00c1ngel Garc\u00eda ,Horacio vital Pedraza .Bendiciones a los que est\u00e1n abrazo grande!!! <strong>Carlos Ismael Meritens<\/strong><\/p>\n<hr \/>\n<p><a href=\"http:\/\/acasaladillo.com.ar\/wp-content\/uploads\/2018\/03\/lacunza-2.jpg\"><img loading=\"lazy\" decoding=\"async\" class=\"alignnone size-medium wp-image-40627\" src=\"http:\/\/acasaladillo.com.ar\/wp-content\/uploads\/2018\/03\/lacunza-2-300x225.jpg\" alt=\"lacunza (2)\" width=\"300\" height=\"225\" data-id=\"40627\" srcset=\"https:\/\/acasaladillo.com.ar\/wp-content\/uploads\/2018\/03\/lacunza-2-300x225.jpg 300w, https:\/\/acasaladillo.com.ar\/wp-content\/uploads\/2018\/03\/lacunza-2-560x420.jpg 560w, https:\/\/acasaladillo.com.ar\/wp-content\/uploads\/2018\/03\/lacunza-2-260x195.jpg 260w, https:\/\/acasaladillo.com.ar\/wp-content\/uploads\/2018\/03\/lacunza-2-160x120.jpg 160w, https:\/\/acasaladillo.com.ar\/wp-content\/uploads\/2018\/03\/lacunza-2.jpg 960w\" sizes=\"auto, (max-width: 300px) 100vw, 300px\" \/><\/a><a href=\"http:\/\/acasaladillo.com.ar\/wp-content\/uploads\/2018\/03\/lacunza-1.jpg\"><img loading=\"lazy\" decoding=\"async\" class=\"alignnone size-medium wp-image-40626\" src=\"http:\/\/acasaladillo.com.ar\/wp-content\/uploads\/2018\/03\/lacunza-1-300x225.jpg\" alt=\"lacunza (1)\" width=\"300\" height=\"225\" data-id=\"40626\" srcset=\"https:\/\/acasaladillo.com.ar\/wp-content\/uploads\/2018\/03\/lacunza-1-300x225.jpg 300w, https:\/\/acasaladillo.com.ar\/wp-content\/uploads\/2018\/03\/lacunza-1-560x420.jpg 560w, https:\/\/acasaladillo.com.ar\/wp-content\/uploads\/2018\/03\/lacunza-1-260x195.jpg 260w, https:\/\/acasaladillo.com.ar\/wp-content\/uploads\/2018\/03\/lacunza-1-160x120.jpg 160w, https:\/\/acasaladillo.com.ar\/wp-content\/uploads\/2018\/03\/lacunza-1.jpg 960w\" sizes=\"auto, (max-width: 300px) 100vw, 300px\" \/><\/a><\/p>\n<p><span style=\"font-size: revert; color: initial;\">Mi primera carrera del CAM, a\u00f1o 85 Hiro 200cc. Y una de mis ultimas a\u00f1o 86 <\/span><strong>Jorge Lacunza<\/strong><\/p>\n<hr \/>\n<p><a href=\"http:\/\/acasaladillo.com.ar\/wp-content\/uploads\/2018\/03\/sue\u00f1o-dorado.jpg\"><img loading=\"lazy\" decoding=\"async\" class=\"alignnone size-medium wp-image-40586\" src=\"http:\/\/acasaladillo.com.ar\/wp-content\/uploads\/2018\/03\/sue\u00f1o-dorado-300x197.jpg\" alt=\"sue\u00f1o dorado\" width=\"300\" height=\"197\" data-id=\"40586\" srcset=\"https:\/\/acasaladillo.com.ar\/wp-content\/uploads\/2018\/03\/sue\u00f1o-dorado-300x197.jpg 300w, https:\/\/acasaladillo.com.ar\/wp-content\/uploads\/2018\/03\/sue\u00f1o-dorado-560x368.jpg 560w, https:\/\/acasaladillo.com.ar\/wp-content\/uploads\/2018\/03\/sue\u00f1o-dorado-260x171.jpg 260w, https:\/\/acasaladillo.com.ar\/wp-content\/uploads\/2018\/03\/sue\u00f1o-dorado-160x105.jpg 160w, https:\/\/acasaladillo.com.ar\/wp-content\/uploads\/2018\/03\/sue\u00f1o-dorado.jpg 640w\" sizes=\"auto, (max-width: 300px) 100vw, 300px\" \/><\/a><\/p>\n<p>Siempre en mi Cuore \u2764 !!!!!!!! Encontr\u00e9 esta foto en el ba\u00fal de los recuerdos ! A\u00f1o 1995 ., NICO&#8217;S PUB AV Moreno casi Rivadavia., Despedida de a\u00f1o en la calle.! \u00abGrupo SUE\u00d1O DORADO \u00ab<strong>Christian Laveglia<\/strong><\/p>\n<hr \/>\n<p><a href=\"http:\/\/acasaladillo.com.ar\/wp-content\/uploads\/2018\/03\/file.jpeg\"><img loading=\"lazy\" decoding=\"async\" class=\"alignnone size-medium wp-image-30676\" src=\"http:\/\/acasaladillo.com.ar\/wp-content\/uploads\/2018\/03\/file-300x297.jpeg\" alt=\"file\" width=\"300\" height=\"297\" data-id=\"30676\" srcset=\"https:\/\/acasaladillo.com.ar\/wp-content\/uploads\/2018\/03\/file-300x297.jpeg 300w, https:\/\/acasaladillo.com.ar\/wp-content\/uploads\/2018\/03\/file-560x554.jpeg 560w, https:\/\/acasaladillo.com.ar\/wp-content\/uploads\/2018\/03\/file-260x257.jpeg 260w, https:\/\/acasaladillo.com.ar\/wp-content\/uploads\/2018\/03\/file-160x158.jpeg 160w\" sizes=\"auto, (max-width: 300px) 100vw, 300px\" \/><\/a><\/p>\n<p><strong style=\"font-size: revert; color: initial;\">Julio Jorge Olarticoechea-H\u00e9ctor Enrique<\/strong><\/p>\n<hr \/>\n\n\n<figure class=\"wp-block-image size-large\"><img loading=\"lazy\" decoding=\"async\" width=\"960\" height=\"701\" src=\"http:\/\/acasaladillo.com.ar\/wp-content\/uploads\/2020\/08\/goly-marconi-flaco.jpg\" alt=\"\" class=\"wp-image-43020\" srcset=\"https:\/\/acasaladillo.com.ar\/wp-content\/uploads\/2020\/08\/goly-marconi-flaco.jpg 960w, https:\/\/acasaladillo.com.ar\/wp-content\/uploads\/2020\/08\/goly-marconi-flaco-300x219.jpg 300w, https:\/\/acasaladillo.com.ar\/wp-content\/uploads\/2020\/08\/goly-marconi-flaco-768x561.jpg 768w, https:\/\/acasaladillo.com.ar\/wp-content\/uploads\/2020\/08\/goly-marconi-flaco-560x409.jpg 560w, https:\/\/acasaladillo.com.ar\/wp-content\/uploads\/2020\/08\/goly-marconi-flaco-260x190.jpg 260w, https:\/\/acasaladillo.com.ar\/wp-content\/uploads\/2020\/08\/goly-marconi-flaco-160x117.jpg 160w\" sizes=\"auto, (max-width: 960px) 100vw, 960px\" \/><\/figure>\n\n\n\n<p><strong>V\u00cdCTOR HUGO<\/strong> <strong>\u00abEL FLACO , EL GOLY\u00bb MARCONI <\/strong>FALLECI\u00d3  MARTES 13 DE MARZO 2018<\/p>\n\n\n\n<hr class=\"wp-block-separator has-css-opacity\"\/>\n\n\n\n<figure class=\"wp-block-image size-full\"><img loading=\"lazy\" decoding=\"async\" width=\"500\" height=\"261\" src=\"http:\/\/acasaladillo.com.ar\/wp-content\/uploads\/2021\/12\/safe_image.jpg\" alt=\"\" class=\"wp-image-50707\" srcset=\"https:\/\/acasaladillo.com.ar\/wp-content\/uploads\/2021\/12\/safe_image.jpg 500w, https:\/\/acasaladillo.com.ar\/wp-content\/uploads\/2021\/12\/safe_image-300x157.jpg 300w, https:\/\/acasaladillo.com.ar\/wp-content\/uploads\/2021\/12\/safe_image-260x136.jpg 260w, https:\/\/acasaladillo.com.ar\/wp-content\/uploads\/2021\/12\/safe_image-160x84.jpg 160w\" sizes=\"auto, (max-width: 500px) 100vw, 500px\" \/><figcaption class=\"wp-element-caption\"><strong>Osvaldo Lacunza<\/strong>, hist\u00f3rico bicicletero<\/figcaption><\/figure>\n\n\n\n<hr class=\"wp-block-separator has-css-opacity\"\/>\n\n\n\n<figure class=\"wp-block-image size-full is-style-default\"><img loading=\"lazy\" decoding=\"async\" width=\"425\" height=\"640\" src=\"https:\/\/acasaladillo.com.ar\/wp-content\/uploads\/2022\/01\/1-7.jpg\" alt=\"\" class=\"wp-image-50836\" srcset=\"https:\/\/acasaladillo.com.ar\/wp-content\/uploads\/2022\/01\/1-7.jpg 425w, https:\/\/acasaladillo.com.ar\/wp-content\/uploads\/2022\/01\/1-7-199x300.jpg 199w, https:\/\/acasaladillo.com.ar\/wp-content\/uploads\/2022\/01\/1-7-260x392.jpg 260w, https:\/\/acasaladillo.com.ar\/wp-content\/uploads\/2022\/01\/1-7-160x241.jpg 160w\" sizes=\"auto, (max-width: 425px) 100vw, 425px\" \/><\/figure>\n\n\n\n<p><a href=\"https:\/\/www.facebook.com\/saladillofotoestudio\/?__cft__[0]=AZX8xHTie8dILQdogkAGUldYMj2nkINBZFIQ1oUyZQXs2Rpn50AT65ykdzKNSE1LD9ObB_l_ZxJORL6VehlSzdhoZkndEBjQXwNz_lQj69-Kzw3ipFdP8_4-Vpv6nOFJqD1q2pa6Eudklq5bTg9YLksR&amp;__tn__=kK-R\">Estudio Escuela de Fotograf\u00eda<\/a><strong> Daniel Carnevali<\/strong> @saladillofotoestudio \u00b7 Arte y entretenimiento<\/p>\n\n\n\n<p>\u201cNac\u00ed en el campo, tengo 6\u00ba grado, pens\u00e9 y trabaj\u00e9 mucho y lo sigo haciendo. Fui herrero, mec\u00e1nico y luego empresario; quiero mucho a Saladillo. Mi fuente de inspiraci\u00f3n, la familia. Agradezco a Dios\u201d.FRANCISCO DEL\u00cdARetrato realizado el 14 de agosto de 2012.Con este peque\u00f1o homenaje quiero despedir a una persona que con trabajo, honestidad y amor por su pueblo inspir\u00f3 e iluminar\u00e1 el camino de muchos saladillenses.Foco. S\u00ed, un Adelantado\u2026un paso m\u00e1s adelante que los dem\u00e1s.<\/p>\n\n\n\n<hr class=\"wp-block-separator has-css-opacity\"\/>\n\n\n\n<figure class=\"wp-block-image size-full\"><img loading=\"lazy\" decoding=\"async\" width=\"2560\" height=\"1173\" src=\"https:\/\/acasaladillo.com.ar\/wp-content\/uploads\/2022\/10\/000-El-Flaco-Gonzalez-y-su-personaje-Germanil-en-el-film-de-Junco-y-Midu-scaled.jpg\" alt=\"\" class=\"wp-image-54604\" srcset=\"https:\/\/acasaladillo.com.ar\/wp-content\/uploads\/2022\/10\/000-El-Flaco-Gonzalez-y-su-personaje-Germanil-en-el-film-de-Junco-y-Midu-scaled.jpg 2560w, https:\/\/acasaladillo.com.ar\/wp-content\/uploads\/2022\/10\/000-El-Flaco-Gonzalez-y-su-personaje-Germanil-en-el-film-de-Junco-y-Midu-300x137.jpg 300w, https:\/\/acasaladillo.com.ar\/wp-content\/uploads\/2022\/10\/000-El-Flaco-Gonzalez-y-su-personaje-Germanil-en-el-film-de-Junco-y-Midu-768x352.jpg 768w, https:\/\/acasaladillo.com.ar\/wp-content\/uploads\/2022\/10\/000-El-Flaco-Gonzalez-y-su-personaje-Germanil-en-el-film-de-Junco-y-Midu-1536x704.jpg 1536w, https:\/\/acasaladillo.com.ar\/wp-content\/uploads\/2022\/10\/000-El-Flaco-Gonzalez-y-su-personaje-Germanil-en-el-film-de-Junco-y-Midu-2048x938.jpg 2048w, https:\/\/acasaladillo.com.ar\/wp-content\/uploads\/2022\/10\/000-El-Flaco-Gonzalez-y-su-personaje-Germanil-en-el-film-de-Junco-y-Midu-560x257.jpg 560w, https:\/\/acasaladillo.com.ar\/wp-content\/uploads\/2022\/10\/000-El-Flaco-Gonzalez-y-su-personaje-Germanil-en-el-film-de-Junco-y-Midu-260x119.jpg 260w, https:\/\/acasaladillo.com.ar\/wp-content\/uploads\/2022\/10\/000-El-Flaco-Gonzalez-y-su-personaje-Germanil-en-el-film-de-Junco-y-Midu-160x73.jpg 160w\" sizes=\"auto, (max-width: 2560px) 100vw, 2560px\" \/><figcaption class=\"wp-element-caption\"><strong>\u00abEl Flaco\u00bb Gonz\u00e1lez<\/strong> y su personaje Germanil, en el film de Junco y Mid\u00fa<\/figcaption><\/figure>\n\n\n\n<hr class=\"wp-block-separator has-css-opacity\"\/>\n\n\n\n<figure class=\"wp-block-image size-full\"><img loading=\"lazy\" decoding=\"async\" width=\"697\" height=\"1280\" src=\"https:\/\/acasaladillo.com.ar\/wp-content\/uploads\/2022\/10\/JUAN-CARLOS-VASCO-PEREZ..jpg\" alt=\"\" class=\"wp-image-54605\" srcset=\"https:\/\/acasaladillo.com.ar\/wp-content\/uploads\/2022\/10\/JUAN-CARLOS-VASCO-PEREZ..jpg 697w, https:\/\/acasaladillo.com.ar\/wp-content\/uploads\/2022\/10\/JUAN-CARLOS-VASCO-PEREZ.-163x300.jpg 163w, https:\/\/acasaladillo.com.ar\/wp-content\/uploads\/2022\/10\/JUAN-CARLOS-VASCO-PEREZ.-544x999.jpg 544w, https:\/\/acasaladillo.com.ar\/wp-content\/uploads\/2022\/10\/JUAN-CARLOS-VASCO-PEREZ.-260x477.jpg 260w, https:\/\/acasaladillo.com.ar\/wp-content\/uploads\/2022\/10\/JUAN-CARLOS-VASCO-PEREZ.-160x294.jpg 160w\" sizes=\"auto, (max-width: 697px) 100vw, 697px\" \/><figcaption class=\"wp-element-caption\"><strong>JUAN CARLOS \u201cVASCO\u201d P\u00c9REZ.<\/strong><\/figcaption><\/figure>\n\n\n\n<hr class=\"wp-block-separator has-css-opacity\"\/>\n\n\n\n<figure class=\"wp-block-image size-full\"><img loading=\"lazy\" decoding=\"async\" width=\"389\" height=\"280\" src=\"https:\/\/acasaladillo.com.ar\/wp-content\/uploads\/2022\/10\/313427089_10217734691432952_6690191868524300498_n.jpg\" alt=\"\" class=\"wp-image-54606\" srcset=\"https:\/\/acasaladillo.com.ar\/wp-content\/uploads\/2022\/10\/313427089_10217734691432952_6690191868524300498_n.jpg 389w, https:\/\/acasaladillo.com.ar\/wp-content\/uploads\/2022\/10\/313427089_10217734691432952_6690191868524300498_n-300x216.jpg 300w, https:\/\/acasaladillo.com.ar\/wp-content\/uploads\/2022\/10\/313427089_10217734691432952_6690191868524300498_n-260x187.jpg 260w, https:\/\/acasaladillo.com.ar\/wp-content\/uploads\/2022\/10\/313427089_10217734691432952_6690191868524300498_n-160x115.jpg 160w\" sizes=\"auto, (max-width: 389px) 100vw, 389px\" \/><figcaption class=\"wp-element-caption\">Hola, les mando una foto que calculo que es de 1910 o 1911. El hombre que est\u00e1 tomando mate es mi bisabuelo, Vicente Gamberale, que fue jefe de la estaci\u00f3n de Caz\u00f3n. No s\u00e9 exactamente en qu\u00e9 a\u00f1os trabaj\u00f3 ah\u00ed, pero s\u00e9 que su hijo menor, C\u00e9sar, naci\u00f3 en Caz\u00f3n en 1906 y en esta foto tendr\u00e1 unos 5 a\u00f1os. As\u00ed que al menos estuvo entre 1906 y 1910.<br>La foto es detr\u00e1s de la estaci\u00f3n, est\u00e1 mi bisabuelo con su esposa e hijos.<br>Mi nombre es <strong>Marina Murtagh<\/strong> y vivo en La PLata.<br>Saludos!<\/figcaption><\/figure>\n\n\n\n<hr class=\"wp-block-separator has-css-opacity\"\/>\n\n\n\n<figure class=\"wp-block-image size-full\"><img loading=\"lazy\" decoding=\"async\" width=\"640\" height=\"507\" src=\"https:\/\/acasaladillo.com.ar\/wp-content\/uploads\/2022\/11\/292441214_141250521913616_7494948085743546682_n.jpg\" alt=\"\" class=\"wp-image-54623\" srcset=\"https:\/\/acasaladillo.com.ar\/wp-content\/uploads\/2022\/11\/292441214_141250521913616_7494948085743546682_n.jpg 640w, https:\/\/acasaladillo.com.ar\/wp-content\/uploads\/2022\/11\/292441214_141250521913616_7494948085743546682_n-300x238.jpg 300w, https:\/\/acasaladillo.com.ar\/wp-content\/uploads\/2022\/11\/292441214_141250521913616_7494948085743546682_n-560x444.jpg 560w, https:\/\/acasaladillo.com.ar\/wp-content\/uploads\/2022\/11\/292441214_141250521913616_7494948085743546682_n-260x206.jpg 260w, https:\/\/acasaladillo.com.ar\/wp-content\/uploads\/2022\/11\/292441214_141250521913616_7494948085743546682_n-160x127.jpg 160w\" sizes=\"auto, (max-width: 640px) 100vw, 640px\" \/><figcaption class=\"wp-element-caption\">Club Pampero de Polvaredas<\/figcaption><\/figure>\n\n\n\n<hr class=\"wp-block-separator has-css-opacity\"\/>\n\n\n\n<figure class=\"wp-block-gallery has-nested-images columns-default is-cropped wp-block-gallery-1 is-layout-flex wp-block-gallery-is-layout-flex\">\n<figure class=\"wp-block-image size-large\"><img loading=\"lazy\" decoding=\"async\" width=\"503\" height=\"600\" data-id=\"54869\" src=\"https:\/\/acasaladillo.com.ar\/wp-content\/uploads\/2022\/11\/291330647_2226797967483016_8805674578590581450_n.jpg\" alt=\"\" class=\"wp-image-54869\" srcset=\"https:\/\/acasaladillo.com.ar\/wp-content\/uploads\/2022\/11\/291330647_2226797967483016_8805674578590581450_n.jpg 503w, https:\/\/acasaladillo.com.ar\/wp-content\/uploads\/2022\/11\/291330647_2226797967483016_8805674578590581450_n-252x300.jpg 252w, https:\/\/acasaladillo.com.ar\/wp-content\/uploads\/2022\/11\/291330647_2226797967483016_8805674578590581450_n-260x310.jpg 260w, https:\/\/acasaladillo.com.ar\/wp-content\/uploads\/2022\/11\/291330647_2226797967483016_8805674578590581450_n-160x191.jpg 160w\" sizes=\"auto, (max-width: 503px) 100vw, 503px\" \/><\/figure>\n\n\n\n<figure class=\"wp-block-image size-large\"><img loading=\"lazy\" decoding=\"async\" width=\"591\" height=\"414\" data-id=\"54870\" src=\"https:\/\/acasaladillo.com.ar\/wp-content\/uploads\/2022\/11\/291890253_2226798010816345_7486323706001541644_n.jpg\" alt=\"\" class=\"wp-image-54870\" srcset=\"https:\/\/acasaladillo.com.ar\/wp-content\/uploads\/2022\/11\/291890253_2226798010816345_7486323706001541644_n.jpg 591w, https:\/\/acasaladillo.com.ar\/wp-content\/uploads\/2022\/11\/291890253_2226798010816345_7486323706001541644_n-300x210.jpg 300w, https:\/\/acasaladillo.com.ar\/wp-content\/uploads\/2022\/11\/291890253_2226798010816345_7486323706001541644_n-560x392.jpg 560w, https:\/\/acasaladillo.com.ar\/wp-content\/uploads\/2022\/11\/291890253_2226798010816345_7486323706001541644_n-260x182.jpg 260w, https:\/\/acasaladillo.com.ar\/wp-content\/uploads\/2022\/11\/291890253_2226798010816345_7486323706001541644_n-160x112.jpg 160w\" sizes=\"auto, (max-width: 591px) 100vw, 591px\" \/><\/figure>\n<figcaption class=\"blocks-gallery-caption wp-element-caption\"><strong>Luciana de Brito<\/strong>&nbsp;&nbsp;&nbsp; RECUERDOS&#8230;HISTORIA<br>En la primera foto mi #pap\u00e1 en la segunda el lugar donde me cri\u00e9.<br>Muchos no lo conocer\u00e1n, otros sabr\u00e1n una parte de la historia.. las personas no somos buenas o malas somos lo que el otro cuenta de nosotros.<br>Mi pap\u00e1, como muchos lo conoc\u00edan \u00abel ciruja britos\u00bb. No era malo con nosotros desde que falleci\u00f3 mi mam\u00e1.. yo casi con 9 a\u00f1os se hizo cargo de nosotros 4 &#8230; el nos ense\u00f1o a valorar a la gente , a que todos somos iguales, que nadie est\u00e1 por sobre nadie..que hay que luchar por lo que deseas y si todos nos equivocamos el seguro que tambi\u00e9n lo hizo. Que deb\u00eda ir por la calle con la frente en alto porque no le hac\u00edamos mal a nadie y verg\u00fcenza le ten\u00eda que dar al que robaba.. En la escuela me discriminaban mucho por eso&#8230;me hac\u00edan a un lado , muchas veces me dec\u00edan cosas irientes , pero el siempre me ense\u00f1o a defenderme &#8230; muy feliz de donde vengo<\/figcaption><\/figure>\n\n\n\n<hr class=\"wp-block-separator has-css-opacity\"\/>\n\n\n\n<figure class=\"wp-block-image size-full\"><img loading=\"lazy\" decoding=\"async\" width=\"526\" height=\"525\" src=\"https:\/\/acasaladillo.com.ar\/wp-content\/uploads\/2022\/11\/315020133_2338032676359544_3650000649885564029_n.jpg\" alt=\"\" class=\"wp-image-54876\" srcset=\"https:\/\/acasaladillo.com.ar\/wp-content\/uploads\/2022\/11\/315020133_2338032676359544_3650000649885564029_n.jpg 526w, https:\/\/acasaladillo.com.ar\/wp-content\/uploads\/2022\/11\/315020133_2338032676359544_3650000649885564029_n-300x300.jpg 300w, https:\/\/acasaladillo.com.ar\/wp-content\/uploads\/2022\/11\/315020133_2338032676359544_3650000649885564029_n-260x260.jpg 260w, https:\/\/acasaladillo.com.ar\/wp-content\/uploads\/2022\/11\/315020133_2338032676359544_3650000649885564029_n-160x160.jpg 160w\" sizes=\"auto, (max-width: 526px) 100vw, 526px\" \/><figcaption class=\"wp-element-caption\">FOTON!!! ES NUESTRO!!! ES SALADILLENSE!!!<br><a href=\"https:\/\/www.facebook.com\/profile.php?id=100072305205034&amp;__cft__[0]=AZWbev5_AWofB5ATl4fSbluiwbCtq5pN4iBH53gDbvZ1qvTC9A6lJk2_MY16Bjx0UDVFt01a_EbIfdF4AQu4fTUDkU2f5tZnml1Vk1FlTA4Ec5jgekfWGsdlnv076aAqF9Q0r8UyZKPb7vNrRHlXYx7M1hFIRdVkB4B0T4VmRsrHIyyLHvB978L-qA4SLeZcv5EmBJ0o-daN95bMH39yHbJc&amp;__tn__=-]K-y-R\">Julio Jorge Olarticoechea<\/a><br><img loading=\"lazy\" decoding=\"async\" height=\"16\" width=\"16\" alt=\"\ud83e\udd69\" src=\"https:\/\/static.xx.fbcdn.net\/images\/emoji.php\/v9\/td4\/1\/16\/1f969.png\"><img loading=\"lazy\" decoding=\"async\" height=\"16\" width=\"16\" alt=\"\ud83c\udde6\ud83c\uddf7\" src=\"https:\/\/static.xx.fbcdn.net\/images\/emoji.php\/v9\/t48\/1\/16\/1f1e6_1f1f7.png\"> A d\u00edas de levantar la Copa del Mundo en M\u00e9xico 1986, la Selecci\u00f3n Argentina disfrutaba de un asadito, todos juntos, en el predio del Am\u00e9rica. Como si no estuviesen a punto de conseguir el mayor logro deportivo de sus vidas.<\/figcaption><\/figure>\n\n\n\n<hr class=\"wp-block-separator has-css-opacity\"\/>\n\n\n\n<figure class=\"wp-block-gallery has-nested-images columns-default is-cropped wp-block-gallery-2 is-layout-flex wp-block-gallery-is-layout-flex\">\n<figure class=\"wp-block-image size-large\"><img loading=\"lazy\" decoding=\"async\" width=\"1280\" height=\"960\" data-id=\"55209\" src=\"https:\/\/acasaladillo.com.ar\/wp-content\/uploads\/2022\/12\/Alfonsin-Armendariz-Gorosito-1.jpg\" alt=\"\" class=\"wp-image-55209\" srcset=\"https:\/\/acasaladillo.com.ar\/wp-content\/uploads\/2022\/12\/Alfonsin-Armendariz-Gorosito-1.jpg 1280w, https:\/\/acasaladillo.com.ar\/wp-content\/uploads\/2022\/12\/Alfonsin-Armendariz-Gorosito-1-300x225.jpg 300w, https:\/\/acasaladillo.com.ar\/wp-content\/uploads\/2022\/12\/Alfonsin-Armendariz-Gorosito-1-768x576.jpg 768w, https:\/\/acasaladillo.com.ar\/wp-content\/uploads\/2022\/12\/Alfonsin-Armendariz-Gorosito-1-560x420.jpg 560w, https:\/\/acasaladillo.com.ar\/wp-content\/uploads\/2022\/12\/Alfonsin-Armendariz-Gorosito-1-260x195.jpg 260w, https:\/\/acasaladillo.com.ar\/wp-content\/uploads\/2022\/12\/Alfonsin-Armendariz-Gorosito-1-160x120.jpg 160w\" sizes=\"auto, (max-width: 1280px) 100vw, 1280px\" \/><\/figure>\n\n\n\n<figure class=\"wp-block-image size-large\"><img loading=\"lazy\" decoding=\"async\" width=\"1280\" height=\"960\" data-id=\"55210\" src=\"https:\/\/acasaladillo.com.ar\/wp-content\/uploads\/2022\/12\/Alfonsin-Armendariz-Gorosito-2.jpg\" alt=\"\" class=\"wp-image-55210\" srcset=\"https:\/\/acasaladillo.com.ar\/wp-content\/uploads\/2022\/12\/Alfonsin-Armendariz-Gorosito-2.jpg 1280w, https:\/\/acasaladillo.com.ar\/wp-content\/uploads\/2022\/12\/Alfonsin-Armendariz-Gorosito-2-300x225.jpg 300w, https:\/\/acasaladillo.com.ar\/wp-content\/uploads\/2022\/12\/Alfonsin-Armendariz-Gorosito-2-768x576.jpg 768w, https:\/\/acasaladillo.com.ar\/wp-content\/uploads\/2022\/12\/Alfonsin-Armendariz-Gorosito-2-560x420.jpg 560w, https:\/\/acasaladillo.com.ar\/wp-content\/uploads\/2022\/12\/Alfonsin-Armendariz-Gorosito-2-260x195.jpg 260w, https:\/\/acasaladillo.com.ar\/wp-content\/uploads\/2022\/12\/Alfonsin-Armendariz-Gorosito-2-160x120.jpg 160w\" sizes=\"auto, (max-width: 1280px) 100vw, 1280px\" \/><\/figure>\n<figcaption class=\"blocks-gallery-caption wp-element-caption\">HACE 50 A\u00d1OS EN 25 DE MAYO EN UN ACTO CON ALFONSIN Y ARMENDARIZ<br>\u201c DEC\u00cdA ALFONSIN EN 1972 DURANTE EL GOBIERNO DE LA DICTADURA \u201cDEMOCRACIA ES PODER VOTAR A FAVOR DE ALGO.PERO ES TAMBIEN PRONUNCIARSE EN CONTRA DE ALGO,SINO HAY POSBILIDAD DE DISENTIR Y DE HACER PUBLICO ESE DISENTIMIENTO,NO HAY DEMOCRACIA\u201d.ALFONSIN SIEMPRE NOS MARCO UN CAMINO A SEGUIR\u201d CARLOS ANTONIO GOROSITO 2022-<\/figcaption><\/figure>\n\n\n\n<hr class=\"wp-block-separator has-css-opacity\"\/>\n\n\n\n<figure class=\"wp-block-image size-full\"><img loading=\"lazy\" decoding=\"async\" width=\"351\" height=\"499\" src=\"https:\/\/acasaladillo.com.ar\/wp-content\/uploads\/2023\/01\/s.jpg\" alt=\"\" class=\"wp-image-55922\" srcset=\"https:\/\/acasaladillo.com.ar\/wp-content\/uploads\/2023\/01\/s.jpg 351w, https:\/\/acasaladillo.com.ar\/wp-content\/uploads\/2023\/01\/s-211x300.jpg 211w, https:\/\/acasaladillo.com.ar\/wp-content\/uploads\/2023\/01\/s-260x370.jpg 260w, https:\/\/acasaladillo.com.ar\/wp-content\/uploads\/2023\/01\/s-160x227.jpg 160w\" sizes=\"auto, (max-width: 351px) 100vw, 351px\" \/><figcaption class=\"wp-element-caption\"><strong>CALI CALI<\/strong><br>Queremos hacer p\u00fablico nuestro dolor, por el fallecimiento de <strong>Alfredo Mario \u00c1lvarez, \u00abCali Cali\u00bb.<br><\/strong><br>Ha sido una persona muy querida, que ha despertado el afecto en varios de nosotros. Su vida en Del Carril hizo que cosechar\u00e1 muchos seres queridos, y en retribuci\u00f3n, una de sus plazas lleva su nombre con orgullo y en reconocimiento a su persona.<br>Siempre lo recordaremos con mucho cari\u00f1o, y valoramos su admiraci\u00f3n por los Bomberos Voluntarios de Del Carril, a quienes benefici\u00f3 para siempre con la noble decisi\u00f3n que tom\u00f3 en benefici\u00f3 de esa Instituci\u00f3n.<br>Saludamos a su querida Familia y Amigos en este triste momento.<br>Hasta siempre \u00abCali Cali\u00bb. Quedar\u00e1s en nuestros corazones.<br>Descansa en Paz.<\/figcaption><\/figure>\n\n\n\n<hr class=\"wp-block-separator has-css-opacity\"\/>\n\n\n\n<figure class=\"wp-block-image size-full\"><img loading=\"lazy\" decoding=\"async\" width=\"1280\" height=\"1280\" src=\"https:\/\/acasaladillo.com.ar\/wp-content\/uploads\/2023\/01\/b241728e-b98a-4d9e-a98f-b70db293a4d9-1.jpg\" alt=\"\" class=\"wp-image-55928\" srcset=\"https:\/\/acasaladillo.com.ar\/wp-content\/uploads\/2023\/01\/b241728e-b98a-4d9e-a98f-b70db293a4d9-1.jpg 1280w, https:\/\/acasaladillo.com.ar\/wp-content\/uploads\/2023\/01\/b241728e-b98a-4d9e-a98f-b70db293a4d9-1-300x300.jpg 300w, https:\/\/acasaladillo.com.ar\/wp-content\/uploads\/2023\/01\/b241728e-b98a-4d9e-a98f-b70db293a4d9-1-768x768.jpg 768w, https:\/\/acasaladillo.com.ar\/wp-content\/uploads\/2023\/01\/b241728e-b98a-4d9e-a98f-b70db293a4d9-1-560x560.jpg 560w, https:\/\/acasaladillo.com.ar\/wp-content\/uploads\/2023\/01\/b241728e-b98a-4d9e-a98f-b70db293a4d9-1-260x260.jpg 260w, https:\/\/acasaladillo.com.ar\/wp-content\/uploads\/2023\/01\/b241728e-b98a-4d9e-a98f-b70db293a4d9-1-160x160.jpg 160w\" sizes=\"auto, (max-width: 1280px) 100vw, 1280px\" \/><\/figure>\n\n\n\n<hr class=\"wp-block-separator has-css-opacity\"\/>\n\n\n\n<figure class=\"wp-block-image size-full\"><img loading=\"lazy\" decoding=\"async\" width=\"900\" height=\"553\" src=\"https:\/\/acasaladillo.com.ar\/wp-content\/uploads\/2023\/01\/CARLOS-BENEVENTANO.jpg\" alt=\"\" class=\"wp-image-55927\" srcset=\"https:\/\/acasaladillo.com.ar\/wp-content\/uploads\/2023\/01\/CARLOS-BENEVENTANO.jpg 900w, https:\/\/acasaladillo.com.ar\/wp-content\/uploads\/2023\/01\/CARLOS-BENEVENTANO-300x184.jpg 300w, https:\/\/acasaladillo.com.ar\/wp-content\/uploads\/2023\/01\/CARLOS-BENEVENTANO-768x472.jpg 768w, https:\/\/acasaladillo.com.ar\/wp-content\/uploads\/2023\/01\/CARLOS-BENEVENTANO-560x344.jpg 560w, https:\/\/acasaladillo.com.ar\/wp-content\/uploads\/2023\/01\/CARLOS-BENEVENTANO-260x160.jpg 260w, https:\/\/acasaladillo.com.ar\/wp-content\/uploads\/2023\/01\/CARLOS-BENEVENTANO-160x98.jpg 160w\" sizes=\"auto, (max-width: 900px) 100vw, 900px\" \/><figcaption class=\"wp-element-caption\"><strong>GRUPO MUSICAL CARLOS BENEVENTANO<\/strong><br><br>Carlos Beneventano, Gonzalito, Maneco, \u00abpato\u00bb Beneventano y Caride<\/figcaption><\/figure>\n\n\n\n<hr class=\"wp-block-separator has-css-opacity\"\/>\n\n\n\n<figure class=\"wp-block-image size-full\"><img loading=\"lazy\" decoding=\"async\" width=\"960\" height=\"560\" src=\"https:\/\/acasaladillo.com.ar\/wp-content\/uploads\/2023\/02\/10382834_10205104354027019_7105219213593949250_n-1.jpg\" alt=\"\" class=\"wp-image-56198\" srcset=\"https:\/\/acasaladillo.com.ar\/wp-content\/uploads\/2023\/02\/10382834_10205104354027019_7105219213593949250_n-1.jpg 960w, https:\/\/acasaladillo.com.ar\/wp-content\/uploads\/2023\/02\/10382834_10205104354027019_7105219213593949250_n-1-300x175.jpg 300w, https:\/\/acasaladillo.com.ar\/wp-content\/uploads\/2023\/02\/10382834_10205104354027019_7105219213593949250_n-1-768x448.jpg 768w, https:\/\/acasaladillo.com.ar\/wp-content\/uploads\/2023\/02\/10382834_10205104354027019_7105219213593949250_n-1-560x327.jpg 560w, https:\/\/acasaladillo.com.ar\/wp-content\/uploads\/2023\/02\/10382834_10205104354027019_7105219213593949250_n-1-260x152.jpg 260w, https:\/\/acasaladillo.com.ar\/wp-content\/uploads\/2023\/02\/10382834_10205104354027019_7105219213593949250_n-1-160x93.jpg 160w\" sizes=\"auto, (max-width: 960px) 100vw, 960px\" \/><figcaption class=\"wp-element-caption\"><strong>ALBERTO BEN\u00cdTEZ<\/strong>: EL HISTORIADOR DE \u00abLA 31\u00bb<\/figcaption><\/figure>\n\n\n\n<hr class=\"wp-block-separator has-css-opacity\"\/>\n\n\n\n<figure class=\"wp-block-image size-full\"><img loading=\"lazy\" decoding=\"async\" width=\"848\" height=\"477\" src=\"https:\/\/acasaladillo.com.ar\/wp-content\/uploads\/2025\/02\/aaaaaaaaaaaaa.jpeg\" alt=\"\" class=\"wp-image-61288\" srcset=\"https:\/\/acasaladillo.com.ar\/wp-content\/uploads\/2025\/02\/aaaaaaaaaaaaa.jpeg 848w, https:\/\/acasaladillo.com.ar\/wp-content\/uploads\/2025\/02\/aaaaaaaaaaaaa-300x169.jpeg 300w, https:\/\/acasaladillo.com.ar\/wp-content\/uploads\/2025\/02\/aaaaaaaaaaaaa-768x432.jpeg 768w, https:\/\/acasaladillo.com.ar\/wp-content\/uploads\/2025\/02\/aaaaaaaaaaaaa-560x315.jpeg 560w, https:\/\/acasaladillo.com.ar\/wp-content\/uploads\/2025\/02\/aaaaaaaaaaaaa-260x146.jpeg 260w, https:\/\/acasaladillo.com.ar\/wp-content\/uploads\/2025\/02\/aaaaaaaaaaaaa-160x90.jpeg 160w\" sizes=\"auto, (max-width: 848px) 100vw, 848px\" \/><figcaption class=\"wp-element-caption\"><strong>Juan Carlos \u00abYuna\u00bb Rodriguez<\/strong>, uno de los m\u00fasicos y cantantes de folklore m\u00e1s emblem\u00e1ticos de nuestra ciudad.<br>Su d\u00fao junto a Miguel Rial \u00abLos Runaguanchi\u00bb y luego \u00abLos del Pa\u00eds\u00bb desde el a\u00f1o 1975 le permiti\u00f3 recorrer los escenarios de diferentes festivales de Buenos Aires, La Pampa, Santa F\u00e9 y C\u00f3rdoba, durante 44 a\u00f1os.<br>Con motivo de sus 40 a\u00f1os de trayectoria, el d\u00fao en 2015 grab\u00f3 un CD doble, con 23 canciones que quedar\u00e1n en nuestro recuerdo por siempre.<br>Vamos a extra\u00f1ar su constante humor \u00abNo le digas a nadie que me viste\u00bb Q.E.P.D<\/figcaption><\/figure>\n\n\n\n<hr class=\"wp-block-separator has-css-opacity\"\/>\n\n\n\n<figure class=\"wp-block-image size-full\"><img loading=\"lazy\" decoding=\"async\" width=\"960\" height=\"540\" src=\"https:\/\/acasaladillo.com.ar\/wp-content\/uploads\/2023\/02\/308173086_462127869310402_5891701416802966358_n.jpg\" alt=\"\" class=\"wp-image-56201\" srcset=\"https:\/\/acasaladillo.com.ar\/wp-content\/uploads\/2023\/02\/308173086_462127869310402_5891701416802966358_n.jpg 960w, https:\/\/acasaladillo.com.ar\/wp-content\/uploads\/2023\/02\/308173086_462127869310402_5891701416802966358_n-300x169.jpg 300w, https:\/\/acasaladillo.com.ar\/wp-content\/uploads\/2023\/02\/308173086_462127869310402_5891701416802966358_n-768x432.jpg 768w, https:\/\/acasaladillo.com.ar\/wp-content\/uploads\/2023\/02\/308173086_462127869310402_5891701416802966358_n-560x315.jpg 560w, https:\/\/acasaladillo.com.ar\/wp-content\/uploads\/2023\/02\/308173086_462127869310402_5891701416802966358_n-260x146.jpg 260w, https:\/\/acasaladillo.com.ar\/wp-content\/uploads\/2023\/02\/308173086_462127869310402_5891701416802966358_n-160x90.jpg 160w\" sizes=\"auto, (max-width: 960px) 100vw, 960px\" \/><figcaption class=\"wp-element-caption\"><strong>Parados:<\/strong> Walter Pallero, Piti Bassi, Cachimbo Dadone, Gonz\u00e1lez.<br><strong>Agachados<\/strong>: Alberto Nieto, Dar\u00edo Pallero, Cacho Luzzi, Eneas Sarlo<\/figcaption><\/figure>\n\n\n\n<hr class=\"wp-block-separator has-css-opacity\"\/>\n\n\n\n<figure class=\"wp-block-image size-full\"><img loading=\"lazy\" decoding=\"async\" width=\"720\" height=\"460\" src=\"https:\/\/acasaladillo.com.ar\/wp-content\/uploads\/2023\/02\/Adolfo-de-Castro.jpg\" alt=\"\" class=\"wp-image-56204\" srcset=\"https:\/\/acasaladillo.com.ar\/wp-content\/uploads\/2023\/02\/Adolfo-de-Castro.jpg 720w, https:\/\/acasaladillo.com.ar\/wp-content\/uploads\/2023\/02\/Adolfo-de-Castro-300x192.jpg 300w, https:\/\/acasaladillo.com.ar\/wp-content\/uploads\/2023\/02\/Adolfo-de-Castro-560x358.jpg 560w, https:\/\/acasaladillo.com.ar\/wp-content\/uploads\/2023\/02\/Adolfo-de-Castro-260x166.jpg 260w, https:\/\/acasaladillo.com.ar\/wp-content\/uploads\/2023\/02\/Adolfo-de-Castro-160x102.jpg 160w\" sizes=\"auto, (max-width: 720px) 100vw, 720px\" \/><figcaption class=\"wp-element-caption\"><strong>Adolfo De Castro<\/strong>. Hoy reconocido Lluthier, es oriundo de Saladillo y est\u00e1 radicado desde hace a\u00f1os en la Ciudad Aut\u00f3noma de Buenos Aires (CABA).<\/figcaption><\/figure>\n\n\n\n<hr class=\"wp-block-separator has-css-opacity\"\/>\n\n\n\n<figure class=\"wp-block-image size-full\"><img loading=\"lazy\" decoding=\"async\" width=\"843\" height=\"420\" src=\"https:\/\/acasaladillo.com.ar\/wp-content\/uploads\/2023\/02\/CARLOS-GIUSTOZZI.jpg\" alt=\"\" class=\"wp-image-56205\" srcset=\"https:\/\/acasaladillo.com.ar\/wp-content\/uploads\/2023\/02\/CARLOS-GIUSTOZZI.jpg 843w, https:\/\/acasaladillo.com.ar\/wp-content\/uploads\/2023\/02\/CARLOS-GIUSTOZZI-300x149.jpg 300w, https:\/\/acasaladillo.com.ar\/wp-content\/uploads\/2023\/02\/CARLOS-GIUSTOZZI-768x383.jpg 768w, https:\/\/acasaladillo.com.ar\/wp-content\/uploads\/2023\/02\/CARLOS-GIUSTOZZI-560x279.jpg 560w, https:\/\/acasaladillo.com.ar\/wp-content\/uploads\/2023\/02\/CARLOS-GIUSTOZZI-260x130.jpg 260w, https:\/\/acasaladillo.com.ar\/wp-content\/uploads\/2023\/02\/CARLOS-GIUSTOZZI-160x80.jpg 160w\" sizes=\"auto, (max-width: 843px) 100vw, 843px\" \/><figcaption class=\"wp-element-caption\"><strong>TC- Carlos Guistozzi<\/strong> &#8211; Falleci\u00f3 el 29-03-2013<\/figcaption><\/figure>\n\n\n\n<hr class=\"wp-block-separator has-css-opacity\"\/>\n\n\n\n<figure class=\"wp-block-image size-full\"><img loading=\"lazy\" decoding=\"async\" width=\"640\" height=\"480\" src=\"https:\/\/acasaladillo.com.ar\/wp-content\/uploads\/2023\/02\/57414099_398671380713188_2034880076629147648_n.jpg\" alt=\"\" class=\"wp-image-56207\" srcset=\"https:\/\/acasaladillo.com.ar\/wp-content\/uploads\/2023\/02\/57414099_398671380713188_2034880076629147648_n.jpg 640w, https:\/\/acasaladillo.com.ar\/wp-content\/uploads\/2023\/02\/57414099_398671380713188_2034880076629147648_n-300x225.jpg 300w, https:\/\/acasaladillo.com.ar\/wp-content\/uploads\/2023\/02\/57414099_398671380713188_2034880076629147648_n-560x420.jpg 560w, https:\/\/acasaladillo.com.ar\/wp-content\/uploads\/2023\/02\/57414099_398671380713188_2034880076629147648_n-260x195.jpg 260w, https:\/\/acasaladillo.com.ar\/wp-content\/uploads\/2023\/02\/57414099_398671380713188_2034880076629147648_n-160x120.jpg 160w\" sizes=\"auto, (max-width: 640px) 100vw, 640px\" \/><figcaption class=\"wp-element-caption\"><strong>12-12-83<\/strong><\/figcaption><\/figure>\n\n\n\n<hr class=\"wp-block-separator has-css-opacity\"\/>\n\n\n\n<figure class=\"wp-block-image size-full\"><img loading=\"lazy\" decoding=\"async\" width=\"720\" height=\"540\" src=\"https:\/\/acasaladillo.com.ar\/wp-content\/uploads\/2023\/03\/Walter-Giacagli-Hugo-Troche-Walter-Romero-Roberto-LopezLuis-Orlando-y-Walter-Loizaga-copia.jpg\" alt=\"\" class=\"wp-image-56636\" srcset=\"https:\/\/acasaladillo.com.ar\/wp-content\/uploads\/2023\/03\/Walter-Giacagli-Hugo-Troche-Walter-Romero-Roberto-LopezLuis-Orlando-y-Walter-Loizaga-copia.jpg 720w, https:\/\/acasaladillo.com.ar\/wp-content\/uploads\/2023\/03\/Walter-Giacagli-Hugo-Troche-Walter-Romero-Roberto-LopezLuis-Orlando-y-Walter-Loizaga-copia-300x225.jpg 300w, https:\/\/acasaladillo.com.ar\/wp-content\/uploads\/2023\/03\/Walter-Giacagli-Hugo-Troche-Walter-Romero-Roberto-LopezLuis-Orlando-y-Walter-Loizaga-copia-560x420.jpg 560w, https:\/\/acasaladillo.com.ar\/wp-content\/uploads\/2023\/03\/Walter-Giacagli-Hugo-Troche-Walter-Romero-Roberto-LopezLuis-Orlando-y-Walter-Loizaga-copia-260x195.jpg 260w, https:\/\/acasaladillo.com.ar\/wp-content\/uploads\/2023\/03\/Walter-Giacagli-Hugo-Troche-Walter-Romero-Roberto-LopezLuis-Orlando-y-Walter-Loizaga-copia-160x120.jpg 160w\" sizes=\"auto, (max-width: 720px) 100vw, 720px\" \/><\/figure>\n\n\n\n<p><strong>Juventud \u00abCarrilense\u00bb<\/strong><\/p>\n\n\n\n<p>Walter Giacaglia, Hugo Troche, Walter Romero, Roberto L\u00f3pez, Luis Orlando y Walter Loizaga &#8211; <\/p>\n\n\n\n<hr class=\"wp-block-separator has-css-opacity\"\/>\n\n\n\n<figure class=\"wp-block-image size-full\"><img loading=\"lazy\" decoding=\"async\" width=\"1280\" height=\"720\" src=\"https:\/\/acasaladillo.com.ar\/wp-content\/uploads\/2023\/03\/MARIA-KODAMA-1.jpg\" alt=\"\" class=\"wp-image-56637\" srcset=\"https:\/\/acasaladillo.com.ar\/wp-content\/uploads\/2023\/03\/MARIA-KODAMA-1.jpg 1280w, https:\/\/acasaladillo.com.ar\/wp-content\/uploads\/2023\/03\/MARIA-KODAMA-1-300x169.jpg 300w, https:\/\/acasaladillo.com.ar\/wp-content\/uploads\/2023\/03\/MARIA-KODAMA-1-768x432.jpg 768w, https:\/\/acasaladillo.com.ar\/wp-content\/uploads\/2023\/03\/MARIA-KODAMA-1-560x315.jpg 560w, https:\/\/acasaladillo.com.ar\/wp-content\/uploads\/2023\/03\/MARIA-KODAMA-1-260x146.jpg 260w, https:\/\/acasaladillo.com.ar\/wp-content\/uploads\/2023\/03\/MARIA-KODAMA-1-160x90.jpg 160w\" sizes=\"auto, (max-width: 1280px) 100vw, 1280px\" \/><\/figure>\n\n\n\n<p><strong>MARIA KODAMA Y SU VISITA A SALADILLO<\/strong><\/p>\n\n\n\n<p>La foto que me muestra junto a Mar\u00eda Kodama me fue proporcionada por la Profesora Cristina Sarubbi.<\/p>\n\n\n\n<p>Kodama me est\u00e1 dedicando un escrito.<\/p>\n\n\n\n<p>Carlos Antonio Gorosito Ex &#8211; Intendente Municipal (1991-2015), Saladillo 26 de Marzo de 2023.<\/p>\n\n\n\n<hr class=\"wp-block-separator has-css-opacity\"\/>\n\n\n\n<figure class=\"wp-block-image size-full\"><img loading=\"lazy\" decoding=\"async\" width=\"813\" height=\"540\" src=\"https:\/\/acasaladillo.com.ar\/wp-content\/uploads\/2023\/04\/340087803_214251304580088_5083156375361377475_n.jpg\" alt=\"\" class=\"wp-image-56808\" srcset=\"https:\/\/acasaladillo.com.ar\/wp-content\/uploads\/2023\/04\/340087803_214251304580088_5083156375361377475_n.jpg 813w, https:\/\/acasaladillo.com.ar\/wp-content\/uploads\/2023\/04\/340087803_214251304580088_5083156375361377475_n-300x199.jpg 300w, https:\/\/acasaladillo.com.ar\/wp-content\/uploads\/2023\/04\/340087803_214251304580088_5083156375361377475_n-768x510.jpg 768w, https:\/\/acasaladillo.com.ar\/wp-content\/uploads\/2023\/04\/340087803_214251304580088_5083156375361377475_n-560x372.jpg 560w, https:\/\/acasaladillo.com.ar\/wp-content\/uploads\/2023\/04\/340087803_214251304580088_5083156375361377475_n-260x173.jpg 260w, https:\/\/acasaladillo.com.ar\/wp-content\/uploads\/2023\/04\/340087803_214251304580088_5083156375361377475_n-160x106.jpg 160w\" sizes=\"auto, (max-width: 813px) 100vw, 813px\" \/><figcaption class=\"wp-element-caption\">Parque <strong>REP\u00daBLICA DEL BRASIL<\/strong><\/figcaption><\/figure>\n\n\n\n<hr class=\"wp-block-separator has-css-opacity\"\/>\n\n\n\n<figure class=\"wp-block-gallery has-nested-images columns-2 is-cropped wp-block-gallery-3 is-layout-flex wp-block-gallery-is-layout-flex\">\n<figure class=\"wp-block-image size-large\"><img loading=\"lazy\" decoding=\"async\" width=\"2048\" height=\"1942\" data-id=\"56823\" src=\"https:\/\/acasaladillo.com.ar\/wp-content\/uploads\/2023\/04\/327925795_2466056096875525_4282279792722738964_n.jpg\" alt=\"\" class=\"wp-image-56823\" srcset=\"https:\/\/acasaladillo.com.ar\/wp-content\/uploads\/2023\/04\/327925795_2466056096875525_4282279792722738964_n.jpg 2048w, https:\/\/acasaladillo.com.ar\/wp-content\/uploads\/2023\/04\/327925795_2466056096875525_4282279792722738964_n-300x284.jpg 300w, https:\/\/acasaladillo.com.ar\/wp-content\/uploads\/2023\/04\/327925795_2466056096875525_4282279792722738964_n-768x728.jpg 768w, https:\/\/acasaladillo.com.ar\/wp-content\/uploads\/2023\/04\/327925795_2466056096875525_4282279792722738964_n-1536x1457.jpg 1536w, https:\/\/acasaladillo.com.ar\/wp-content\/uploads\/2023\/04\/327925795_2466056096875525_4282279792722738964_n-560x531.jpg 560w, https:\/\/acasaladillo.com.ar\/wp-content\/uploads\/2023\/04\/327925795_2466056096875525_4282279792722738964_n-260x247.jpg 260w, https:\/\/acasaladillo.com.ar\/wp-content\/uploads\/2023\/04\/327925795_2466056096875525_4282279792722738964_n-160x152.jpg 160w\" sizes=\"auto, (max-width: 2048px) 100vw, 2048px\" \/><\/figure>\n\n\n\n<figure class=\"wp-block-image size-large\"><img loading=\"lazy\" decoding=\"async\" width=\"2048\" height=\"1536\" data-id=\"56824\" src=\"https:\/\/acasaladillo.com.ar\/wp-content\/uploads\/2023\/04\/327939751_2099250906931815_2953067011846204055_n.jpg\" alt=\"\" class=\"wp-image-56824\" srcset=\"https:\/\/acasaladillo.com.ar\/wp-content\/uploads\/2023\/04\/327939751_2099250906931815_2953067011846204055_n.jpg 2048w, https:\/\/acasaladillo.com.ar\/wp-content\/uploads\/2023\/04\/327939751_2099250906931815_2953067011846204055_n-300x225.jpg 300w, https:\/\/acasaladillo.com.ar\/wp-content\/uploads\/2023\/04\/327939751_2099250906931815_2953067011846204055_n-768x576.jpg 768w, https:\/\/acasaladillo.com.ar\/wp-content\/uploads\/2023\/04\/327939751_2099250906931815_2953067011846204055_n-1536x1152.jpg 1536w, https:\/\/acasaladillo.com.ar\/wp-content\/uploads\/2023\/04\/327939751_2099250906931815_2953067011846204055_n-560x420.jpg 560w, https:\/\/acasaladillo.com.ar\/wp-content\/uploads\/2023\/04\/327939751_2099250906931815_2953067011846204055_n-260x195.jpg 260w, https:\/\/acasaladillo.com.ar\/wp-content\/uploads\/2023\/04\/327939751_2099250906931815_2953067011846204055_n-160x120.jpg 160w\" sizes=\"auto, (max-width: 2048px) 100vw, 2048px\" \/><\/figure>\n\n\n\n<figure class=\"wp-block-image size-large\"><img loading=\"lazy\" decoding=\"async\" width=\"2048\" height=\"1576\" data-id=\"56825\" src=\"https:\/\/acasaladillo.com.ar\/wp-content\/uploads\/2023\/04\/327970545_1135818250467357_2795407732112833434_n.jpg\" alt=\"\" class=\"wp-image-56825\" srcset=\"https:\/\/acasaladillo.com.ar\/wp-content\/uploads\/2023\/04\/327970545_1135818250467357_2795407732112833434_n.jpg 2048w, https:\/\/acasaladillo.com.ar\/wp-content\/uploads\/2023\/04\/327970545_1135818250467357_2795407732112833434_n-300x231.jpg 300w, https:\/\/acasaladillo.com.ar\/wp-content\/uploads\/2023\/04\/327970545_1135818250467357_2795407732112833434_n-768x591.jpg 768w, https:\/\/acasaladillo.com.ar\/wp-content\/uploads\/2023\/04\/327970545_1135818250467357_2795407732112833434_n-1536x1182.jpg 1536w, https:\/\/acasaladillo.com.ar\/wp-content\/uploads\/2023\/04\/327970545_1135818250467357_2795407732112833434_n-560x431.jpg 560w, https:\/\/acasaladillo.com.ar\/wp-content\/uploads\/2023\/04\/327970545_1135818250467357_2795407732112833434_n-260x200.jpg 260w, https:\/\/acasaladillo.com.ar\/wp-content\/uploads\/2023\/04\/327970545_1135818250467357_2795407732112833434_n-160x123.jpg 160w\" sizes=\"auto, (max-width: 2048px) 100vw, 2048px\" \/><\/figure>\n<\/figure>\n\n\n\n<p>Juan Carlos <strong>\u00abPato\u00bb<\/strong> Beneventano \ud83c\udfb8\ud83e\ude97<\/p>\n\n\n\n<hr class=\"wp-block-separator has-css-opacity\"\/>\n\n\n\n<figure class=\"wp-block-gallery has-nested-images columns-default is-cropped wp-block-gallery-4 is-layout-flex wp-block-gallery-is-layout-flex\">\n<figure class=\"wp-block-image size-large\"><img loading=\"lazy\" decoding=\"async\" width=\"361\" height=\"502\" data-id=\"56834\" src=\"https:\/\/acasaladillo.com.ar\/wp-content\/uploads\/2023\/04\/92664554_3886641581377283_5443840957139124224_n.jpg\" alt=\"\" class=\"wp-image-56834\" srcset=\"https:\/\/acasaladillo.com.ar\/wp-content\/uploads\/2023\/04\/92664554_3886641581377283_5443840957139124224_n.jpg 361w, https:\/\/acasaladillo.com.ar\/wp-content\/uploads\/2023\/04\/92664554_3886641581377283_5443840957139124224_n-216x300.jpg 216w, https:\/\/acasaladillo.com.ar\/wp-content\/uploads\/2023\/04\/92664554_3886641581377283_5443840957139124224_n-260x362.jpg 260w, https:\/\/acasaladillo.com.ar\/wp-content\/uploads\/2023\/04\/92664554_3886641581377283_5443840957139124224_n-160x222.jpg 160w\" sizes=\"auto, (max-width: 361px) 100vw, 361px\" \/><\/figure>\n\n\n\n<figure class=\"wp-block-image size-large\"><img loading=\"lazy\" decoding=\"async\" width=\"354\" height=\"502\" data-id=\"56835\" src=\"https:\/\/acasaladillo.com.ar\/wp-content\/uploads\/2023\/04\/92740443_3886639974710777_192825906828410880_n.jpg\" alt=\"\" class=\"wp-image-56835\" srcset=\"https:\/\/acasaladillo.com.ar\/wp-content\/uploads\/2023\/04\/92740443_3886639974710777_192825906828410880_n.jpg 354w, https:\/\/acasaladillo.com.ar\/wp-content\/uploads\/2023\/04\/92740443_3886639974710777_192825906828410880_n-212x300.jpg 212w, https:\/\/acasaladillo.com.ar\/wp-content\/uploads\/2023\/04\/92740443_3886639974710777_192825906828410880_n-260x369.jpg 260w, https:\/\/acasaladillo.com.ar\/wp-content\/uploads\/2023\/04\/92740443_3886639974710777_192825906828410880_n-160x227.jpg 160w\" sizes=\"auto, (max-width: 354px) 100vw, 354px\" \/><\/figure>\n<figcaption class=\"blocks-gallery-caption wp-element-caption\">\u201cEL <strong>\u00abCHOLO\u00bb<\/strong> CATAL\u00c1N Y SUS BARRILETES\u201d<\/figcaption><\/figure>\n\n\n\n<hr class=\"wp-block-separator has-css-opacity\"\/>\n\n\n\n<figure class=\"wp-block-image size-full\"><img loading=\"lazy\" decoding=\"async\" width=\"299\" height=\"168\" src=\"https:\/\/acasaladillo.com.ar\/wp-content\/uploads\/2023\/10\/descarga.jpg\" alt=\"\" class=\"wp-image-58627\" srcset=\"https:\/\/acasaladillo.com.ar\/wp-content\/uploads\/2023\/10\/descarga.jpg 299w, https:\/\/acasaladillo.com.ar\/wp-content\/uploads\/2023\/10\/descarga-260x146.jpg 260w, https:\/\/acasaladillo.com.ar\/wp-content\/uploads\/2023\/10\/descarga-160x90.jpg 160w\" sizes=\"auto, (max-width: 299px) 100vw, 299px\" \/><figcaption class=\"wp-element-caption\"><br><strong>EL CARRILERO<\/strong> PARTI\u00d3 HACIA LA PATRIA CELESTIAL<br>\u201cDesde hoy queda un vac\u00edo muy dif\u00edcil de llenar Don Miguel Tancredi un \u201cEmblema de Nuestras Fiestas Criollas\u201d nos ha dejado, parti\u00f3 hacia el descanso Eterno, pero permanecer\u00e1 por siempre en la memoria y en recuerdo de nuestra comunidad\u201d. Carlos Antonio Gorosito.<br>\u201cHablar de Miguel Tancredi significa hablar de las \u201cCosas Nuestras\u201d, de nuestras \u201cFiestas Criollas\u201d era imposible concebir una Fiesta Criolla ,un desfile Gauchesco sin la animaci\u00f3n de \u201cEl Carrilero\u201d, era \u00e9l quien les daba vida, quien les pon\u00eda un toque de distinci\u00f3n. A los 89 a\u00f1os nos ha dejado para siempre, ha partido rumbo a la Patria Celestial. Pero su ausencia ser\u00e1 solamente f\u00edsica porque permanecer\u00e1 por siempre en el recuerdo de nuestra comunidad. Sus dichos camperos jam\u00e1s podr\u00e1n olvidarse. Como muchos tuve la oportunidad de tratarlo y conocerlo, el humor estaba en cada una de sus expresiones, mantuvimos muchas charlas durante nuestras vidas, la \u00faltima fue precisamente cuando cumpli\u00f3 89 a\u00f1os en diciembre de 2022 en Del Carril. Que este escrito sirva de modesto homenaje a quien aport\u00f3 tanto a nuestro acervo cultural desde la animaci\u00f3n de las numerosas Fiestas Criollas que se realizaron en nuestro distrito. Don Miguel Tancredi siempre permanecer\u00e1 en la memoria viva de nuestro pueblo\u201d.<br>Carlos Antonio Gorosito ex &#8211; Intendente Municipal (1991-2015) 05 de agosto de 2023.<\/figcaption><\/figure>\n\n\n\n<hr class=\"wp-block-separator has-css-opacity\"\/>\n\n\n\n<figure class=\"wp-block-gallery has-nested-images columns-default is-cropped wp-block-gallery-5 is-layout-flex wp-block-gallery-is-layout-flex\">\n<figure class=\"wp-block-image size-large\"><img loading=\"lazy\" decoding=\"async\" width=\"2000\" height=\"1750\" data-id=\"58628\" src=\"https:\/\/acasaladillo.com.ar\/wp-content\/uploads\/2023\/10\/0-0.jpg\" alt=\"\" class=\"wp-image-58628\" srcset=\"https:\/\/acasaladillo.com.ar\/wp-content\/uploads\/2023\/10\/0-0.jpg 2000w, https:\/\/acasaladillo.com.ar\/wp-content\/uploads\/2023\/10\/0-0-300x263.jpg 300w, https:\/\/acasaladillo.com.ar\/wp-content\/uploads\/2023\/10\/0-0-768x672.jpg 768w, https:\/\/acasaladillo.com.ar\/wp-content\/uploads\/2023\/10\/0-0-1536x1344.jpg 1536w, https:\/\/acasaladillo.com.ar\/wp-content\/uploads\/2023\/10\/0-0-560x490.jpg 560w, https:\/\/acasaladillo.com.ar\/wp-content\/uploads\/2023\/10\/0-0-260x228.jpg 260w, https:\/\/acasaladillo.com.ar\/wp-content\/uploads\/2023\/10\/0-0-160x140.jpg 160w\" sizes=\"auto, (max-width: 2000px) 100vw, 2000px\" \/><\/figure>\n\n\n\n<figure class=\"wp-block-image size-large\"><img loading=\"lazy\" decoding=\"async\" width=\"1267\" height=\"720\" data-id=\"58629\" src=\"https:\/\/acasaladillo.com.ar\/wp-content\/uploads\/2023\/10\/0-1.jpg\" alt=\"\" class=\"wp-image-58629\" srcset=\"https:\/\/acasaladillo.com.ar\/wp-content\/uploads\/2023\/10\/0-1.jpg 1267w, https:\/\/acasaladillo.com.ar\/wp-content\/uploads\/2023\/10\/0-1-300x170.jpg 300w, https:\/\/acasaladillo.com.ar\/wp-content\/uploads\/2023\/10\/0-1-768x436.jpg 768w, https:\/\/acasaladillo.com.ar\/wp-content\/uploads\/2023\/10\/0-1-560x318.jpg 560w, https:\/\/acasaladillo.com.ar\/wp-content\/uploads\/2023\/10\/0-1-260x148.jpg 260w, https:\/\/acasaladillo.com.ar\/wp-content\/uploads\/2023\/10\/0-1-160x91.jpg 160w\" sizes=\"auto, (max-width: 1267px) 100vw, 1267px\" \/><\/figure>\n<\/figure>\n\n\n\n<p><strong>C A Pampero Polvaredas<\/strong> &#8211; Hermoso y emotivo almuerzo<br>1 de octubre de 2023 en las instalaciones del club se llev\u00f3 a cabo el reencuentro de los campeones del Torneo Preparaci\u00f3n 1982. Concurrieron jugadores, dirigentes, allegados de la \u00e9poca. Encontr\u00e1ndose presentes los ex jugadores oriundos de la ciudad de Las Heras, Lobos y La Plata.<\/p>\n\n\n\n<hr class=\"wp-block-separator has-css-opacity\"\/>\n\n\n\n<figure class=\"wp-block-image size-full\"><img loading=\"lazy\" decoding=\"async\" width=\"720\" height=\"516\" src=\"https:\/\/acasaladillo.com.ar\/wp-content\/uploads\/2023\/11\/398969043_1134979841286749_6992468792582898520_n.jpg\" alt=\"\" class=\"wp-image-58941\" srcset=\"https:\/\/acasaladillo.com.ar\/wp-content\/uploads\/2023\/11\/398969043_1134979841286749_6992468792582898520_n.jpg 720w, https:\/\/acasaladillo.com.ar\/wp-content\/uploads\/2023\/11\/398969043_1134979841286749_6992468792582898520_n-300x215.jpg 300w, https:\/\/acasaladillo.com.ar\/wp-content\/uploads\/2023\/11\/398969043_1134979841286749_6992468792582898520_n-560x401.jpg 560w, https:\/\/acasaladillo.com.ar\/wp-content\/uploads\/2023\/11\/398969043_1134979841286749_6992468792582898520_n-260x186.jpg 260w, https:\/\/acasaladillo.com.ar\/wp-content\/uploads\/2023\/11\/398969043_1134979841286749_6992468792582898520_n-160x115.jpg 160w\" sizes=\"auto, (max-width: 720px) 100vw, 720px\" \/><figcaption class=\"wp-element-caption\"><strong>Primera fiesta de familia del CFR<\/strong>. A\u00f1o 1980 en el vivero de Caz\u00f3n. Familia del alumno Juan Torres, Oscar Marsal (padre) Oscar marsal (hijo y parte de la primera promoci\u00f3n de alumnos) y Jos\u00e9 Giuliani de Polvaredas, al a\u00f1o siguiente..tambien alumno.&nbsp;&nbsp;<\/figcaption><\/figure>\n\n\n\n<hr class=\"wp-block-separator has-css-opacity\"\/>\n\n\n\n<figure class=\"wp-block-image size-full\"><img loading=\"lazy\" decoding=\"async\" width=\"720\" height=\"507\" src=\"https:\/\/acasaladillo.com.ar\/wp-content\/uploads\/2023\/11\/400106820_2606282656201210_966679016937025467_n.jpg\" alt=\"\" class=\"wp-image-58967\" srcset=\"https:\/\/acasaladillo.com.ar\/wp-content\/uploads\/2023\/11\/400106820_2606282656201210_966679016937025467_n.jpg 720w, https:\/\/acasaladillo.com.ar\/wp-content\/uploads\/2023\/11\/400106820_2606282656201210_966679016937025467_n-300x211.jpg 300w, https:\/\/acasaladillo.com.ar\/wp-content\/uploads\/2023\/11\/400106820_2606282656201210_966679016937025467_n-560x394.jpg 560w, https:\/\/acasaladillo.com.ar\/wp-content\/uploads\/2023\/11\/400106820_2606282656201210_966679016937025467_n-260x183.jpg 260w, https:\/\/acasaladillo.com.ar\/wp-content\/uploads\/2023\/11\/400106820_2606282656201210_966679016937025467_n-160x113.jpg 160w\" sizes=\"auto, (max-width: 720px) 100vw, 720px\" \/><figcaption class=\"wp-element-caption\"><strong>EQUIPO BASQUET COLEGIO NACIONAL , CAMPEONATO PROVINCIAL 1973<\/strong><\/figcaption><\/figure>\n\n\n\n<hr class=\"wp-block-separator has-css-opacity\"\/>\n\n\n\n<figure class=\"wp-block-image size-full\"><img loading=\"lazy\" decoding=\"async\" width=\"300\" height=\"168\" src=\"https:\/\/acasaladillo.com.ar\/wp-content\/uploads\/2024\/08\/jose-floco.jpg\" alt=\"\" class=\"wp-image-60323\" srcset=\"https:\/\/acasaladillo.com.ar\/wp-content\/uploads\/2024\/08\/jose-floco.jpg 300w, https:\/\/acasaladillo.com.ar\/wp-content\/uploads\/2024\/08\/jose-floco-260x146.jpg 260w, https:\/\/acasaladillo.com.ar\/wp-content\/uploads\/2024\/08\/jose-floco-160x90.jpg 160w\" sizes=\"auto, (max-width: 300px) 100vw, 300px\" \/><\/figure>\n\n\n\n<p>Este carpintero nacido en Saladillo es como un cuarto Rey Mago para los ni\u00f1os de Ituzaing\u00f3, en el oeste del Gran Buenos Aires. Especialista en construir avioncitos, casas de mu\u00f1ecas y dinosaurios, entre otros juguetes, y a punto de cumplir 91,<strong> Jos\u00e9 Flocco<\/strong> revela el secreto de su vitalidad: \u201cEl laburo\u201d.<br>Don Jos\u00e9, a sus 90 a\u00f1os, sigue fabricando sonrisas para chicas y chicos<br>Se jubil\u00f3 en 1993 y muchos pensar\u00edan que entraba en la curva de su vida y ya hab\u00eda hecho todo. Pero estaban equivocados. Reci\u00e9n estaba comenzando, o quiz\u00e1s, se estaba reiniciando.<br>Jos\u00e9 Flocco tiene 90 a\u00f1os, el 14 de enero cumple 91, y est\u00e1 m\u00e1s activo que nunca. M\u00e1s all\u00e1 de que sale en bicicleta todos los d\u00edas, hizo yoga durante mucho tiempo, se recibi\u00f3 de apicultor, realiz\u00f3 cursos de panader\u00eda, computaci\u00f3n y huerta org\u00e1nica, tambi\u00e9n es carpintero y trabaja en una pyme que hace juguetes de madera con fibrof\u00e1cil.<br>Su ingreso en esa f\u00e1brica de la localidad bonaerense de Ituzaing\u00f3 fue, como ocurren muchos acontecimientos de la vida, de casualidad. \u00abYo justo quer\u00eda unas maderas para hacer unos regalos en Navidad en 2021 y pas\u00e9 por la f\u00e1brica y le ped\u00ed a una mujer (la due\u00f1a de la empresa) si me pod\u00eda vender unos retazos de madera de fibrof\u00e1cil. Pero como me dio m\u00e1s de lo que le ped\u00ed y no me quiso cobrar, a los pocos d\u00edas le llev\u00e9 unos regalitos con esas maderas. Le gustaron como quedaron y me dijo si pod\u00eda hacer unos trabajos, y as\u00ed fue que empec\u00e9 a trabajar con ella\u00bb, le cuenta Jos\u00e9 a T\u00e9lam el comienzo de la historia, que luego tambi\u00e9n se transform\u00f3 en una amistad, m\u00e1s all\u00e1 de la relaci\u00f3n laboral, con Fiorella Mucholi, la emprendedora de 35 a\u00f1os que le dio trabajo.<br>\u00abComo yo viv\u00eda a la vuelta de la f\u00e1brica, me ven\u00eda bien ir. Pero al poco tiempo ella se mud\u00f3 (a 10 minutos de viaje) y me queda m\u00e1s lejos as\u00ed que ya casi no voy, ella me trae el trabajo a mi casa y yo le armo lo que me pida. Esto es como un hobby para m\u00ed, pero adem\u00e1s me sirve para ganarme unos pesos y sumarle a mi jubilaci\u00f3n\u00ab, narra este hombre tambi\u00e9n amante de la pesca, de las bochas, del vino y del automovilismo, sobre todo hincha de Chevrolet.<br>Oriundo de la ciudad bonaerense de Saladillo, Jos\u00e9 cuenta un poco sus or\u00edgenes: \u00abYo ten\u00eda una cosechadora cuando era joven. En el \u201957-\u201958 hubo una inundaci\u00f3n muy grande en Saladillo e \u00edbamos a estar a\u00f1os parados; entonces en 1960 me vine a Buenos Aires y empec\u00e9 a trabajar en una f\u00e1brica del rubro hasta 1993, a\u00f1o en el que me jubil\u00e9\u00bb. Y en el medio aprendi\u00f3 el oficio con el que se desempe\u00f1a en la actualidad.<br>La emprendedora Fiorella comenta que \u00abJos\u00e9 se llevaba para armar, lijar, pegar, y lo hac\u00eda rapid\u00edsimo, en el mismo d\u00eda, y yo cada vez le llevaba m\u00e1s. \u00c9l empez\u00f3 a tener m\u00e1s productos en su tallercito en su casa que yo en mi f\u00e1brica. Se fue formando una amistad inquebrantable. Cada paso que doy en mi proyecto, \u00e9l es el primero que se entera. Es como mi mentor, para m\u00ed es un joven, no siento que tenga 90 a\u00f1os, est\u00e1 muy activo; tiene mucha sensibilidad, todos lo quieren\u00ab, explica Fiorella con cierta admiraci\u00f3n.<br>Un evento que le qued\u00f3 marcado a fuego a Jos\u00e9 fue el que se realiz\u00f3 en abril del a\u00f1o pasado, en el Club Castelar, a beneficio de chicos con discapacidades, que se denomin\u00f3: \u00abArm\u00e1 tu juguete\u00bb. Junto a Fiorella llevaron todas las piezas para construir 45 aviones de madera y que fueran los propios ni\u00f1os quienes pusieran manos a la obra. Jos\u00e9 dio una peque\u00f1a instrucci\u00f3n y luego los ayud\u00f3 a todos a terminar el juguete, que despu\u00e9s fue pintado a gusto por cada uno. \u00abLo de ese d\u00eda fue una emoci\u00f3n muy grande, yo qued\u00e9 impactado. Me gusta mucho que los chicos juguen y se diviertan sanamente\u00bb, cuenta el hombre que vive con su se\u00f1ora y tiene dos hijos, un nieto y una nieta.<br>\u00abNo usamos clavos ni tornillos, es fundamental que no tenga nada de eso para que los juegos sean seguros. Todo va encastrado y encolado\u00bb, narra Jos\u00e9 sinti\u00e9ndose muy parte del proyecto que ide\u00f3 Fiorella, que naci\u00f3 en plena pandemia, que incluye adem\u00e1s de juguetes, juegos de roles y escenograf\u00edas.<br>Casas de mu\u00f1ecas, cocinas, autos, aviones, dinosaurios, toboganes y m\u00e1s juguetes, todo con madera de 3mm, 6mm, 9mm y 18mm realiza Jos\u00e9 junto a otros empleados de la empresa para darle alegr\u00eda a los m\u00e1s peque\u00f1os, a veces directamente, como en esos eventos, y otras de manera indirecta, ya sea por productos que se venden a todo el pa\u00eds.<br>\u00abNO USAMOS CLAVOS NI TORNILLOS, ES FUNDAMENTAL QUE NO TENGA NADA DE ESO PARA QUE LOS JUEGOS SEAN SEGUROS. TODO VA ENCASTRADO Y ENCOLADO\u00bb<br>-Jos\u00e9, \u00bfcu\u00e1l es el secreto para llegar a los 90 a\u00f1os? Si es que hay un secreto.<\/p>\n\n\n\n<hr class=\"wp-block-separator has-css-opacity\"\/>\n\n\n\n<figure class=\"wp-block-gallery has-nested-images columns-2 is-cropped wp-block-gallery-6 is-layout-flex wp-block-gallery-is-layout-flex\">\n<figure class=\"wp-block-image size-large\"><img loading=\"lazy\" decoding=\"async\" width=\"275\" height=\"183\" data-id=\"60298\" src=\"https:\/\/acasaladillo.com.ar\/wp-content\/uploads\/2024\/08\/nata-vazquez-5.jpg\" alt=\"\" class=\"wp-image-60298\" srcset=\"https:\/\/acasaladillo.com.ar\/wp-content\/uploads\/2024\/08\/nata-vazquez-5.jpg 275w, https:\/\/acasaladillo.com.ar\/wp-content\/uploads\/2024\/08\/nata-vazquez-5-260x173.jpg 260w, https:\/\/acasaladillo.com.ar\/wp-content\/uploads\/2024\/08\/nata-vazquez-5-160x106.jpg 160w\" sizes=\"auto, (max-width: 275px) 100vw, 275px\" \/><\/figure>\n\n\n\n<figure class=\"wp-block-image size-large\"><img loading=\"lazy\" decoding=\"async\" width=\"248\" height=\"203\" data-id=\"60297\" src=\"https:\/\/acasaladillo.com.ar\/wp-content\/uploads\/2024\/08\/nata-vazquez-1.jpg\" alt=\"\" class=\"wp-image-60297\" srcset=\"https:\/\/acasaladillo.com.ar\/wp-content\/uploads\/2024\/08\/nata-vazquez-1.jpg 248w, https:\/\/acasaladillo.com.ar\/wp-content\/uploads\/2024\/08\/nata-vazquez-1-160x131.jpg 160w\" sizes=\"auto, (max-width: 248px) 100vw, 248px\" \/><\/figure>\n\n\n\n<figure class=\"wp-block-image size-large\"><img loading=\"lazy\" decoding=\"async\" width=\"237\" height=\"212\" data-id=\"60296\" src=\"https:\/\/acasaladillo.com.ar\/wp-content\/uploads\/2024\/08\/nata-vazquez-7.jpg\" alt=\"\" class=\"wp-image-60296\" srcset=\"https:\/\/acasaladillo.com.ar\/wp-content\/uploads\/2024\/08\/nata-vazquez-7.jpg 237w, https:\/\/acasaladillo.com.ar\/wp-content\/uploads\/2024\/08\/nata-vazquez-7-160x143.jpg 160w\" sizes=\"auto, (max-width: 237px) 100vw, 237px\" \/><\/figure>\n\n\n\n<figure class=\"wp-block-image size-large\"><img loading=\"lazy\" decoding=\"async\" width=\"276\" height=\"183\" data-id=\"60295\" src=\"https:\/\/acasaladillo.com.ar\/wp-content\/uploads\/2024\/08\/nata-vazquez-6.jpg\" alt=\"\" class=\"wp-image-60295\" srcset=\"https:\/\/acasaladillo.com.ar\/wp-content\/uploads\/2024\/08\/nata-vazquez-6.jpg 276w, https:\/\/acasaladillo.com.ar\/wp-content\/uploads\/2024\/08\/nata-vazquez-6-260x172.jpg 260w, https:\/\/acasaladillo.com.ar\/wp-content\/uploads\/2024\/08\/nata-vazquez-6-160x106.jpg 160w\" sizes=\"auto, (max-width: 276px) 100vw, 276px\" \/><\/figure>\n<\/figure>\n\n\n\n<p>ODELSIA NOEMI <strong>\u201c\u00d1ATA\u201d<\/strong> VAZQUEZ (30-05-1930- 28-05-2024).<\/p>\n\n\n\n<p>\u201cCon la partida de \u201c\u00d1ata\u201d V\u00e1zquez se va un pedazo grande de la historia del radicalismo de Saladillo, fueron m\u00e1s de 70 a\u00f1os de militancia al servicio de causas nobles. \u00d1ata est\u00e1 en la categor\u00eda de esas personas que son imprescindibles\u201d. Carlos Antonio Gorosito.<\/p>\n\n\n\n<hr class=\"wp-block-separator has-css-opacity\"\/>\n\n\n\n<figure class=\"wp-block-image size-full\"><img loading=\"lazy\" decoding=\"async\" width=\"526\" height=\"796\" src=\"https:\/\/acasaladillo.com.ar\/wp-content\/uploads\/2024\/08\/gorosito-zaizar-luci.jpg\" alt=\"\" class=\"wp-image-60327\" srcset=\"https:\/\/acasaladillo.com.ar\/wp-content\/uploads\/2024\/08\/gorosito-zaizar-luci.jpg 526w, https:\/\/acasaladillo.com.ar\/wp-content\/uploads\/2024\/08\/gorosito-zaizar-luci-198x300.jpg 198w, https:\/\/acasaladillo.com.ar\/wp-content\/uploads\/2024\/08\/gorosito-zaizar-luci-260x393.jpg 260w, https:\/\/acasaladillo.com.ar\/wp-content\/uploads\/2024\/08\/gorosito-zaizar-luci-160x242.jpg 160w\" sizes=\"auto, (max-width: 526px) 100vw, 526px\" \/><\/figure>\n\n\n\n<h4 class=\"wp-block-heading\" id=\":R1alal5alaajml5bb9l5qq9papd5aq:\"><strong><a href=\"https:\/\/www.facebook.com\/agrupacion.boinasblancas?__cft__[0]=AZUUAwws_Kmq4O7GwBva18W5NO3oXr4G26ayCcSRPbonaAjJbnXYT1qfy0EHBdbsh_rHI1ZCoN86sVxJ-UBn0Rn1YLQS7UOkOX7VBpR2H7_os6f4fy1JXhAT5pjtY7wzwfrVPem34tFor57ryfG6hrJbYlRowvdTdScObBwEG9Viaw&amp;__tn__=-]C%2CP-R\">Carlos Antonio Gorosito<\/a><\/strong>&nbsp;<\/h4>\n\n\n\n<p>RECUERDO CON JULIO SAIZAR Y ROBERTO LUZZI.\u201c La foto tiene m\u00e1s de 40 a\u00f1os ,por entonces los tres \u00e9ramos empleados del Banco Local ( actual Banco Credicoop Sucursal Saladillo).<\/p>\n\n\n\n<hr class=\"wp-block-separator has-css-opacity\"\/>\n\n\n\n<figure class=\"wp-block-gallery has-nested-images columns-default is-cropped wp-block-gallery-7 is-layout-flex wp-block-gallery-is-layout-flex\">\n<figure class=\"wp-block-image size-large\"><img loading=\"lazy\" decoding=\"async\" width=\"222\" height=\"227\" data-id=\"60328\" src=\"https:\/\/acasaladillo.com.ar\/wp-content\/uploads\/2024\/08\/Dr.-Eduardo-de-Santibanes-1.jpg\" alt=\"\" class=\"wp-image-60328\" srcset=\"https:\/\/acasaladillo.com.ar\/wp-content\/uploads\/2024\/08\/Dr.-Eduardo-de-Santibanes-1.jpg 222w, https:\/\/acasaladillo.com.ar\/wp-content\/uploads\/2024\/08\/Dr.-Eduardo-de-Santibanes-1-160x164.jpg 160w\" sizes=\"auto, (max-width: 222px) 100vw, 222px\" \/><\/figure>\n\n\n\n<figure class=\"wp-block-image size-large\"><img loading=\"lazy\" decoding=\"async\" width=\"259\" height=\"194\" data-id=\"60329\" src=\"https:\/\/acasaladillo.com.ar\/wp-content\/uploads\/2024\/08\/Dr.-Eduardo-de-Santibanes.jpg\" alt=\"\" class=\"wp-image-60329\" srcset=\"https:\/\/acasaladillo.com.ar\/wp-content\/uploads\/2024\/08\/Dr.-Eduardo-de-Santibanes.jpg 259w, https:\/\/acasaladillo.com.ar\/wp-content\/uploads\/2024\/08\/Dr.-Eduardo-de-Santibanes-160x120.jpg 160w\" sizes=\"auto, (max-width: 259px) 100vw, 259px\" \/><\/figure>\n<\/figure>\n\n\n\n<p>Diciembre 2023-Dr<strong>. Eduardo de Santiba\u00f1es<\/strong>, al cumplirse 30 a\u00f1os del primer transplante hep\u00e1tico realizado en nuestro pa\u00eds que lo tuvo como l\u00edder en el equipo interviniente, hecho hist\u00f3rico que marc\u00f3 el inicio de una etapa de esperanza para aquellas personas que sufren de insuficiencia hep\u00e1tica en Argentina<\/p>\n\n\n\n<hr class=\"wp-block-separator has-css-opacity\"\/>\n\n\n\n<figure class=\"wp-block-image size-full\"><img loading=\"lazy\" decoding=\"async\" width=\"300\" height=\"225\" src=\"https:\/\/acasaladillo.com.ar\/wp-content\/uploads\/2024\/08\/453152168_855667283193981_8573976246869684127_n.jpg\" alt=\"\" class=\"wp-image-60324\" srcset=\"https:\/\/acasaladillo.com.ar\/wp-content\/uploads\/2024\/08\/453152168_855667283193981_8573976246869684127_n.jpg 300w, https:\/\/acasaladillo.com.ar\/wp-content\/uploads\/2024\/08\/453152168_855667283193981_8573976246869684127_n-260x195.jpg 260w, https:\/\/acasaladillo.com.ar\/wp-content\/uploads\/2024\/08\/453152168_855667283193981_8573976246869684127_n-160x120.jpg 160w\" sizes=\"auto, (max-width: 300px) 100vw, 300px\" \/><figcaption class=\"wp-element-caption\"><br><strong>RECUERDOS \u2026<\/strong><br>Seguramente nos encontraremos alg\u00fan d\u00eda nuevamente, carg\u00e1ndonos con un Boca-River, hablando de radiodifusi\u00f3n y tus consejos t\u00e9cnicos, los mates en el kiosco, ufff\u2026,<br>Ac\u00e0 ri\u00e9ndonos con una selfie\u2026. Se te extra\u00f1a FLACO!  <strong>Adalberto Beto Bruno<\/strong><\/figcaption><\/figure>\n\n\n\n<hr class=\"wp-block-separator has-css-opacity\"\/>\n\n\n\n<p> Hace m\u00e0s de 15 a\u00f1os estuvimos presente<strong> https:\/\/www.infosportsaladillo.com.ar\/ <\/strong><\/p>\n\n\n\n<figure class=\"wp-block-gallery has-nested-images columns-2 is-cropped wp-block-gallery-8 is-layout-flex wp-block-gallery-is-layout-flex\">\n<figure class=\"wp-block-image size-large\"><img loading=\"lazy\" decoding=\"async\" width=\"640\" height=\"426\" data-id=\"60769\" src=\"https:\/\/acasaladillo.com.ar\/wp-content\/uploads\/2024\/09\/1-1-1.jpg\" alt=\"\" class=\"wp-image-60769\" srcset=\"https:\/\/acasaladillo.com.ar\/wp-content\/uploads\/2024\/09\/1-1-1.jpg 640w, https:\/\/acasaladillo.com.ar\/wp-content\/uploads\/2024\/09\/1-1-1-300x200.jpg 300w, https:\/\/acasaladillo.com.ar\/wp-content\/uploads\/2024\/09\/1-1-1-560x373.jpg 560w, https:\/\/acasaladillo.com.ar\/wp-content\/uploads\/2024\/09\/1-1-1-260x173.jpg 260w, https:\/\/acasaladillo.com.ar\/wp-content\/uploads\/2024\/09\/1-1-1-160x107.jpg 160w\" sizes=\"auto, (max-width: 640px) 100vw, 640px\" \/><\/figure>\n\n\n\n<figure class=\"wp-block-image size-large\"><img loading=\"lazy\" decoding=\"async\" width=\"640\" height=\"426\" data-id=\"60770\" src=\"https:\/\/acasaladillo.com.ar\/wp-content\/uploads\/2024\/09\/1-3.jpg\" alt=\"\" class=\"wp-image-60770\" srcset=\"https:\/\/acasaladillo.com.ar\/wp-content\/uploads\/2024\/09\/1-3.jpg 640w, https:\/\/acasaladillo.com.ar\/wp-content\/uploads\/2024\/09\/1-3-300x200.jpg 300w, https:\/\/acasaladillo.com.ar\/wp-content\/uploads\/2024\/09\/1-3-560x373.jpg 560w, https:\/\/acasaladillo.com.ar\/wp-content\/uploads\/2024\/09\/1-3-260x173.jpg 260w, https:\/\/acasaladillo.com.ar\/wp-content\/uploads\/2024\/09\/1-3-160x107.jpg 160w\" sizes=\"auto, (max-width: 640px) 100vw, 640px\" \/><\/figure>\n<figcaption class=\"blocks-gallery-caption wp-element-caption\">Rally Dakar desembarcaba en Sudam\u00e9rica para iniciar su 30\u00b0 edici\u00f3n.<br>Fue el s\u00e1bado 3 de enero del 2009, las m\u00e1quinas comenzaron a salir del predio de la Sociedad Rural, para encaminarse en enlace hacia #Saladillo, en el centro de la provincia de Buenos Aires, donde aproximadamente cuatro horas despu\u00e9s se puso en marcha la especial cronometrada.<\/figcaption><\/figure>\n\n\n\n<figure class=\"wp-block-gallery has-nested-images columns-default is-cropped wp-block-gallery-9 is-layout-flex wp-block-gallery-is-layout-flex\">\n<figure class=\"wp-block-image size-large\"><img loading=\"lazy\" decoding=\"async\" width=\"640\" height=\"440\" data-id=\"60771\" src=\"https:\/\/acasaladillo.com.ar\/wp-content\/uploads\/2024\/09\/1-4.jpg\" alt=\"\" class=\"wp-image-60771\" srcset=\"https:\/\/acasaladillo.com.ar\/wp-content\/uploads\/2024\/09\/1-4.jpg 640w, https:\/\/acasaladillo.com.ar\/wp-content\/uploads\/2024\/09\/1-4-300x206.jpg 300w, https:\/\/acasaladillo.com.ar\/wp-content\/uploads\/2024\/09\/1-4-560x385.jpg 560w, https:\/\/acasaladillo.com.ar\/wp-content\/uploads\/2024\/09\/1-4-260x179.jpg 260w, https:\/\/acasaladillo.com.ar\/wp-content\/uploads\/2024\/09\/1-4-160x110.jpg 160w\" sizes=\"auto, (max-width: 640px) 100vw, 640px\" \/><\/figure>\n\n\n\n<figure class=\"wp-block-image size-large\"><img loading=\"lazy\" decoding=\"async\" width=\"640\" height=\"426\" data-id=\"60772\" src=\"https:\/\/acasaladillo.com.ar\/wp-content\/uploads\/2024\/09\/1-5.jpg\" alt=\"\" class=\"wp-image-60772\" srcset=\"https:\/\/acasaladillo.com.ar\/wp-content\/uploads\/2024\/09\/1-5.jpg 640w, https:\/\/acasaladillo.com.ar\/wp-content\/uploads\/2024\/09\/1-5-300x200.jpg 300w, https:\/\/acasaladillo.com.ar\/wp-content\/uploads\/2024\/09\/1-5-560x373.jpg 560w, https:\/\/acasaladillo.com.ar\/wp-content\/uploads\/2024\/09\/1-5-260x173.jpg 260w, https:\/\/acasaladillo.com.ar\/wp-content\/uploads\/2024\/09\/1-5-160x107.jpg 160w\" sizes=\"auto, (max-width: 640px) 100vw, 640px\" \/><\/figure>\n<\/figure>\n\n\n\n<p>Luego de transitar mezclados entre los veh\u00edculos particulares por Autopista Ricchieri, Ezeiza &#8211; Ca\u00f1uelas y luego por la Ruta 205, pasando por Lobos y Roque P\u00e9rez, los pilotos se acercaban al punto de partida, sin antes cargar combustible como cualquier conductor en las estaciones de servicio de la zona, para luego continuar su viaje hace la largada, en un pareje saladillense llamado San Benito (Km 191 de la RN 205), donde tocaron tierra por primera vez.<br>Fotos: Daniel Carnevali<\/p>\n\n\n\n<hr class=\"wp-block-separator has-css-opacity\"\/>\n\n\n\n<figure class=\"wp-block-image size-full\"><img loading=\"lazy\" decoding=\"async\" width=\"935\" height=\"526\" src=\"https:\/\/acasaladillo.com.ar\/wp-content\/uploads\/2025\/02\/JULIO-ALBERTO.jpg\" alt=\"\" class=\"wp-image-61289\" srcset=\"https:\/\/acasaladillo.com.ar\/wp-content\/uploads\/2025\/02\/JULIO-ALBERTO.jpg 935w, https:\/\/acasaladillo.com.ar\/wp-content\/uploads\/2025\/02\/JULIO-ALBERTO-300x169.jpg 300w, https:\/\/acasaladillo.com.ar\/wp-content\/uploads\/2025\/02\/JULIO-ALBERTO-768x432.jpg 768w, https:\/\/acasaladillo.com.ar\/wp-content\/uploads\/2025\/02\/JULIO-ALBERTO-560x315.jpg 560w, https:\/\/acasaladillo.com.ar\/wp-content\/uploads\/2025\/02\/JULIO-ALBERTO-260x146.jpg 260w, https:\/\/acasaladillo.com.ar\/wp-content\/uploads\/2025\/02\/JULIO-ALBERTO-160x90.jpg 160w\" sizes=\"auto, (max-width: 935px) 100vw, 935px\" \/><figcaption class=\"wp-element-caption\"><strong><br><\/strong>El orden del grupo: Omar Ben\u00edtez, a su lado Yuna Rodr\u00edguez, Pacheco en el piano, Guerra y el agachado yo, Fito Acosta (batero) Est\u00e1 formaci\u00f3n despu\u00e9s que fue Pucho Rial. Despu\u00e9s se fueron Rub\u00e9n Guerra y Carlos Yuna, e incorporaron Rub\u00e9n Sabbione y Alberto L\u00f3pez. Con el tiempo yo me retiro por el servicio militar y se incorpora Carlos Dom\u00ednguez, luego Carlos Meritens. <br>Los mejores momentos, orgulloso de \u00abJulio Alberto\u00bb pionero musical en la zona. Estuve 7 a\u00f1os en el grupo y nunca tuvimos un finde libre, las fiestas d Fin A\u00f1o y Navidad nunca con la flia, pero \u00e9ramos felices. Hab\u00eda una competencia con otros grupos, pero todo era sanamente. Una \u00e9poca inolvidable<strong>.<\/strong><\/figcaption><\/figure>\n\n\n\n<p>Texto: <strong>Rodolfo (Fito)  Acosta<\/strong> . Gracias por por el recuerdo.<\/p>\n\n\n\n<hr class=\"wp-block-separator has-css-opacity\"\/>\n\n\n\n<figure class=\"wp-block-image size-full\"><img loading=\"lazy\" decoding=\"async\" width=\"640\" height=\"640\" src=\"https:\/\/acasaladillo.com.ar\/wp-content\/uploads\/2025\/03\/guillermina-sagion-1-2.jpg\" alt=\"\" class=\"wp-image-61560\" srcset=\"https:\/\/acasaladillo.com.ar\/wp-content\/uploads\/2025\/03\/guillermina-sagion-1-2.jpg 640w, https:\/\/acasaladillo.com.ar\/wp-content\/uploads\/2025\/03\/guillermina-sagion-1-2-300x300.jpg 300w, https:\/\/acasaladillo.com.ar\/wp-content\/uploads\/2025\/03\/guillermina-sagion-1-2-560x560.jpg 560w, https:\/\/acasaladillo.com.ar\/wp-content\/uploads\/2025\/03\/guillermina-sagion-1-2-260x260.jpg 260w, https:\/\/acasaladillo.com.ar\/wp-content\/uploads\/2025\/03\/guillermina-sagion-1-2-160x160.jpg 160w\" sizes=\"auto, (max-width: 640px) 100vw, 640px\" \/><figcaption class=\"wp-element-caption\">Querida Guillermina, decidiste emprender tu partida en el silencio, al que nunca nos tuviste acostumbrados.<br>Tu voz, la de los grandes anuncios, la de los espect\u00e1culos, la de los reconocimientos y homenajes y la de muchas despedidas y partidas, quedar\u00e1 grabada para siempre en nuestros corazones.<br>Fuiste todo lo que te propusiste ser, locutora, periodista, actriz, bailarina, modelo, cantante y nunca dejaste de sorprendernos.<br>Esta vez, Saladillo te despide a vos, y es muy dif\u00edcil encontrar las palabras justas para hacerlo.<br>Cuesta mucho creer que nunca m\u00e1s vas a transitar a nuestro lado y eso duele y nos entristece profundamente, pero la vida siempre nos sorprende de la manera que menos lo deseamos.<br>Que la eternidad te reciba con esa sonrisa y ese profundo y cari\u00f1oso abrazo que nos regalabas en cada oportunidad del encuentro.<br>Hasta siempre y hasta cada momento que nuestras mentes puedan recordar el brillo de tu luz.<br>Que tu alma descanse en Paz.<br>Guillermina, Saladillo te dice GRACIAS!<br>Intendente<strong> Jos\u00e9 Luis Salom\u00f3n<\/strong><br><\/figcaption><\/figure>\n\n\n\n<figure class=\"wp-block-image size-full\"><img loading=\"lazy\" decoding=\"async\" width=\"360\" height=\"509\" src=\"https:\/\/acasaladillo.com.ar\/wp-content\/uploads\/2025\/03\/guille-1.jpg\" alt=\"\" class=\"wp-image-61558\" srcset=\"https:\/\/acasaladillo.com.ar\/wp-content\/uploads\/2025\/03\/guille-1.jpg 360w, https:\/\/acasaladillo.com.ar\/wp-content\/uploads\/2025\/03\/guille-1-212x300.jpg 212w, https:\/\/acasaladillo.com.ar\/wp-content\/uploads\/2025\/03\/guille-1-260x368.jpg 260w, https:\/\/acasaladillo.com.ar\/wp-content\/uploads\/2025\/03\/guille-1-160x226.jpg 160w\" sizes=\"auto, (max-width: 360px) 100vw, 360px\" \/><figcaption class=\"wp-element-caption\">GRACIAS NO ALCANZA<br>Desde el gran equipo que hace al Gobierno de la Municipalidad de Saladillo, despedimos con un inmenso dolor a nuestra querida Guillermina.<br>Esta triste e inesperada noticia ha impactado muy fuerte en muchos de nosotros.<br>Sabemos de la dedicaci\u00f3n y participaci\u00f3n de Guillermina en diferentes espacios; a los que se involucraba con mucho entusiasmo.<br>Pero queremos destacar la dedicaci\u00f3n y profesionalismo que ha tenido al servicio de nuestro Municipio. Ha sido muy buena empleada y la locutora oficial durante muchos a\u00f1os. Su voz ha sido la cara audible de nuestro querido Saladillo, y siempre recordaremos su energ\u00eda y entusiasmo.<br>Guillermina ha sido una persona cuyo talento, capacidad y afecto la convirtieron en un ser excepcional que siempre valoraremos por su pasi\u00f3n y compromiso.<br>Acompa\u00f1amos a la familia y seres queridos en este dif\u00edcil momento.<br>Gracias no alcanza para representar todo lo que queremos expresar. Es mucho el dolor. Se la va a extra\u00f1ar.<br><\/figcaption><\/figure>\n\n\n\n<figure class=\"wp-block-image size-full\"><img loading=\"lazy\" decoding=\"async\" width=\"373\" height=\"640\" src=\"https:\/\/acasaladillo.com.ar\/wp-content\/uploads\/2025\/03\/guile-goro-1.jpg\" alt=\"\" class=\"wp-image-61557\" srcset=\"https:\/\/acasaladillo.com.ar\/wp-content\/uploads\/2025\/03\/guile-goro-1.jpg 373w, https:\/\/acasaladillo.com.ar\/wp-content\/uploads\/2025\/03\/guile-goro-1-175x300.jpg 175w, https:\/\/acasaladillo.com.ar\/wp-content\/uploads\/2025\/03\/guile-goro-1-260x446.jpg 260w, https:\/\/acasaladillo.com.ar\/wp-content\/uploads\/2025\/03\/guile-goro-1-160x275.jpg 160w\" sizes=\"auto, (max-width: 373px) 100vw, 373px\" \/><figcaption class=\"wp-element-caption\"><strong>NOS DEJO GUILLERMINA SAGGION: \u201cLA VOZ DEL MUNICIPIO\u201d<\/strong><br>\u201cGuillermina Saggion nos dej\u00f3 imprevistamente. Su ausencia ser\u00e1 solamente f\u00edsica y quienes la hemos conocido y tratado nunca olvidaremos a quien durante muchos a\u00f1os fue \u201cLA VOZ DEL MUNICIPIO en cada acto oficial\u201d Carlos Antonio Gorosito.<br>\u201cHace casi exactamente dos meses, el 7 de enero pasado, Guillermina Saggion cumpli\u00f3 a\u00f1os. Al saludarla le exprese una frase que siempre repito ante cada cumplea\u00f1os: \u201cQue tus Sue\u00f1os y Proyectos pendientes se conviertan en realidad\u201d. Todos los seres humanos tenemos Sue\u00f1os y Proyectos que los renovamos en cada etapa, en cada momento de nuestras vidas. Guillermina era una mujer llena de Proyectos y Sue\u00f1os, muchos de ellos habr\u00e1 concretado y otros quedaran pendientes para siempre. Ayer como muchos de nuestra querida comunidad, recib\u00ed la triste e inesperada noticia de la partida de Guillermina de este mundo. Tan inesperada que a\u00fan me cuesta creer que haya partido f\u00edsicamente hacia el descanso Eterno. La empec\u00e9 a tratar a Guillermina hace m\u00e1s de 4 d\u00e9cadas en el Banco Local ( hoy Crediccoop) ,luego sobrevinieron los mateadas de la casa de su madre \u201cMina\u201d Curotti, en la casa de la calle Posadas(entre Av. Belgrano y 12 de Octubre), a las que a veces se sumaba su t\u00eda la siempre recodada Ana Curotti. Antes del a\u00f1o 1983 ya Guillermina formaba parte de los agentes del Municipio. Paralelamente encontr\u00f3 en el Teatro \u201cLa Comedia\u201d la posibilidad de desarrollar otras de sus vocaciones: la actuaci\u00f3n teatral bajo la direcci\u00f3n del Profesor Roberto Dairiens, en \u201cLa Comedia\u201d trabo una gran amistad con Carlos Agustoni y su familia, y juntos potenciaron su pasi\u00f3n por el teatro. Con Carlos Agustoni fue adem\u00e1s compa\u00f1era de trabajo en el Municipio. Como actriz dio testimonio desde las tablas de \u201cLa Comedia\u201d de sus condiciones actorales que el p\u00fablico premiaba con sus aplausos ante cada una de sus apariciones en escena. Las distintas Nuestras de Teatros Bonaerense que se desarrollaron en nuestra ciudad la tuvieron como protagonista en el escenario pero tambi\u00e9n en la organizaci\u00f3n. Con la aparici\u00f3n de Canal 5 los convecinos saladillenses y de la zona se familiarizaron con su voz en los anuncios comerciales. Pero m\u00e1s all\u00e1 de su voz en la locuci\u00f3n tuvo una destacada incursi\u00f3n en el periodismo, alg\u00fan reemplazo circunstancial del conductor del Noticiero de Canal 5 Sr. Aldo Rachit, pero el hito lo marco con la conducci\u00f3n en el mismo canal del programa \u201cDecime quien sos \u201d, donde entrevisto a distintas personas de la comunidad que hab\u00edan tenido participaci\u00f3n en diversos aspectos de la vida comunitaria: Pol\u00edtica, Cultura, Deportes, Instituciones etc, etc. Si se conservan los videos y\/o grabaciones de ese programa constituyen un valioso aporte a la historia local. Yo asum\u00ed como Intendente Municipal en 1991, no recuerdo con precisi\u00f3n pero en determinado momento pidi\u00f3 hablar conmigo y me dijo que conservar\u00eda su trabajo en Canal 5 ,pero que ten\u00eda la posibilidad de trabajar en una empresa saladillense, por lo tanto present\u00f3 su renuncia al Municipio. Pasaron unos a\u00f1os y cuando yo concurro a un programa de Canal 5 me dice \u201ccuando puedo hablar con vos\u201d , mi respuesta fue \u201ccuando quieras\u201d. Al siguiente se concret\u00f3 la reuni\u00f3n donde me dijo \u201c me interesa volver al Municipio\u201d, le dije \u201clisto ser\u00e1s la Voz Oficial de Municipio\u201d, y as\u00ed ocurri\u00f3 fue la locutora del Municipio hasta el 10 de diciembre de 2015 cuando conclu\u00ed mi sexto mandato consecutivo y luego continuo en la gesti\u00f3n del Intendente Salom\u00f3n. Desde el momento de su reingreso al Municipio se transform\u00f3 en la locutora oficial, en \u201cla Voz P\u00fablica del Municipio.\u201d Se abr\u00eda el tel\u00f3n del Teatro Marconi \u00f3 del Espa\u00f1ol y all\u00ed aparec\u00eda la elegante figura de Guillermina con su inconfundible voz para realizar las presentaciones. En marat\u00f3nicas inauguraciones de cada 31 de Julio (aniversario de la fundaci\u00f3n de la ciudad) y las jornadas previas por el interior saladillense pod\u00edamos escuchar la voz de Guillermina donde hacia una descripci\u00f3n de cada obra a inaugurar. Los mismo ocurr\u00eda cada 25 de diciembre cuando conmemor\u00e1bamos el aniversario de la creaci\u00f3n del partido de Saladillo. Los grandes espect\u00e1culos realizados en el Parque Rep\u00fablica de Brasil la ten\u00eda como presentadora de los destacados artistas que visitaban nuestra ciudad. Como no recordar que en ese mismo lugar, el Parque Republica de Brasil, cada 31 de diciembre me anunciaba para el saludo y brindis de fin de a\u00f1o, mientras Estela Perello me alcanzaba la copa de champagne. Y luego ella empezaba la cuenta regresiva para que pudieran disfrutar de los juegos artificiales. Durante muchos a\u00f1os me acostumbr\u00e9 a que me presentara como mandatario comunal cuando dec\u00eda \u201cse encuentra entre nosotros el Intendente Municipal\u2026\u201d y despu\u00e9s del 10 de diciembre de 2015 su voz me segu\u00eda siendo familiar y cuando yo me encontraba presente en alg\u00fan acto oficial ella desde la locuci\u00f3n dec\u00eda: \u201c se encuentra presente el ex \u2013Intendente Municipal\u2026\u201d. Pasan por mi mente muchos de los momentos compartidos. Como no voy a recordar el \u00faltimo d\u00eda de mi gesti\u00f3n Guillermina estaba esa ma\u00f1ana del 10 de diciembre de 2015 en el hall de Municipio junto a los empleados y funcionarios que me desped\u00edan.. Pero Guillermina fue mucho m\u00e1s que la \u201cVoz del Municipio\u201d. Fresca, activa, multifac\u00e9tica. Ya lo dije fue locutora, actriz, periodista. Tambi\u00e9n bailarina y modelo. El s\u00e1bado 23 de noviembre de 2024 concurr\u00ed a un acto oficial se recordaba el 150 Aniversario de la Sociedad Italiana de Saladillo ocurrido el 20 de septiembre del 2024, ese d\u00eda Guillermina no estuvo en la locuci\u00f3n, pero cumpli\u00f3 un rol que yo le desconoc\u00eda. Ese 23 de noviembre en el Sesquicentenario de la Sociedad Italiana, Guillermina apareci\u00f3 en el escenario que se hab\u00eda montado al efecto y nos sorprendi\u00f3 gratamente cantando algunas canciones en italiano. Estuvimos entonces ante la presencia de otras de sus facetas: la de cantante. Ciertamente lo hizo muy bien y el p\u00fablico la reconoci\u00f3 con su aplauso. Escuch\u00e9 por \u00faltima vez a \u201cLa Voz del Municipio\u201d en su condici\u00f3n de locutora oficial el 29 de noviembre de 2024 en el Patio del Palacio Municipal donde las autoridades locales efectuaron un reconocimiento a los Consejeros Escolares, all\u00ed como siempre hizo con solvencia su trabajo profesional. La muerte imprevistamente nos arrebat\u00f3 a Guillermina, pero ella solo se ha ido f\u00edsicamente. La escritora chilena Isabel Allende ha dicho: \u201cLa muerte no existe, la gente s\u00f3lo muere cuando la olvidan; si puedes recordarme, siempre estar\u00e9 contigo.\u201d Guillermina no morir\u00e1 para sus amigos, no morir\u00e1 para todos quienes la hemos conocido y tratado, siempre estar\u00e1 en nuestros mejores recuerdos. Con este escrito he querido tributar mi homenaje a quien desde su rol de locutora y empleada municipal me acompa\u00f1o en mis gestiones como Intendente y se supo ganar adem\u00e1s un lugar en el coraz\u00f3n de la comunidad local. Querida Guillermina ya estar\u00e1s junto al Supremo Hacedor disfrutando de la Gloria Eterna. Descansa en Paz, no te olvidaremos.\u201d<br>Carlos Antonio Gorosito, Ex Intendente Municipal (1991-2015), Saladillo 6 de marzo de 2025<\/figcaption><\/figure>\n\n\n\n<hr class=\"wp-block-separator has-css-opacity\"\/>\n\n\n\n<figure class=\"wp-block-gallery has-nested-images columns-default is-cropped wp-block-gallery-10 is-layout-flex wp-block-gallery-is-layout-flex\">\n<figure class=\"wp-block-image size-large\"><img loading=\"lazy\" decoding=\"async\" width=\"581\" height=\"600\" data-id=\"61608\" src=\"https:\/\/acasaladillo.com.ar\/wp-content\/uploads\/2025\/04\/1.CARLOS-MARIO-DOMENIGNI-1.jpg\" alt=\"\" class=\"wp-image-61608\" srcset=\"https:\/\/acasaladillo.com.ar\/wp-content\/uploads\/2025\/04\/1.CARLOS-MARIO-DOMENIGNI-1.jpg 581w, https:\/\/acasaladillo.com.ar\/wp-content\/uploads\/2025\/04\/1.CARLOS-MARIO-DOMENIGNI-1-291x300.jpg 291w, https:\/\/acasaladillo.com.ar\/wp-content\/uploads\/2025\/04\/1.CARLOS-MARIO-DOMENIGNI-1-560x578.jpg 560w, https:\/\/acasaladillo.com.ar\/wp-content\/uploads\/2025\/04\/1.CARLOS-MARIO-DOMENIGNI-1-260x269.jpg 260w, https:\/\/acasaladillo.com.ar\/wp-content\/uploads\/2025\/04\/1.CARLOS-MARIO-DOMENIGNI-1-160x165.jpg 160w\" sizes=\"auto, (max-width: 581px) 100vw, 581px\" \/><\/figure>\n\n\n\n<figure class=\"wp-block-image size-large\"><img loading=\"lazy\" decoding=\"async\" width=\"453\" height=\"293\" data-id=\"61609\" src=\"https:\/\/acasaladillo.com.ar\/wp-content\/uploads\/2025\/04\/1.CARLOS-MARIO-DOMENIGNI-2.jpg\" alt=\"\" class=\"wp-image-61609\" srcset=\"https:\/\/acasaladillo.com.ar\/wp-content\/uploads\/2025\/04\/1.CARLOS-MARIO-DOMENIGNI-2.jpg 453w, https:\/\/acasaladillo.com.ar\/wp-content\/uploads\/2025\/04\/1.CARLOS-MARIO-DOMENIGNI-2-300x194.jpg 300w, https:\/\/acasaladillo.com.ar\/wp-content\/uploads\/2025\/04\/1.CARLOS-MARIO-DOMENIGNI-2-260x168.jpg 260w, https:\/\/acasaladillo.com.ar\/wp-content\/uploads\/2025\/04\/1.CARLOS-MARIO-DOMENIGNI-2-160x103.jpg 160w\" sizes=\"auto, (max-width: 453px) 100vw, 453px\" \/><\/figure>\n<figcaption class=\"blocks-gallery-caption wp-element-caption\"><a href=\"https:\/\/www.facebook.com\/carlos.alberto.iparraguirre.2025?__cft__[0]=AZWl2luHIwLlHxHPxE3vH2VnvWhMvXaW-YLuoyD_syixlYn1znBkeceQ7ae8eKZJJNcaRCBQ_g3IYFVXUCls_ykMmwnWCiUGKPYQqH089yLNCYsv8EVneP8v1b3_yKJVY-k&amp;__tn__=-]K-R\">Carlos Alberto Iparraguirre<\/a><br>.<br>Triste noticia el fallecimiento de <strong>Carlos Domeneghini.<\/strong><br>Hac\u00eda un tiempo que no lo ve\u00edamos por las calles de Saladillo. Lo hab\u00eda ido a visitar a un hogar, o muchas veces le preguntaba a su hermana, que siempre lo atend\u00eda con cari\u00f1o.<br>El \u00abNegro\u00bb, como lo conoc\u00edamos todos, era un radical de ley, buen alba\u00f1il, honesto, boxeador, atleta y futbolista del Club Atl\u00e9tico Hurac\u00e1n. Vest\u00eda con orgullo la camiseta de Casa Felo tanto en el boxeo como en el atletismo. Una excelente persona, un verdadero ejemplo de trabajo y humildad. Una p\u00e9rdida que nos llena de tristeza.<br>Un abrazo grande, amigo \u00abConacho\u00bb.<br>Ese apodo tan particular se lo puso mi madre, Rosa Yita Dom\u00ednguez. Fue en un festival en el parque de la calle de Boz\u00e1n y Lope Serrano, donde un locutor le pregunt\u00f3 su nombre y \u00e9l respondi\u00f3: \u00abCarlos Domeneghini, con H\u00bb. El locutor interpret\u00f3: \u00abCarlos Domeneghini Conacho\u00bb, y as\u00ed qued\u00f3. Desde entonces, mi madre y mi padre Felo tambi\u00e9n comenzaron a llamarlo as\u00ed.<br>Muy amigo y querido por toda nuestra familia. Te vamos a recordar con mucho cari\u00f1o, siempre.<\/figcaption><\/figure>\n\n\n\n<hr class=\"wp-block-separator has-css-opacity\"\/>\n\n\n\n<figure class=\"wp-block-image size-full\"><img loading=\"lazy\" decoding=\"async\" width=\"680\" height=\"452\" src=\"https:\/\/acasaladillo.com.ar\/wp-content\/uploads\/2025\/04\/1-9.jpg\" alt=\"\" class=\"wp-image-61691\" srcset=\"https:\/\/acasaladillo.com.ar\/wp-content\/uploads\/2025\/04\/1-9.jpg 680w, https:\/\/acasaladillo.com.ar\/wp-content\/uploads\/2025\/04\/1-9-300x199.jpg 300w, https:\/\/acasaladillo.com.ar\/wp-content\/uploads\/2025\/04\/1-9-560x372.jpg 560w, https:\/\/acasaladillo.com.ar\/wp-content\/uploads\/2025\/04\/1-9-260x173.jpg 260w, https:\/\/acasaladillo.com.ar\/wp-content\/uploads\/2025\/04\/1-9-160x106.jpg 160w\" sizes=\"auto, (max-width: 680px) 100vw, 680px\" \/><figcaption class=\"wp-element-caption\">Desde la izquierda vemos en 1990 a: Hamlet Lima Quintana, (nacido en Mor\u00f3n pero prefer\u00eda decir que era de <a href=\"https:\/\/www.facebook.com\/hashtag\/saladillo?__eep__=6&amp;__cft__[0]=AZXZZO2TIa7Upt8RO2XdEQ6qn7bCRDVOfXKZ8Zv7iX6MVfQZtKNMJnYOOYroaWdlPJxalE1xRNoqrvbz6fFxVD_bnXpkkqxD8FdcP1psUqhmlmY7EHFlyYjBieOHS19XAH-pKr-lc-z7iX4XXC_DlkCSPPFhDjGVR-a0DVVSRFRX-yPs5qSdYgo461iudX7uw1g&amp;__tn__=*NK-R\">#saladillo<\/a> debido a que pasaba cinco meses por a\u00f1o en nuestra ciudad durante su infancia.) Enrique Llopis, Lidia Elman, Osvaldo Pugliese y Virgilio Esp\u00f3sito.<\/figcaption><\/figure>\n\n\n\n<hr class=\"wp-block-separator has-css-opacity\"\/>\n\n\n\n<figure class=\"wp-block-gallery has-nested-images columns-2 is-cropped wp-block-gallery-11 is-layout-flex wp-block-gallery-is-layout-flex\">\n<figure class=\"wp-block-image size-large\"><img loading=\"lazy\" decoding=\"async\" width=\"600\" height=\"555\" data-id=\"61750\" src=\"https:\/\/acasaladillo.com.ar\/wp-content\/uploads\/2025\/04\/colegiales-12.jpg\" alt=\"\" class=\"wp-image-61750\" srcset=\"https:\/\/acasaladillo.com.ar\/wp-content\/uploads\/2025\/04\/colegiales-12.jpg 600w, https:\/\/acasaladillo.com.ar\/wp-content\/uploads\/2025\/04\/colegiales-12-300x278.jpg 300w, https:\/\/acasaladillo.com.ar\/wp-content\/uploads\/2025\/04\/colegiales-12-560x518.jpg 560w, https:\/\/acasaladillo.com.ar\/wp-content\/uploads\/2025\/04\/colegiales-12-260x241.jpg 260w, https:\/\/acasaladillo.com.ar\/wp-content\/uploads\/2025\/04\/colegiales-12-160x148.jpg 160w\" sizes=\"auto, (max-width: 600px) 100vw, 600px\" \/><\/figure>\n\n\n\n<figure class=\"wp-block-image size-large\"><img loading=\"lazy\" decoding=\"async\" width=\"425\" height=\"600\" data-id=\"61749\" src=\"https:\/\/acasaladillo.com.ar\/wp-content\/uploads\/2025\/04\/colegiales-6.jpg\" alt=\"\" class=\"wp-image-61749\" srcset=\"https:\/\/acasaladillo.com.ar\/wp-content\/uploads\/2025\/04\/colegiales-6.jpg 425w, https:\/\/acasaladillo.com.ar\/wp-content\/uploads\/2025\/04\/colegiales-6-213x300.jpg 213w, https:\/\/acasaladillo.com.ar\/wp-content\/uploads\/2025\/04\/colegiales-6-260x367.jpg 260w, https:\/\/acasaladillo.com.ar\/wp-content\/uploads\/2025\/04\/colegiales-6-160x226.jpg 160w\" sizes=\"auto, (max-width: 425px) 100vw, 425px\" \/><\/figure>\n\n\n\n<figure class=\"wp-block-image size-large\"><img loading=\"lazy\" decoding=\"async\" width=\"600\" height=\"447\" data-id=\"61748\" src=\"https:\/\/acasaladillo.com.ar\/wp-content\/uploads\/2025\/04\/colegiales-5.jpg\" alt=\"\" class=\"wp-image-61748\" srcset=\"https:\/\/acasaladillo.com.ar\/wp-content\/uploads\/2025\/04\/colegiales-5.jpg 600w, https:\/\/acasaladillo.com.ar\/wp-content\/uploads\/2025\/04\/colegiales-5-300x224.jpg 300w, https:\/\/acasaladillo.com.ar\/wp-content\/uploads\/2025\/04\/colegiales-5-560x417.jpg 560w, https:\/\/acasaladillo.com.ar\/wp-content\/uploads\/2025\/04\/colegiales-5-260x194.jpg 260w, https:\/\/acasaladillo.com.ar\/wp-content\/uploads\/2025\/04\/colegiales-5-160x119.jpg 160w\" sizes=\"auto, (max-width: 600px) 100vw, 600px\" \/><\/figure>\n\n\n\n<figure class=\"wp-block-image size-large\"><img loading=\"lazy\" decoding=\"async\" width=\"600\" height=\"456\" data-id=\"61747\" src=\"https:\/\/acasaladillo.com.ar\/wp-content\/uploads\/2025\/04\/colegiales-3.jpg\" alt=\"\" class=\"wp-image-61747\" srcset=\"https:\/\/acasaladillo.com.ar\/wp-content\/uploads\/2025\/04\/colegiales-3.jpg 600w, https:\/\/acasaladillo.com.ar\/wp-content\/uploads\/2025\/04\/colegiales-3-300x228.jpg 300w, https:\/\/acasaladillo.com.ar\/wp-content\/uploads\/2025\/04\/colegiales-3-560x426.jpg 560w, https:\/\/acasaladillo.com.ar\/wp-content\/uploads\/2025\/04\/colegiales-3-260x198.jpg 260w, https:\/\/acasaladillo.com.ar\/wp-content\/uploads\/2025\/04\/colegiales-3-160x122.jpg 160w\" sizes=\"auto, (max-width: 600px) 100vw, 600px\" \/><\/figure>\n\n\n\n<figure class=\"wp-block-image size-large\"><img loading=\"lazy\" decoding=\"async\" width=\"480\" height=\"366\" data-id=\"61746\" src=\"https:\/\/acasaladillo.com.ar\/wp-content\/uploads\/2025\/04\/colegiales-2.jpg\" alt=\"\" class=\"wp-image-61746\" srcset=\"https:\/\/acasaladillo.com.ar\/wp-content\/uploads\/2025\/04\/colegiales-2.jpg 480w, https:\/\/acasaladillo.com.ar\/wp-content\/uploads\/2025\/04\/colegiales-2-300x229.jpg 300w, https:\/\/acasaladillo.com.ar\/wp-content\/uploads\/2025\/04\/colegiales-2-260x198.jpg 260w, https:\/\/acasaladillo.com.ar\/wp-content\/uploads\/2025\/04\/colegiales-2-160x122.jpg 160w\" sizes=\"auto, (max-width: 480px) 100vw, 480px\" \/><\/figure>\n\n\n\n<figure class=\"wp-block-image size-large\"><img loading=\"lazy\" decoding=\"async\" width=\"600\" height=\"450\" data-id=\"61745\" src=\"https:\/\/acasaladillo.com.ar\/wp-content\/uploads\/2025\/04\/colegiales-1.jpg\" alt=\"\" class=\"wp-image-61745\" srcset=\"https:\/\/acasaladillo.com.ar\/wp-content\/uploads\/2025\/04\/colegiales-1.jpg 600w, https:\/\/acasaladillo.com.ar\/wp-content\/uploads\/2025\/04\/colegiales-1-300x225.jpg 300w, https:\/\/acasaladillo.com.ar\/wp-content\/uploads\/2025\/04\/colegiales-1-560x420.jpg 560w, https:\/\/acasaladillo.com.ar\/wp-content\/uploads\/2025\/04\/colegiales-1-260x195.jpg 260w, https:\/\/acasaladillo.com.ar\/wp-content\/uploads\/2025\/04\/colegiales-1-160x120.jpg 160w\" sizes=\"auto, (max-width: 600px) 100vw, 600px\" \/><\/figure>\n<\/figure>\n\n\n\n<p><strong>El 18 de abril cumplio 97 a\u00f1os al Club Colegiales de Saladillo.<\/strong><\/p>\n\n\n\n<p>Mis felicitaciones a la comisi\u00f3n directiva actual, a todos los que pasaron por la instituci\u00f3n y, por supuesto, a sus socios. Que sigan por este buen camino, trabajando con compromiso por un club que cumple un rol fundamental en la sociedad saladillense.No tengo dudas de que mi abuelo, F\u00e9lix \u201cFelo\u201d Iparraguirre, tambi\u00e9n aport\u00f3 su granito de arena para que este gran club creciera como lo hizo. Fue jugador de f\u00fatbol y presidente del Club Colegiales, y siempre tuvo un cari\u00f1o especial por esta instituci\u00f3n.En lo personal, es un club que aprecio y llevo en el coraz\u00f3n, al igual que Hurac\u00e1n, por lo que significaron ambos para mi abuelo y para nuestra familia. Si bien no integr\u00e9 nunca la comisi\u00f3n ni concurr\u00ed mucho a las instalaciones, si en alg\u00fan momento es necesario, estar\u00e9 dispuesto a colaborar y aportar lo que est\u00e9 a mi alcance.Hoy el club y sus instalaciones est\u00e1n muy bien, gracias al trabajo de su comisi\u00f3n y al acompa\u00f1amiento de los socios. Y seguramente ya estar\u00e1n pensando en un festejo especial para el 2028, cuando el Club Colegiales cumpla 100 a\u00f1os de vida.Adjunto Art\u00edculo period\u00edstico publicado en el diario El Argentino el viernes 15 de abril de 1988, con motivo del 60\u00b0 aniversario del club. En \u00e9l, hablaban Joaqu\u00edn Lazzaro y F\u00e9lix Iparraguirre sobre la historia y el crecimiento de esta querida instituci\u00f3n.<\/p>\n\n\n\n<hr class=\"wp-block-separator has-css-opacity\"\/>\n\n\n\n<figure class=\"wp-block-image size-full\"><img loading=\"lazy\" decoding=\"async\" width=\"300\" height=\"168\" src=\"https:\/\/acasaladillo.com.ar\/wp-content\/uploads\/2025\/04\/oscar-domingues.jpg\" alt=\"\" class=\"wp-image-61821\" srcset=\"https:\/\/acasaladillo.com.ar\/wp-content\/uploads\/2025\/04\/oscar-domingues.jpg 300w, https:\/\/acasaladillo.com.ar\/wp-content\/uploads\/2025\/04\/oscar-domingues-260x146.jpg 260w, https:\/\/acasaladillo.com.ar\/wp-content\/uploads\/2025\/04\/oscar-domingues-160x90.jpg 160w\" sizes=\"auto, (max-width: 300px) 100vw, 300px\" \/><\/figure>\n\n\n\n<p>\u00abHasta la pr\u00f3xima funci\u00f3n querido Maestro\u00bb<br>Triste e inesperada la partida de Oscar Dominguez!!<br>A pesar de su edad, su fortaleza y su pasi\u00f3n por la m\u00fasica lo hac\u00edan eterno y parec\u00eda que nunca iba a dejarnos s\u00edn la \u00faltima interpretaci\u00f3n de su inseparable Bandone\u00f3n.<br>El Tango, fu\u00e9 su v\u00ednculo mas preciado con el coraz\u00f3n de Saladillo, y su amor profundo c\u00f3mo hijo dilecto, lo convirtieron en Ciudadano Distinguido de nuestro Pueblo.<br>Personas maravillosas como \u00e9l y de esp\u00edritu joven, nunca dejan de estar, y siempre vuelven en el recuerdo permanente de los que tuvimos la fortuna de conocerlo y de disfrutar sus acordes musicales.<br>Que el reencuentro con tus amigos del fuelle, sea propicio para una nueva \u00abCumparsita\u00bb, esa que nos ofrec\u00edas con los aplausos finales de tus inolvidables presentaciones.<br>Que tu alma descanse en la Paz Eterna del Se\u00f1or<br>Intendente Jos\u00e9 Luis Salom\u00f3<\/p>\n\n\n\n<hr class=\"wp-block-separator has-css-opacity\"\/>\n\n\n\n<figure class=\"wp-block-image size-full\"><img loading=\"lazy\" decoding=\"async\" width=\"960\" height=\"512\" src=\"https:\/\/acasaladillo.com.ar\/wp-content\/uploads\/2025\/05\/493933212_10234743386182374_7694073483642082285_n.jpg\" alt=\"\" class=\"wp-image-61856\" srcset=\"https:\/\/acasaladillo.com.ar\/wp-content\/uploads\/2025\/05\/493933212_10234743386182374_7694073483642082285_n.jpg 960w, https:\/\/acasaladillo.com.ar\/wp-content\/uploads\/2025\/05\/493933212_10234743386182374_7694073483642082285_n-300x160.jpg 300w, https:\/\/acasaladillo.com.ar\/wp-content\/uploads\/2025\/05\/493933212_10234743386182374_7694073483642082285_n-768x410.jpg 768w, https:\/\/acasaladillo.com.ar\/wp-content\/uploads\/2025\/05\/493933212_10234743386182374_7694073483642082285_n-560x299.jpg 560w, https:\/\/acasaladillo.com.ar\/wp-content\/uploads\/2025\/05\/493933212_10234743386182374_7694073483642082285_n-260x139.jpg 260w, https:\/\/acasaladillo.com.ar\/wp-content\/uploads\/2025\/05\/493933212_10234743386182374_7694073483642082285_n-160x85.jpg 160w\" sizes=\"auto, (max-width: 960px) 100vw, 960px\" \/><\/figure>\n\n\n\n<p><strong>Giorgio Galliani<\/strong><br>Hace 50 a\u00f1os (el primero de mayo) con mis padres y dos de mis hermanos, Carlos &amp; Eduardo, en la autocaravana vista a nuestra espalda, iniciamos un tour panamericano desde nuestra ciudad natal (Saladillo) en la provincia de Buenos Aires, Argentina, hasta el norte de Alaska, como se puede ver en la foto.<br>Casi todo un a\u00f1o viajando y viviendo una tremenda aventura por todo tipo de terrenos y variedades clim\u00e1ticas.<br>Medio siglo despu\u00e9s, todav\u00eda recordamos ese viaje v\u00edvidamente, a pesar de que hemos viajado extensamente desde entonces.<\/p>\n\n\n\n<hr class=\"wp-block-separator has-css-opacity\"\/>\n\n\n\n<figure class=\"wp-block-image size-full\"><img loading=\"lazy\" decoding=\"async\" width=\"600\" height=\"319\" src=\"https:\/\/acasaladillo.com.ar\/wp-content\/uploads\/2025\/08\/inganio-goni.jpeg\" alt=\"\" class=\"wp-image-62595\" srcset=\"https:\/\/acasaladillo.com.ar\/wp-content\/uploads\/2025\/08\/inganio-goni.jpeg 600w, https:\/\/acasaladillo.com.ar\/wp-content\/uploads\/2025\/08\/inganio-goni-300x160.jpeg 300w, https:\/\/acasaladillo.com.ar\/wp-content\/uploads\/2025\/08\/inganio-goni-560x298.jpeg 560w, https:\/\/acasaladillo.com.ar\/wp-content\/uploads\/2025\/08\/inganio-goni-260x138.jpeg 260w, https:\/\/acasaladillo.com.ar\/wp-content\/uploads\/2025\/08\/inganio-goni-160x85.jpeg 160w\" sizes=\"auto, (max-width: 600px) 100vw, 600px\" \/><figcaption class=\"wp-element-caption\"><strong>Un acto de justicia radial y reconocimiento comunitario<\/strong><br>Por Luis Perri\u00e8re<br>El legado que se hace calle<br>En un emotivo acto que entreteji\u00f3 memoria y futuro, Saladillo honr\u00f3 esta semana a uno de los pioneros fundamentales de su radiodifusi\u00f3n: Ignacio Go\u00f1i, cuyo nombre ahora identifica una arteria de la ciudad. Esta imposici\u00f3n \u2013impulsada por el bloque del Frente de Todos a iniciativa de Anal\u00eda Maidana, hist\u00f3rica voz de la Radio 90.7 FM (emisora de la familia Go\u00f1i)\u2013 no solo marca un punto en el mapa urbano, sino que eterniza el compromiso de un hombre que hizo de las ondas sonoras un puente con la comunidad.<br>Como hombre de radio, este homenaje me conmueve hasta lo m\u00e1s hondo. Aunque no tuve el privilegio de conocer personalmente a Ignacio, durante mis primeros a\u00f1os en esta querida emisora -en los albores del nuevo milenio- el propio aire de los estudios, el testimonio de su esposa Graciela y las an\u00e9cdotas del querido Nacho (su hijo) me revelaron el retrato de un hombre que llevaba la radio tatuada en el alma. Hoy, cuando pise esa calle que ahora lleva su nombre, sabr\u00e9 que su legado sigue vivo en cada programa que sintonizamos, en cada palabra que se pronuncie ante el micr\u00f3fono, en esa pasi\u00f3n que solo los verdaderos radialistas comprendemos.<br>El hombre detr\u00e1s del micr\u00f3fono: trayectoria y compromiso<br>Ignacio Go\u00f1i no fue solo un visionario de la frecuencia modulada en Saladillo; fue un arquitecto de comunidad. Su trayectoria abarc\u00f3 tres dimensiones inseparables:<br>-El empresario innovador: fundador de la Radio 90.7 FM, emisora que revolucion\u00f3 el dial local con una propuesta cercana y profesional. Promotor de tecnolog\u00eda radial en una \u00e9poca donde la FM era territorio desconocido en el interior.<br>-El comunicador social: su micr\u00f3fono siempre estuvo abierto a las necesidades del pueblo: desde campa\u00f1as solidarias hasta la difusi\u00f3n de artistas locales. Cre\u00eda en la radio como servicio p\u00fablico, no como simple espect\u00e1culo.<br>-El ciudadano comprometido con instituciones clave de Saladillo. Impulsor de proyectos educativos y culturales que trascend\u00edan el \u00e1mbito radial.<br>Nunca olvidar\u00e9 aquella frase que captur\u00f3 su esencia: \u201cIgnacio entend\u00eda que una radio no es solo m\u00fasica y noticias: es el latido de un pueblo\u201d. Hoy, la calle que lleva su nombre se convierte en met\u00e1fora perfecta de su legado: una presencia perdurable que, sin hacer ruido, sigue marcando el comp\u00e1s de Saladillo..<br>En una era de podcasts ef\u00edmeros y algoritmos deshumanizados, recordar a Ignacio Go\u00f1i es reivindicar la radio como artefacto de identidad:<br>Para los j\u00f3venes, un modelo de c\u00f3mo innovar sin perder autenticidad. Para los colegas, un recordatorio de que nuestro oficio trasciende el aire. Para Saladillo: La certeza de que su historia est\u00e1 escrita\u2026 \u00a1y transmitida!<br>Expreso mi m\u00e1s sincero agradecimiento por haberme permitido ser parte de la historia de esta querida emisora en los primeros a\u00f1os del nuevo milenio. Llegu\u00e9 con mi impronta profesional y art\u00edstica, forjada en las emisoras de mi Paran\u00e1 natal, Concordia, Santa Fe y Buenos Aires, pero fue aqu\u00ed donde descubr\u00ed nuevas dimensiones de la radio. Cada programa fue un aprendizaje, cada transmisi\u00f3n un intercambio de saberes, y cada d\u00eda una confirmaci\u00f3n de que la radio verdadera se hace con pasi\u00f3n y comunidad. A la familia Go\u00f1i y a todo el equipo: gracias por recibirme como uno m\u00e1s en esta casa que hoy, al ver el nombre de Ignacio en una calle de Saladillo, s\u00e9 que tambi\u00e9n lleva un pedacito de mi historia radial.<br>Hoy, cuando sintonices la 90.7 FM o camines por su calle, escucha con atenci\u00f3n: el eco de Ignacio sigue al aire.<br>.<br>https:\/\/infosaladillo.com.ar\/<\/figcaption><\/figure>\n\n\n\n<hr class=\"wp-block-separator has-alpha-channel-opacity\"\/>\n\n\n\n<figure class=\"wp-block-gallery has-nested-images columns-default is-cropped wp-block-gallery-12 is-layout-flex wp-block-gallery-is-layout-flex\">\n<figure class=\"wp-block-image size-large\"><img loading=\"lazy\" decoding=\"async\" width=\"400\" height=\"267\" data-id=\"62910\" src=\"https:\/\/acasaladillo.com.ar\/wp-content\/uploads\/2025\/10\/1-13.jpeg\" alt=\"\" class=\"wp-image-62910\" srcset=\"https:\/\/acasaladillo.com.ar\/wp-content\/uploads\/2025\/10\/1-13.jpeg 400w, https:\/\/acasaladillo.com.ar\/wp-content\/uploads\/2025\/10\/1-13-300x200.jpeg 300w, https:\/\/acasaladillo.com.ar\/wp-content\/uploads\/2025\/10\/1-13-260x174.jpeg 260w, https:\/\/acasaladillo.com.ar\/wp-content\/uploads\/2025\/10\/1-13-160x107.jpeg 160w\" sizes=\"auto, (max-width: 400px) 100vw, 400px\" \/><\/figure>\n\n\n\n<figure class=\"wp-block-image size-large\"><img loading=\"lazy\" decoding=\"async\" width=\"400\" height=\"338\" data-id=\"62907\" src=\"https:\/\/acasaladillo.com.ar\/wp-content\/uploads\/2025\/10\/1-7.jpeg\" alt=\"\" class=\"wp-image-62907\" srcset=\"https:\/\/acasaladillo.com.ar\/wp-content\/uploads\/2025\/10\/1-7.jpeg 400w, https:\/\/acasaladillo.com.ar\/wp-content\/uploads\/2025\/10\/1-7-300x254.jpeg 300w, https:\/\/acasaladillo.com.ar\/wp-content\/uploads\/2025\/10\/1-7-260x220.jpeg 260w, https:\/\/acasaladillo.com.ar\/wp-content\/uploads\/2025\/10\/1-7-160x135.jpeg 160w\" sizes=\"auto, (max-width: 400px) 100vw, 400px\" \/><\/figure>\n\n\n\n<figure class=\"wp-block-image size-large\"><img loading=\"lazy\" decoding=\"async\" width=\"500\" height=\"333\" data-id=\"62909\" src=\"https:\/\/acasaladillo.com.ar\/wp-content\/uploads\/2025\/10\/1-12.jpeg\" alt=\"\" class=\"wp-image-62909\" srcset=\"https:\/\/acasaladillo.com.ar\/wp-content\/uploads\/2025\/10\/1-12.jpeg 500w, https:\/\/acasaladillo.com.ar\/wp-content\/uploads\/2025\/10\/1-12-300x200.jpeg 300w, https:\/\/acasaladillo.com.ar\/wp-content\/uploads\/2025\/10\/1-12-260x173.jpeg 260w, https:\/\/acasaladillo.com.ar\/wp-content\/uploads\/2025\/10\/1-12-160x107.jpeg 160w\" sizes=\"auto, (max-width: 500px) 100vw, 500px\" \/><\/figure>\n\n\n\n<figure class=\"wp-block-image size-large\"><img loading=\"lazy\" decoding=\"async\" width=\"400\" height=\"267\" data-id=\"62908\" src=\"https:\/\/acasaladillo.com.ar\/wp-content\/uploads\/2025\/10\/1-11.jpeg\" alt=\"\" class=\"wp-image-62908\" srcset=\"https:\/\/acasaladillo.com.ar\/wp-content\/uploads\/2025\/10\/1-11.jpeg 400w, https:\/\/acasaladillo.com.ar\/wp-content\/uploads\/2025\/10\/1-11-300x200.jpeg 300w, https:\/\/acasaladillo.com.ar\/wp-content\/uploads\/2025\/10\/1-11-260x174.jpeg 260w, https:\/\/acasaladillo.com.ar\/wp-content\/uploads\/2025\/10\/1-11-160x107.jpeg 160w\" sizes=\"auto, (max-width: 400px) 100vw, 400px\" \/><\/figure>\n<\/figure>\n\n\n\n<p><strong>LOS 50 A\u00d1OS DE TIENDA PELADO SPORT<\/strong><br>La familia Di Battista celebr\u00f3 los 50 a\u00f1os del otorgamiento de la habilitaci\u00f3n correspondiente del rubro tienda un 4 de Agosto del a\u00f1o 1975.<br>Cinco d\u00e9cadas despu\u00e9s este emprendimiento que naci\u00f3 como proyecto comercial y que con el paso de los a\u00f1os se transform\u00f3 tambi\u00e9n en una decisi\u00f3n de vida y en un proyecto familiar, celebr\u00f3 aquella idea inicial del Pelado Di Battista y su esposa Dorita y que cont\u00f3 con el acompa\u00f1amiento de sus hijas.<\/p>\n\n\n\n<hr class=\"wp-block-separator has-alpha-channel-opacity\"\/>\n\n\n\n<figure class=\"wp-block-image size-full\"><img loading=\"lazy\" decoding=\"async\" width=\"520\" height=\"393\" src=\"https:\/\/acasaladillo.com.ar\/wp-content\/uploads\/2025\/10\/1.jpg\" alt=\"\" class=\"wp-image-62913\" srcset=\"https:\/\/acasaladillo.com.ar\/wp-content\/uploads\/2025\/10\/1.jpg 520w, https:\/\/acasaladillo.com.ar\/wp-content\/uploads\/2025\/10\/1-300x227.jpg 300w, https:\/\/acasaladillo.com.ar\/wp-content\/uploads\/2025\/10\/1-260x197.jpg 260w, https:\/\/acasaladillo.com.ar\/wp-content\/uploads\/2025\/10\/1-160x121.jpg 160w\" sizes=\"auto, (max-width: 520px) 100vw, 520px\" \/><\/figure>\n\n\n\n<p><strong>A\u00f1o 1959 con mis 12 a\u00f1os! Cumplimos 105 a\u00f1os de actividad ininterrumpida!!<\/strong><br>Mi Padre, Rodriguez, Nilo Bruno, Jorgelina Almada, Di Carlo y quien suscribe! Pasan los a\u00f1os y disfruto hasta hoy cada uno que transit\u00e9! Gracias a Uds!!! <strong>Guillermo Rodolfo Alari<\/strong><\/p>\n\n\n\n<hr class=\"wp-block-separator has-alpha-channel-opacity\"\/>\n\n\n\n<figure class=\"wp-block-image size-full\"><img loading=\"lazy\" decoding=\"async\" width=\"720\" height=\"509\" src=\"https:\/\/acasaladillo.com.ar\/wp-content\/uploads\/2026\/03\/Vasco-alarticochea.jpg\" alt=\"\" class=\"wp-image-63298\" srcset=\"https:\/\/acasaladillo.com.ar\/wp-content\/uploads\/2026\/03\/Vasco-alarticochea.jpg 720w, https:\/\/acasaladillo.com.ar\/wp-content\/uploads\/2026\/03\/Vasco-alarticochea-300x212.jpg 300w, https:\/\/acasaladillo.com.ar\/wp-content\/uploads\/2026\/03\/Vasco-alarticochea-560x396.jpg 560w, https:\/\/acasaladillo.com.ar\/wp-content\/uploads\/2026\/03\/Vasco-alarticochea-260x184.jpg 260w, https:\/\/acasaladillo.com.ar\/wp-content\/uploads\/2026\/03\/Vasco-alarticochea-160x113.jpg 160w\" sizes=\"auto, (max-width: 720px) 100vw, 720px\" \/><\/figure>\n\n\n\n<p><a href=\"https:\/\/www.facebook.com\/vasco.olarti16?__cft__[0]=AZZOdT9Xq1PDVciZFMm42l-efrPyegn4anz02ALaxSOhXIasfWDtCvst-ZpS5moMChkygBQm1lEcsPWvpXlWuGMmogIjFr_C_mnzBJ3ajRb7ooGMgCbkwv2MeYB6xmxxCI3PEM3FxbhiPxQV5r12DXLz&amp;__tn__=-]K-R\">Vasco Olarticoechea<\/a> El Gr\u00e1fico 1988- <\/p>\n\n\n\n<hr class=\"wp-block-separator has-alpha-channel-opacity\"\/>\n","protected":false},"excerpt":{"rendered":"<p>\u00a0 Mandanos tu foto de recuerdo a : agenciamedbruno@gmail.com\u00a0<\/p>\n<p class=\"more-link-p\"><a class=\"more-link\" href=\"https:\/\/acasaladillo.com.ar\/?page_id=30228\">Read more &rarr;<\/a><\/p>\n","protected":false},"author":1,"featured_media":40633,"parent":0,"menu_order":0,"comment_status":"closed","ping_status":"closed","template":"","meta":{"_monsterinsights_skip_tracking":false,"footnotes":""},"class_list":["post-30228","page","type-page","status-publish","has-post-thumbnail","hentry"],"aioseo_notices":[],"_links":{"self":[{"href":"https:\/\/acasaladillo.com.ar\/index.php?rest_route=\/wp\/v2\/pages\/30228","targetHints":{"allow":["GET"]}}],"collection":[{"href":"https:\/\/acasaladillo.com.ar\/index.php?rest_route=\/wp\/v2\/pages"}],"about":[{"href":"https:\/\/acasaladillo.com.ar\/index.php?rest_route=\/wp\/v2\/types\/page"}],"author":[{"embeddable":true,"href":"https:\/\/acasaladillo.com.ar\/index.php?rest_route=\/wp\/v2\/users\/1"}],"replies":[{"embeddable":true,"href":"https:\/\/acasaladillo.com.ar\/index.php?rest_route=%2Fwp%2Fv2%2Fcomments&post=30228"}],"version-history":[{"count":79,"href":"https:\/\/acasaladillo.com.ar\/index.php?rest_route=\/wp\/v2\/pages\/30228\/revisions"}],"predecessor-version":[{"id":63299,"href":"https:\/\/acasaladillo.com.ar\/index.php?rest_route=\/wp\/v2\/pages\/30228\/revisions\/63299"}],"wp:featuredmedia":[{"embeddable":true,"href":"https:\/\/acasaladillo.com.ar\/index.php?rest_route=\/wp\/v2\/media\/40633"}],"wp:attachment":[{"href":"https:\/\/acasaladillo.com.ar\/index.php?rest_route=%2Fwp%2Fv2%2Fmedia&parent=30228"}],"curies":[{"name":"wp","href":"https:\/\/api.w.org\/{rel}","templated":true}]}}