{"id":17657,"date":"2016-10-15T18:52:47","date_gmt":"2016-10-15T21:52:47","guid":{"rendered":"http:\/\/acasaladillo.com.ar\/?page_id=17657"},"modified":"2016-10-15T18:52:47","modified_gmt":"2016-10-15T21:52:47","slug":"nosotros-los-medios-y-el-caso-marisol","status":"publish","type":"page","link":"https:\/\/acasaladillo.com.ar\/?page_id=17657","title":{"rendered":"Nosotros los medios y el Caso marisol"},"content":{"rendered":"<p style=\"text-align: justify;\"><!--more--><\/p>\n<p style=\"text-align: justify;\"><a href=\"http:\/\/acasaladillo.com.ar\/wp-content\/uploads\/2014\/10\/aca-cuadrado-fondo-blanco.png\"><img loading=\"lazy\" decoding=\"async\" class=\"alignnone size-full wp-image-188\" src=\"http:\/\/acasaladillo.com.ar\/wp-content\/uploads\/2014\/10\/aca-cuadrado-fondo-blanco.png\" alt=\"aca cuadrado fondo blanco\" width=\"180\" height=\"180\" data-id=\"188\" \/><\/a><\/p>\n<p style=\"text-align: justify;\">Los medios y Caso Marisol Los medios tambi\u00e9n somos culpables!!! pareciera que solo nos importa: \u201cel abogado dijo..\u201d, \u201cen la causa est\u00e1..\u201d, \u201cdeclar\u00f3 el\u2026\u201d, \u201cSe quebr\u00f3 y dijo\u2026\u201d, esas cosas solamente nos preocupan como \u201cnoticia\u201d?, no nos preguntamos por que hace tiempo que casi no se habla m\u00e1s del tema?, hasta en el grupo cerrado, \u201cJUSTICIA POR MARISOL OYHANART &#8211; no olvidamos\u201d, ya no se pide justicia, su hermana Soledad Oyhanart sigue dando batalla como puede, ya hace un tiempo qued\u00f3 atr\u00e1s la marcha reclamando por Marisol que se realiz\u00f3 con un rezo en el complejo religioso Padre Antonio, y de ah\u00ed en mas que&#8230;?, porque NO MAS MARCHAS?, por que nosotros como medios no insistimos?, alguien dijo; \u201cpara qu\u00e9 hacer una marcha si la gente no acompa\u00f1a..,?\u201d que importa eso\u2026, cada persona que no asista sabr\u00e1 su por que, nadie debe obligar a nadie, pero nosotros, LOS MEDIOS DEBEMOS y ESTAMOS OBLIGADOS A INSISTIR preguntando QUE PAS\u00d3?<\/p>\n","protected":false},"excerpt":{"rendered":"<p class=\"more-link-p\"><a class=\"more-link\" href=\"https:\/\/acasaladillo.com.ar\/?page_id=17657\">Read more &rarr;<\/a><\/p>\n","protected":false},"author":3,"featured_media":188,"parent":0,"menu_order":0,"comment_status":"closed","ping_status":"closed","template":"","meta":{"_monsterinsights_skip_tracking":false,"footnotes":""},"class_list":["post-17657","page","type-page","status-publish","has-post-thumbnail","hentry"],"aioseo_notices":[],"_links":{"self":[{"href":"https:\/\/acasaladillo.com.ar\/index.php?rest_route=\/wp\/v2\/pages\/17657","targetHints":{"allow":["GET"]}}],"collection":[{"href":"https:\/\/acasaladillo.com.ar\/index.php?rest_route=\/wp\/v2\/pages"}],"about":[{"href":"https:\/\/acasaladillo.com.ar\/index.php?rest_route=\/wp\/v2\/types\/page"}],"author":[{"embeddable":true,"href":"https:\/\/acasaladillo.com.ar\/index.php?rest_route=\/wp\/v2\/users\/3"}],"replies":[{"embeddable":true,"href":"https:\/\/acasaladillo.com.ar\/index.php?rest_route=%2Fwp%2Fv2%2Fcomments&post=17657"}],"version-history":[{"count":1,"href":"https:\/\/acasaladillo.com.ar\/index.php?rest_route=\/wp\/v2\/pages\/17657\/revisions"}],"predecessor-version":[{"id":17658,"href":"https:\/\/acasaladillo.com.ar\/index.php?rest_route=\/wp\/v2\/pages\/17657\/revisions\/17658"}],"wp:featuredmedia":[{"embeddable":true,"href":"https:\/\/acasaladillo.com.ar\/index.php?rest_route=\/wp\/v2\/media\/188"}],"wp:attachment":[{"href":"https:\/\/acasaladillo.com.ar\/index.php?rest_route=%2Fwp%2Fv2%2Fmedia&parent=17657"}],"curies":[{"name":"wp","href":"https:\/\/api.w.org\/{rel}","templated":true}]}}