{"id":13219,"date":"2016-04-24T11:24:01","date_gmt":"2016-04-24T14:24:01","guid":{"rendered":"http:\/\/acasaladillo.com.ar\/?page_id=13219"},"modified":"2024-08-18T21:26:10","modified_gmt":"2024-08-19T00:26:10","slug":"todas-las-opiniones","status":"publish","type":"page","link":"https:\/\/acasaladillo.com.ar\/?page_id=13219","title":{"rendered":"Todas las opiniones"},"content":{"rendered":"\n<hr class=\"wp-block-separator\"\/>\n\n\n\n<hr class=\"wp-block-separator\"\/>\n\n\n<div class=\"entry-content\">\n<div id=\"cycloneslider-veredas-2\" class=\"cycloneslider cycloneslider-template-standard cycloneslider-width-responsive\" tabindex=\"0\">\n<div class=\"cycloneslider-slides cycle-slideshow\" style=\"box-sizing: border-box; word-wrap: break-word; position: relative; overflow: hidden; height: 601.333px;\" data-cycle-allow-wrap=\"true\" data-cycle-dynamic-height=\"off\" data-cycle-auto-height=\"450:600\" data-cycle-auto-height-easing=\"null\" data-cycle-auto-height-speed=\"250\" data-cycle-delay=\"0\" data-cycle-easing=\"\" data-cycle-fx=\"fade\" data-cycle-hide-non-active=\"true\" data-cycle-log=\"false\" data-cycle-next=\"#cycloneslider-veredas-2 .cycloneslider-next\" data-cycle-pager=\"#cycloneslider-veredas-2 .cycloneslider-pager\" data-cycle-pause-on-hover=\"true\" data-cycle-prev=\"#cycloneslider-veredas-2 .cycloneslider-prev\" data-cycle-slides=\"&gt; div\" data-cycle-speed=\"1000\" data-cycle-swipe=\"false\" data-cycle-tile-count=\"7\" data-cycle-tile-delay=\"100\" data-cycle-tile-vertical=\"true\" data-cycle-timeout=\"4000\">\n<h1 class=\"cycloneslider-slide cycloneslider-slide-image cycle-slide cycle-slide-active\"><span style=\"color: revert; font-size: revert; font-weight: revert;\">Polvaredas,\u00a0 ayer \u00a0y \u00a0hoy<\/span><\/h1>\n<p><img loading=\"lazy\" decoding=\"async\" class=\"alignnone size-full wp-image-60558\" src=\"https:\/\/acasaladillo.com.ar\/wp-content\/uploads\/2024\/08\/Adalberto-Ruben-Bruno.jpg\" alt=\"\" width=\"150\" height=\"154\" data-id=\"60558\" \/><span style=\"font-size: revert; color: initial;\">\u00a0<\/span><em style=\"font-size: revert; color: initial;\">Por Adalberto Ruben Bruno<\/em><\/p>\n<p><strong style=\"font-size: revert; color: initial;\">AYER Polvaredas contaba con\u2026<\/strong><\/p>\n<p><span style=\"font-size: revert; color: initial;\">\u2026la mejor cl\u00ednica de un pueblo de la Pcia. Bs. As.<\/span><\/p>\n<p><span style=\"font-size: revert; color: initial;\">\u2026m\u00e9dico y enfermeras\u00a0 permanentes a toda hora<\/span><\/p>\n<p><span style=\"font-size: revert; color: initial;\">\u2026un camino excelente a Del Carril<\/span><\/p>\n<p><span style=\"font-size: revert; color: initial;\">\u2026un equipo de futbol varias veces campe\u00f3n<\/span><\/p>\n<p><span style=\"font-size: revert; color: initial;\">\u2026un club con excelentes autoridades<\/span><\/p>\n<p><span style=\"font-size: revert; color: initial;\">\u2026el papy futbol mas exitoso de la zona, incluyendo R.Perez y Saladillo<\/span><\/p>\n<p><span style=\"font-size: revert; color: initial;\">\u2026un micro Saladillo- Polvaredas- Blaquier<\/span><\/p>\n<\/div>\n<\/div>\n<\/div>\n<div class=\"entry-content\">\n<p>\u2026el tren<\/p>\n<p>\u2026un correo<\/p>\n<p>\u2026un comercio dedicado a la venta de animales vacunos, con suc. de escritorio en la ciudad de Saladillo, y con remates-feria en Polvaredas y en \u201cel puente\u201d ruta 205<\/p>\n<p>\u2026una Cooperativa con un edificio importante<\/p>\n<p>\u2026una torner\u00eda<\/p>\n<p>\u2026una f\u00e1brica de soda<\/p>\n<p>\u2026un taller mec\u00e1nico de automoviles<\/p>\n<p>\u2026dos expendios de combustibles<\/p>\n<p>\u2026un almac\u00e9n de ramos generales<\/p>\n<p>..tres bares, uno con cancha de bochas<\/p>\n<p>\u2026un hospedaje exclusivo para maestras<\/p>\n<p>\u2026una peluquer\u00eda de hombres<\/p>\n<p>\u2026dos peluquer\u00edas unisex<\/p>\n<p>\u2026un aserradero<\/p>\n<p>\u2026una helader\u00eda<\/p>\n<p>\u2026una\u00a0 tienda unisex<\/p>\n<p>\u2026una panader\u00eda, fabrica<\/p>\n<p>\u2026un excelente\u00a0 delegado, que usaba su auto particular<\/p>\n<p>\u2026 en orden de progreso Polvaredas, Del Carril, luego Toledo y Caz\u00f3n<\/p>\n<p><strong>HOY Polvaredas\u00a0 NO cuenta con\u2026<\/strong><\/p>\n<p>\u2026la mejor cl\u00ednica de un pueblo de la Pcia. Bs. As.<\/p>\n<p>\u2026m\u00e9dico y enfermeras\u00a0 permanentes a toda hora<\/p>\n<p>\u2026un camino excelente a Del Carril<\/p>\n<p>\u2026un equipo de futbol varias veces campe\u00f3n<\/p>\n<p>\u2026un club con autoridades que dan a conocer las asambleas<\/p>\n<p>\u2026el papy futbol mas exitoso de la zona, incluyendo R.Perez y Saladillo<\/p>\n<p>\u2026un micro saladillo, polvaredas Blaquier<\/p>\n<p>\u2026el tren<\/p>\n<p>\u2026un correo<\/p>\n<p>\u2026un comercio dedicado a la venta de animales vacunos, con suc. de escritorio en la ciudad de\u00a0\u00a0\u00a0\u00a0 Saladillo, y con remates-feria en Polvaredas y en \u201cel puente\u201d ruta 205<\/p>\n<p>\u2026una Cooperativa con un edificio impactante<\/p>\n<p>\u2026una torner\u00eda<\/p>\n<p>\u2026una f\u00e1brica de soda<\/p>\n<p>\u2026un taller mec\u00e1nico de automoviles<\/p>\n<p>\u2026dos expendios de combustibles\u00a0\u00a0<\/p>\n<p>\u2026un almac\u00e9n de ramos generales<\/p>\n<p>..tres bares, uno con cancha de bochas (UNO)<\/p>\n<p>\u2026un hospedaje exclusivo para maestras<\/p>\n<p>\u2026una peluquer\u00eda de hombres<\/p>\n<p>\u2026dos peluquer\u00edas unisex<\/p>\n<p>\u2026un aserradero (SI)<\/p>\n<p>\u2026una helader\u00eda<\/p>\n<p>\u2026una\u00a0 tienda unisex<\/p>\n<p>\u2026una panader\u00eda, fabrica<\/p>\n<p><strong>SI TIENE<\/strong><\/p>\n<p>\u2026un \u201cservicio\u201d del \u00a0tel. que,\u00a0 si bien est\u00e1, pero a la mayoria de los abonados no les funciona, hay casos de hasta m\u00e1s de un a\u00f1o<\/p>\n<p>\u2026un servicio de agua corriente<\/p>\n<p>\u2026un servico de gas (prometido)<\/p>\n<p>\u2026un servico de alumbrado, que cada frentista debe\u00a0 soportar los gastos de materiales para tener luz<\/p>\n<p>\u2026una Biblioteca<\/p>\n<p>\u2026un sal\u00f3n para los jubilados<\/p>\n<p>\u2026una sala de primeros auxilios, NO las 24 horas<\/p>\n<p>\u2026servicio de colectivo (por el asfalto) Saladilo-Polvaredas, Blaquier NO<\/p>\n<p>\u2026un camino hasta Saladillo, que en otras \u00e9pocas era intransitable hoy una ruta excelente (hay que pedir una balanza\u00a0 \u00a0 \u00a0 \u00a0 \u00a0 \u00a0urgente los camiones)<\/p>\n<p>\u2026 en orden de progreso, la estad\u00edstica es: Caz\u00f3n, Toledo, Del Carril y Polavaredas<\/p>\n<p>\u2026un delegado, que el municipio a pesar de\u00a0 proveerle\u00a0 una veh\u00edculo 0km , en los cuatros a\u00f1os de su mandato anterior, no se preocup\u00f2\u00a0 para nada de su pueblo.<\/p>\n<p>Conclusi\u00f3n:\u00a0 S\u00e1quenla\u00a0 uds.<\/p>\n<\/div>\n<hr \/>\n<h1 class=\"entry-title\">Expreso Blaquier<\/h1>\n<div class=\"entry-content\"><img loading=\"lazy\" decoding=\"async\" class=\"alignnone size-full wp-image-60557\" src=\"https:\/\/acasaladillo.com.ar\/wp-content\/uploads\/2024\/08\/expreso-blaquier.jpg\" alt=\"\" width=\"271\" height=\"186\" data-id=\"60557\" srcset=\"https:\/\/acasaladillo.com.ar\/wp-content\/uploads\/2024\/08\/expreso-blaquier.jpg 271w, https:\/\/acasaladillo.com.ar\/wp-content\/uploads\/2024\/08\/expreso-blaquier-260x178.jpg 260w, https:\/\/acasaladillo.com.ar\/wp-content\/uploads\/2024\/08\/expreso-blaquier-160x110.jpg 160w\" sizes=\"auto, (max-width: 271px) 100vw, 271px\" \/><br \/><em><strong>Falleci\u00f3 a los 89 a\u00f1os de edad JACINTO JORGE INVERNIZZI (TITO)<\/strong><\/em>\n<p>\u00a0<\/p>\n<p><strong>EXPRESO BLAQUIER<\/strong><br \/>Cuantos recuerdos me vuelven a la memoria, desde muy chico mi madre me tra\u00eda al dentista Polvadedas \u2013Saladillo y viajabamos con \u201cTito\u201d , en el viejo colectivo, ya mas grande los viajes a la escuela en Toledo, despu\u00e9s al colegio de Saladillo, y asi siempre viajando con \u201cTito\u201d<br \/>El expreso Blaquier, llegaba hasta este paraje pasando por Polvaredas, Toledo y concluyendo en Saladillo, y a la ma\u00f1ana siguiente el mismo recorrido, claro\u2026, de regreso, no era viaje directo, tenia una escala, la parada \u201cobligada\u201d en Polvaredas en la antigua herrer\u00eda Lucentini, unos mates y seguir viaje.<br \/>Pasaba si o si , no hab\u00eda nada que lo detuviera, recuerden caminos de tierra por aquellos a\u00f1os. Recuerdo que ya de tanto transitar esos caminos, cuando llovia al vijo micro le empezaba a entrar agua por el techo, hasta que un dia \u201cTito\u201d apareci\u00f3 con el colectivo nuevo (foto), era todo un placer viajar en el , pero\u2026los d\u00edas lindos , en el barro no jajaja<br \/>Despues vino el asfalto , ah\u00ed si combis, remises, autos, etc, pero el trabajo sucio, lo hizo \u201cTito\u201d\u00b7.<br \/>Te recuerda con cari\u00f1o Beto Bruno<\/p>\n<\/div>\n<hr \/>\n<h1 class=\"entry-title\">Y usted preguntar\u00e1\u2026 \u00bfPor que marchamos?<\/h1>\n<div class=\"entry-content\">\n<p><img loading=\"lazy\" decoding=\"async\" class=\"alignnone size-full wp-image-60561\" src=\"https:\/\/acasaladillo.com.ar\/wp-content\/uploads\/2024\/08\/Daniel-Massa.jpg\" alt=\"\" width=\"299\" height=\"168\" data-id=\"60561\" srcset=\"https:\/\/acasaladillo.com.ar\/wp-content\/uploads\/2024\/08\/Daniel-Massa.jpg 299w, https:\/\/acasaladillo.com.ar\/wp-content\/uploads\/2024\/08\/Daniel-Massa-260x146.jpg 260w, https:\/\/acasaladillo.com.ar\/wp-content\/uploads\/2024\/08\/Daniel-Massa-160x90.jpg 160w\" sizes=\"auto, (max-width: 299px) 100vw, 299px\" \/><em>Por Daniel Massa<\/em><\/p>\n<p>Las movilizaciones son un aire fresco para la democracia, es cuando nosotros, los ciudadanos, nos expresamos en las calles y nos hacemos visibles.<\/p>\n<p>En mi caso personal, mi primera incursi\u00f3n fue en el a\u00f1o 1982, bajo la consigna \u201cPaz, pan y trabajo\u201d, con mi amigo Nahuel (ya no por estos \u201clares\u201d), d\u00edas antes de la toma de las Malvinas por el Gobierno del \u201cdictador\u201d Galtieri, como es sabido termin\u00f3 con una represi\u00f3n digna de una dictadura.<br \/>El 18 de febrero hubo una marcha multitudinaria, opositora al gobierno, pidiendo justicia (\u00bf?), organizada por algunos fiscales y jueces y los medios hegem\u00f3nicos que vienen siendo favorecidos por esa parte del Poder judicial con la ley de medios (5 a\u00f1os de aprobada y siguen las cautelares). Los futboleros me van a entender (los dem\u00e1s que averig\u00fcen si quieren), es como si Saja, Orion y Barovero, convocaran a una marcha a la AFA porque est\u00e1n recibiendo muchos goles en el campeonato, por dem\u00e1s rid\u00edculo. Otra consigna era \u201ctodos somos Nisman\u201d, como si el fiscal de la Naci\u00f3n que hizo una denuncia descabellada a la Presidenta de la Naci\u00f3n, que no hubo un solo jurista de la Argentina que la respaldara, fuera un \u201cpr\u00f3cer\u201d. Cualquier muerte es dolorosa, pero no mejora. Con la gente que concurri\u00f3 a esa marcha, s\u00ed, me separa una \u201cgrieta ideol\u00f3gica abismal\u201d. De la que estoy convencido es que lo \u00fanico que la dirime es la democracia en las urnas.<br \/>El 1 de marzo, con tres amigos, fui a la movilizaci\u00f3n a la Plaza de los dos Congresos, en auto(a gas), comimos tostados de miga con cortado en jarrita de almuerzo y s\u00e1ndwich de pan franc\u00e9s de \u201ccrudo y queso\u201d y alfajor triple de chocolate, de vuelta. Estos detalles deben ser comunes a muchos de los que tambi\u00e9n concurrieron, pero no me deja de sorprender escuchar a muchos comunicadores que creen que la militancia de un proyecto nacional y popular, es propiedad de los que la hacen por apetencias econ\u00f3micas o que no tiene nada en la cabeza y van por el \u201cchori y la coca\u201d.<br \/>NOS MOVILIZAMOS para que los propios sepan que no vamos a permitir que se pierda ning\u00fan derecho adquirido en los \u00faltimos a\u00f1os y que los opositores disfrazados de Fondos buitres, partido judicial o periodismo independiente, que desgastan para que este gobierno se vaya antes, sepan que estamos ah\u00ed, en la calle, y somos muchos.<br \/>NOS MOVILIZAMOS porque estamos convencidos de que el estado es el \u00fanico capaz de mediar a favor de los que menos tienen, ante los poderosos.<br \/>NOS MOVILIZAMOS porque cada vez que un bancario, maestro, jubilado o trabajador en general le dice \u201cyegua\u201d o \u201cputa\u201d a la Presidenta, nos ofende a nosotros.<br \/>NOS MOVILIZAMOS para defender un Proyecto Nacional Popular y Democr\u00e1tico.<br \/>Una de las cosas m\u00e1s sobresalientes de esta \u00faltima marcha fue la gran cantidad de j\u00f3venes que asistieron, de algo estoy seguro, m\u00e1s all\u00e1 de resultados electorales, MARCHAMOS PARA QUEDARNOS.<br \/>DANIEL ALFONSO MASSA<br \/>DNI 11.821.755<\/p>\n<\/div>\n<hr \/>\n<h1 class=\"entry-title\">\u00bfVos sos K o de la opo?<\/h1>\n<div class=\"entry-content\">\n<p><img loading=\"lazy\" decoding=\"async\" class=\"alignnone  wp-image-60559\" src=\"https:\/\/acasaladillo.com.ar\/wp-content\/uploads\/2024\/08\/Cristina-Sarubbi.jpg\" alt=\"\" width=\"168\" height=\"168\" data-id=\"60559\" srcset=\"https:\/\/acasaladillo.com.ar\/wp-content\/uploads\/2024\/08\/Cristina-Sarubbi.jpg 225w, https:\/\/acasaladillo.com.ar\/wp-content\/uploads\/2024\/08\/Cristina-Sarubbi-160x160.jpg 160w\" sizes=\"auto, (max-width: 168px) 100vw, 168px\" \/>\u00a0<em>Por Cristina Sarubbi<\/em><\/p>\n<p>Una se vuelve aparentemente egoc\u00e9ntrica cuando es autobiogr\u00e1fica, pero no encuentro otra forma que la de \u201cexplicarme\u201d para explicar lo que pienso y siento en relaci\u00f3n con el pa\u00eds actual.<\/p>\n<p>Creo que empec\u00e9 a tener conciencia nacional (errada o no)\u00a0 por 1982, a mis 17 a\u00f1os. Me recuerdo en el \u00faltimo cuarto de mi casa paterna, el cuarto de mi hermano, rezando y llorando por los soldaditos que estaban en Malvinas. No sab\u00eda casi nada de la diferencia entre un gobierno militar y un gobierno democr\u00e1tico, aunque recordaba haber escuchado por la radio, en el campo, los sucesos de Marzo de 1976 (a mis 11 a\u00f1os) que refer\u00edan algo de Isabelita, un helic\u00f3ptero y militares. Desconoc\u00eda que la guerra de Malvinas era el \u00faltimo manotazo de ahogado de un general alcoh\u00f3lico que pretend\u00eda seguir en el poder; pero yo sufr\u00eda por esos muchachos que apenas sab\u00edan (si sab\u00edan) manejar un arma. Y esperaba y anhelaba que ganaran.<\/p>\n<p>Despu\u00e9s, en 1983, me fui a vivir a La Plata y particip\u00e9 de sentadas y cacerolazos frente al rectorado; hechos cuyos motivos ni siquiera s\u00e9 si conoc\u00eda o recuerdo.\u00a0 Muchos de mis compa\u00f1eros de Letras eran viejos para m\u00ed por aquellos tiempos. Despu\u00e9s supe que hab\u00edan abandonado la universidad durante la dictadura, y que la hab\u00edan retomado con la vuelta de la democracia. Supe \u2013tambi\u00e9n- que en el comedor merodeaba \u201cel peruano\u201d, y que no hab\u00eda que relacionarse con \u00e9l porque \u201cera de la SIDE\u201d. Supe que la Facultad de Humanidades ten\u00eda la estructura de una c\u00e1rcel yanqui, que la hab\u00edan mandado a hacer los milicos, con todos esos pisos rodeados de barandas, con un patio central en la planta baja, para que nadie se escapara de ellos. A\u00fan as\u00ed, me gustaba por lo ca\u00f3tica y plagada de carteles, por el Centro de Estudiantes, por \u201cla jaula\u201d (la fotocopiadora en la que trabaj\u00e9 en mi \u00faltimo a\u00f1o de Letras y que nucleaba los apuntes de nueve carreras). Ah\u00ed conoc\u00ed a Leopoldo Brizuela, mi compa\u00f1ero y amigo, que militaba con las Madres de Plaza de Mayo. Escuch\u00e9 historias que me espantaron, como la de Pablo D\u00edaz, el hermano de Marisa, mi compa\u00f1era de facultad, que dar\u00eda origen a la pel\u00edcula \u201cLa noche de los l\u00e1pices\u201d, tan pasada y repasada en las escuelas (y tan cuestionada en su veracidad por quienes van m\u00e1s all\u00e1 del discurso oficial).<\/p>\n<p>Estudiar y recibirme fue lo primordial por esos a\u00f1os. \u00a0Militar y tambi\u00e9n ocuparme de \u00a0incentivar y perfeccionar mi escritura asistiendo a talleres literarios hubieran sido elementos distractores de mi objetivo: recibirme, venir a vivir a Saladillo, casarme, trabajar, tener hijos.<\/p>\n<p>La familia de mi madre era profundamente radical; a mi abuelo paterno, contaban, le hab\u00edan pintado el frente del chalet de Lomas por ser conservador, y \u2013como empleado bancario- estaba obligado a desfilar con un birrete cada 1\u00ba de Mayo. No se pod\u00eda hablar delante de la servidumbre porque el gobierno de Per\u00f3n se enteraba de todo. Mi abuela materna, maestra, ten\u00eda o tuvo (no s\u00e9 si lo hizo) que afiliarse al partido justicialista para poder trabajar. \u201cZapatillas s\u00ed, libros no\u201d. Los negros hac\u00edan asados con el parqu\u00e9 de las casas de los barrios obreros, que era como tirar margaritas a los chanchos. \u201cLa raz\u00f3n de mi vida\u201d, lectura repugnantemente obligatoria. \u201cEn tiempos de Lanuse est\u00e1bamos bien\u201d, dec\u00eda despu\u00e9s mi viejo, en relaci\u00f3n con el \u00a0campo.<\/p>\n<p>Y la vida transcurri\u00f3, con radio, con un televisor que se ve\u00eda de a ratos y en blanco y negro, sin diarios ni revistas, sin Internet, en la mansedumbre y la plenitud del campo.<\/p>\n<p>En cambio, la familia de mi novio era peronista. Y \u00e9l, tremendo horror para mis viejos, ten\u00eda barba (como los subversivos). Hab\u00eda un cuadro de Evita en el garaje, \u201cla abogada de los pobres\u201d; y cada 7 de Mayo mi suegra de entonces asist\u00eda al acto de homenaje en la plaza principal del pueblo. Hablaban bien de Hitler y mal de los jud\u00edos, algo nuevo para m\u00ed. Gente feliz, plena, solidaria, encantadora, que sigo eligiendo a pesar de estar separada del padre de mis hijos.<\/p>\n<p>Yo procuraba no decir, no aportar, no oponerme en cada conversaci\u00f3n sobre pol\u00edtica que surg\u00eda en las comidas y\u00a0 en los cumplea\u00f1os. Entend\u00eda que la verdad no es necesariamente aquello que nos dicen que es: ni los unos ni los otros. Y menos lo que leemos, porque puede venir de un lado o de otro. Tampoco lo que vivimos, porque depende de d\u00f3nde estamos para observar, padecer o disfrutar, evaluar, defender u oponernos.<\/p>\n<p>Y me cans\u00e9 de las veredas enfrentadas. A los 49 a\u00f1os entend\u00ed que no sirven para construir un pa\u00eds equitativo, democr\u00e1tico, progresista para todos, libre y sin corrupci\u00f3n. Harta de \u201cderecha e izquierda\u201d, \u201cde los K y los opositores\u201d, de \u201ciran\u00edes y jud\u00edos\u201d, de \u201cmedios que apoyan al gobierno vs Clar\u00edn, Magneto, TN, Mitre\u201d.\u00a0 Amigos y parejas separados, hijos, padres, hermanos que confrontan. En esto nos ha sumido la polarizaci\u00f3n ideol\u00f3gica.\u00a0 \u00bfQu\u00e9 no est\u00e1 pasando, que no somos capaces de ver lo bueno y lo malo de un lado y del otro, que no tenemos la inteligencia y la sensibilidad para entender que el pa\u00eds no es un \u201cBoca\/R\u00edver\u201d, no es un juego? La izquierda y la derecha son antinomias del pasado. Los extremos no sirven ni funcionan ni existen. Se puede ser capaz\/incapaz, corrupto\/honesto, eficiente\/in\u00fatil desde cualquier partido, frente o agrupaci\u00f3n.<\/p>\n<p>El absurdo est\u00e1 en creer que todo lo bueno est\u00e1 de un lado; y todo lo malo, del otro. Pero no hemos aprendido a verlo. No se puede defender lo indefendible ni atacar lo positivo. Todos tenemos aciertos y errores. Algo que parece tan obvio, hoy no lo es en Argentina. Lo vemos en el d\u00eda a d\u00eda, en el trabajo, en la familia, en la tv y en las redes sociales. Y parece ser que esto tambi\u00e9n ha contaminado a los partidos pol\u00edticos, centrados en opiniones, actos y actitudes detractores de los otros; pero carentes de propuestas superadoras y proyectos concretos e integrados que nos permitan visualizar el pa\u00eds que queremos. Siguen enga\u00f1\u00e1ndonos con m\u00e1scaras y con discursos aduladores.<\/p>\n<p>\u00bfCu\u00e1ndo empez\u00f3 todo esto? \u00bfQui\u00e9nes y c\u00f3mo lograron disociarnos de esta forma? \u00bfPor qu\u00e9? \u00bfPara qu\u00e9? \u00bfHasta cu\u00e1ndo vamos a permitirlo?<\/p>\n<p>Necesitamos una ciudadan\u00eda lo suficientemente inteligente como para dejar de jugar a este juego manique\u00edsta.<\/p>\n<p>De lo contrario, no hay partido pol\u00edtico ni hay sistema de gobierno que nos sirva.<\/p>\n<\/div>","protected":false},"excerpt":{"rendered":"<p>Polvaredas,\u00a0 ayer \u00a0y \u00a0hoy \u00a0Por Adalberto Ruben Bruno AYER Polvaredas contaba con\u2026 \u2026la mejor cl\u00ednica de un pueblo de la Pcia. Bs. As. \u2026m\u00e9dico y enfermeras\u00a0 permanentes a toda hora \u2026un camino excelente a Del Carril \u2026un equipo de futbol&hellip;<\/p>\n<p class=\"more-link-p\"><a class=\"more-link\" href=\"https:\/\/acasaladillo.com.ar\/?page_id=13219\">Read more &rarr;<\/a><\/p>\n","protected":false},"author":3,"featured_media":0,"parent":0,"menu_order":0,"comment_status":"closed","ping_status":"open","template":"","meta":{"_monsterinsights_skip_tracking":false,"footnotes":""},"class_list":["post-13219","page","type-page","status-publish","hentry"],"aioseo_notices":[],"_links":{"self":[{"href":"https:\/\/acasaladillo.com.ar\/index.php?rest_route=\/wp\/v2\/pages\/13219","targetHints":{"allow":["GET"]}}],"collection":[{"href":"https:\/\/acasaladillo.com.ar\/index.php?rest_route=\/wp\/v2\/pages"}],"about":[{"href":"https:\/\/acasaladillo.com.ar\/index.php?rest_route=\/wp\/v2\/types\/page"}],"author":[{"embeddable":true,"href":"https:\/\/acasaladillo.com.ar\/index.php?rest_route=\/wp\/v2\/users\/3"}],"replies":[{"embeddable":true,"href":"https:\/\/acasaladillo.com.ar\/index.php?rest_route=%2Fwp%2Fv2%2Fcomments&post=13219"}],"version-history":[{"count":12,"href":"https:\/\/acasaladillo.com.ar\/index.php?rest_route=\/wp\/v2\/pages\/13219\/revisions"}],"predecessor-version":[{"id":60598,"href":"https:\/\/acasaladillo.com.ar\/index.php?rest_route=\/wp\/v2\/pages\/13219\/revisions\/60598"}],"wp:attachment":[{"href":"https:\/\/acasaladillo.com.ar\/index.php?rest_route=%2Fwp%2Fv2%2Fmedia&parent=13219"}],"curies":[{"name":"wp","href":"https:\/\/api.w.org\/{rel}","templated":true}]}}